{"id":45502,"date":"2019-03-25T15:22:38","date_gmt":"2019-03-25T14:22:38","guid":{"rendered":"https:\/\/www.bombersdv.es\/comenex\/eventos-comenex\/iii-encuentro-nacional-de-trauma\/"},"modified":"2019-05-03T10:24:50","modified_gmt":"2019-05-03T08:24:50","slug":"iii-encuentro-nacional-de-trauma","status":"publish","type":"page","link":"https:\/\/www.bombersdv.es\/es\/comenex\/eventos-comenex-pasados\/iii-encuentro-nacional-de-trauma\/","title":{"rendered":"III Encuentro Nacional de Trauma"},"content":{"rendered":"<div class=\"fusion-fullwidth fullwidth-box fusion-builder-row-1 nonhundred-percent-fullwidth non-hundred-percent-height-scrolling\" style=\"--awb-border-radius-top-left:0px;--awb-border-radius-top-right:0px;--awb-border-radius-bottom-right:0px;--awb-border-radius-bottom-left:0px;--awb-flex-wrap:wrap;\" ><div class=\"fusion-builder-row fusion-row\"><div class=\"fusion-layout-column fusion_builder_column fusion-builder-column-0 fusion_builder_column_1_1 1_1 fusion-one-full fusion-column-first fusion-column-last\" style=\"--awb-bg-size:cover;\"><div class=\"fusion-column-wrapper fusion-flex-column-wrapper-legacy\"><div class=\"fusion-text fusion-text-1\"><h3 style=\"text-align: center;\"><strong><span class=\"breadcrumb-leaf\">III Encuentro Nacional de Trauma<\/span><\/strong><\/h3>\n<\/div><div class=\"fusion-section-separator section-separator clouds fusion-section-separator-1\" style=\"--awb-spacer-height:99px;--awb-svg-margin-left:0;--awb-svg-margin-right:0;--awb-divider-height:99px;--awb-spacer-padding-top:inherit;--awb-sep-padding:0;--awb-svg-padding:0;\"><div class=\"fusion-section-separator-svg\"><svg class=\"fusion-clouds-candy\" xmlns=\"http:\/\/www.w3.org\/2000\/svg\" version=\"1.1\" width=\"100%\" height=\"100\" viewBox=\"0 0 100 100\" preserveAspectRatio=\"none\" fill=\"rgba(246,246,246,1)\"><path d=\"M-5 100 Q 0 20 5 100 Z\"><\/path>\n\t\t\t\t\t\t\t\t<path d=\"M0 100 Q 5 0 10 100\"><\/path>\n\t\t\t\t\t\t\t\t<path d=\"M5 100 Q 10 30 15 100\"><\/path>\n\t\t\t\t\t\t\t\t<path d=\"M10 100 Q 15 10 20 100\"><\/path>\n\t\t\t\t\t\t\t\t<path d=\"M15 100 Q 20 30 25 100\"><\/path>\n\t\t\t\t\t\t\t\t<path d=\"M20 100 Q 25 -10 30 100\"><\/path>\n\t\t\t\t\t\t\t\t<path d=\"M25 100 Q 30 10 35 100\"><\/path>\n\t\t\t\t\t\t\t\t<path d=\"M30 100 Q 35 30 40 100\"><\/path>\n\t\t\t\t\t\t\t\t<path d=\"M35 100 Q 40 10 45 100\"><\/path>\n\t\t\t\t\t\t\t\t<path d=\"M40 100 Q 45 50 50 100\"><\/path>\n\t\t\t\t\t\t\t\t<path d=\"M45 100 Q 50 20 55 100\"><\/path>\n\t\t\t\t\t\t\t\t<path d=\"M50 100 Q 55 40 60 100\"><\/path>\n\t\t\t\t\t\t\t\t<path d=\"M55 100 Q 60 60 65 100\"><\/path>\n\t\t\t\t\t\t\t\t<path d=\"M60 100 Q 65 50 70 100\"><\/path>\n\t\t\t\t\t\t\t\t<path d=\"M65 100 Q 70 20 75 100\"><\/path>\n\t\t\t\t\t\t\t\t<path d=\"M70 100 Q 75 45 80 100\"><\/path>\n\t\t\t\t\t\t\t\t<path d=\"M75 100 Q 80 30 85 100\"><\/path>\n\t\t\t\t\t\t\t\t<path d=\"M80 100 Q 85 20 90 100\"><\/path>\n\t\t\t\t\t\t\t\t<path d=\"M85 100 Q 90 50 95 100\"><\/path>\n\t\t\t\t\t\t\t\t<path d=\"M90 100 Q 95 25 100 100\"><\/path>\n\t\t\t\t\t\t\t\t<path d=\"M95 100 Q 100 15 105 100 Z\"><\/path><\/svg><\/div><div class=\"fusion-section-separator-spacer\"><div class=\"fusion-section-separator-spacer-height\"><\/div><\/div><\/div><div class=\"fusion-tabs fusion-tabs-1 classic nav-is-justified horizontal-tabs icon-position-left mobile-mode-accordion\" style=\"--awb-title-border-radius-top-left:0px;--awb-title-border-radius-top-right:0px;--awb-title-border-radius-bottom-right:0px;--awb-title-border-radius-bottom-left:0px;--awb-inactive-color:#ebeaea;--awb-background-color:#ffffff;--awb-border-color:#ebeaea;--awb-active-border-color:#d32f13;\"><div class=\"nav\"><ul class=\"nav-tabs nav-justified\" role=\"tablist\"><li class=\"active\" role=\"presentation\"><a class=\"tab-link\" data-toggle=\"tab\" role=\"tab\" aria-controls=\"tab-0402665a19b16180dee\" aria-selected=\"true\" id=\"fusion-tab-introduccion\" href=\"#tab-0402665a19b16180dee\"><h4 class=\"fusion-tab-heading\"><i class=\"fontawesome-icon fa-align-justify fas\" aria-hidden=\"true\" style=\"font-size:13px;\"><\/i>Introduccion<\/h4><\/a><\/li><li role=\"presentation\"><a class=\"tab-link\" data-toggle=\"tab\" role=\"tab\" aria-controls=\"tab-50820054c018775fcef\" aria-selected=\"false\" tabindex=\"-1\" id=\"fusion-tab-inscripciones\" href=\"#tab-50820054c018775fcef\"><h4 class=\"fusion-tab-heading\"><i class=\"fontawesome-icon fa-file-alt far\" aria-hidden=\"true\" style=\"font-size:13px;\"><\/i>Inscripciones<\/h4><\/a><\/li><li role=\"presentation\"><a class=\"tab-link\" data-toggle=\"tab\" role=\"tab\" aria-controls=\"tab-c81656383247b129db2\" aria-selected=\"false\" tabindex=\"-1\" id=\"fusion-tab-alojamiento\" href=\"#tab-c81656383247b129db2\"><h4 class=\"fusion-tab-heading\"><i class=\"fontawesome-icon fa-school fas\" aria-hidden=\"true\" style=\"font-size:13px;\"><\/i>Alojamiento<\/h4><\/a><\/li><li role=\"presentation\"><a class=\"tab-link\" data-toggle=\"tab\" role=\"tab\" aria-controls=\"tab-d83192afa9da05177b2\" aria-selected=\"false\" tabindex=\"-1\" id=\"fusion-tab-cronograma\" href=\"#tab-d83192afa9da05177b2\"><h4 class=\"fusion-tab-heading\"><i class=\"fontawesome-icon fa-clock far\" aria-hidden=\"true\" style=\"font-size:13px;\"><\/i>Cronograma<\/h4><\/a><\/li><li role=\"presentation\"><a class=\"tab-link\" data-toggle=\"tab\" role=\"tab\" aria-controls=\"tab-7c454ed6c93f651a378\" aria-selected=\"false\" tabindex=\"-1\" id=\"fusion-tab-reglamento\" href=\"#tab-7c454ed6c93f651a378\"><h4 class=\"fusion-tab-heading\"><i class=\"fontawesome-icon fa-list-alt far\" aria-hidden=\"true\" style=\"font-size:13px;\"><\/i>Reglamento<\/h4><\/a><\/li><li role=\"presentation\"><a class=\"tab-link\" data-toggle=\"tab\" role=\"tab\" aria-controls=\"tab-415e08d7e21cd878cf8\" aria-selected=\"false\" tabindex=\"-1\" id=\"fusion-tab-reglamento:material\" href=\"#tab-415e08d7e21cd878cf8\"><h4 class=\"fusion-tab-heading\"><i class=\"fontawesome-icon fa-pencil-ruler fas\" aria-hidden=\"true\" style=\"font-size:13px;\"><\/i>Reglamento: Material<\/h4><\/a><\/li><li role=\"presentation\"><a class=\"tab-link\" data-toggle=\"tab\" role=\"tab\" aria-controls=\"tab-43eca2c70a8355dcfe5\" aria-selected=\"false\" tabindex=\"-1\" id=\"fusion-tab-orientacionm\u00e9dica-valoraciontrauma\" href=\"#tab-43eca2c70a8355dcfe5\"><h4 class=\"fusion-tab-heading\"><i class=\"fontawesome-icon fa-plus-circle fas\" aria-hidden=\"true\" style=\"font-size:13px;\"><\/i>Orientacion M\u00e9dica - Valoracion Trauma<\/h4><\/a><\/li><\/ul><\/div><div class=\"tab-content\"><div class=\"nav fusion-mobile-tab-nav\"><ul class=\"nav-tabs nav-justified\" role=\"tablist\"><li class=\"active\" role=\"presentation\"><a class=\"tab-link\" data-toggle=\"tab\" role=\"tab\" aria-controls=\"tab-0402665a19b16180dee\" aria-selected=\"true\" id=\"mobile-fusion-tab-introduccion\" href=\"#tab-0402665a19b16180dee\"><h4 class=\"fusion-tab-heading\"><i class=\"fontawesome-icon fa-align-justify fas\" aria-hidden=\"true\" style=\"font-size:13px;\"><\/i>Introduccion<\/h4><\/a><\/li><\/ul><\/div><div class=\"tab-pane fade fusion-clearfix in active\" role=\"tabpanel\" tabindex=\"0\" aria-labelledby=\"fusion-tab-introduccion\" id=\"tab-0402665a19b16180dee\">\n<hr \/>\n<ul>\n<li>El III Encuentro Nacional de Trauma tendr\u00e1 lugar en las instalaciones de las Universitat de Val\u00e8ncia, concretamente en el parking Ram\u00f3n Llull, situado en el Campus dels Tarongers, Av. dels Tarongers, 4, 46022 Val\u00e8ncia. La Inauguraci\u00f3n y la clausura aun esta por determinar, la hora y lugar se informar\u00e1 a trav\u00e9s de la web de\u00a0 APRAT como en redes sociales. La Reuni\u00f3n de mandos y sanitarios tendr\u00e1 lugar en el Aulario de la Universidad el d\u00eda 8 de mayo (08:30 a 10:00).<\/li>\n<\/ul>\n<p><img decoding=\"async\" class=\"size-full wp-image-45437 aligncenter\" src=\"https:\/\/www.bombersdv.es\/wp-content\/uploads\/2019\/03\/localizacion-1.png\" alt=\"\" width=\"636\" height=\"331\" srcset=\"https:\/\/www.bombersdv.es\/wp-content\/uploads\/2019\/03\/localizacion-1-200x104.png 200w, https:\/\/www.bombersdv.es\/wp-content\/uploads\/2019\/03\/localizacion-1-300x156.png 300w, https:\/\/www.bombersdv.es\/wp-content\/uploads\/2019\/03\/localizacion-1-400x208.png 400w, https:\/\/www.bombersdv.es\/wp-content\/uploads\/2019\/03\/localizacion-1-600x312.png 600w, https:\/\/www.bombersdv.es\/wp-content\/uploads\/2019\/03\/localizacion-1.png 636w\" sizes=\"(max-width: 636px) 100vw, 636px\" \/><\/p>\n<\/div><div class=\"nav fusion-mobile-tab-nav\"><ul class=\"nav-tabs nav-justified\" role=\"tablist\"><li role=\"presentation\"><a class=\"tab-link\" data-toggle=\"tab\" role=\"tab\" aria-controls=\"tab-50820054c018775fcef\" aria-selected=\"false\" tabindex=\"-1\" id=\"mobile-fusion-tab-inscripciones\" href=\"#tab-50820054c018775fcef\"><h4 class=\"fusion-tab-heading\"><i class=\"fontawesome-icon fa-file-alt far\" aria-hidden=\"true\" style=\"font-size:13px;\"><\/i>Inscripciones<\/h4><\/a><\/li><\/ul><\/div><div class=\"tab-pane fade fusion-clearfix\" role=\"tabpanel\" tabindex=\"0\" aria-labelledby=\"fusion-tab-inscripciones\" id=\"tab-50820054c018775fcef\">\n<hr \/>\n<ul>\n<li><strong>Fechas:<\/strong><br \/>\nEste evento se desarrollar\u00e1 entre los d\u00edas 8, 9 y 10 de mayo de 2019.<\/li>\n<li><strong>Periodo de preinscripci\u00f3n e inscripci\u00f3n:<\/strong><br \/>\nLa fecha l\u00edmite de preinscripci\u00f3n al III Encuentro Nacional de Trauma ser\u00e1, del 1 al 17 de abril de 2019. En caso de que el n\u00famero de equipos preinscritos supere los 20, se priorizar\u00e1 en primer lugar a los equipos de los servicios asociados a APRAT. Para preinscribirse, los equipos deben rellenar los formularios destinados a tal efecto, y que se pueden encontrar en la web de <a href=\"http:\/\/www.aprat.es\">APRAT<\/a>. Se trata de un formulario on-line donde una vez realizado recibir\u00e1 la notificaci\u00f3n de PRE-inscrito.<\/li>\n<li><strong>Confirmaci\u00f3n de la inscripci\u00f3n:<\/strong><br \/>\nUna vez analizado el plazo de preinscripci\u00f3n, desde APRAT nos pondremos en contacto con cada uno de los equipos para formalizar la inscripci\u00f3n. La lista de seleccionados se har\u00e1 p\u00fablica en <a href=\"http:\/\/www.aprat.es\">www.aprat.es<\/a>. A partir de ese momento los equipos deber\u00e1n realizar el pago de la inscripci\u00f3n a la cuenta que se les facilitar\u00e1. La cuota de participaci\u00f3n por cada equipo ser\u00e1 de 20\u20ac para los equipos socios de APRAT, para los no socios 50\u20ac. Adem\u00e1s, deber\u00e1n<br \/>\naportar:<\/p>\n<ul>\n<li>1- Reconocimiento de pertenencia a un servicio o ser estudiante.<\/li>\n<li>2- Hoja de responsabilidad \u201cseguro\u201d.<\/li>\n<li>3- Hoja de autorizaci\u00f3n para el uso de im\u00e1genes con car\u00e1cter formativo. La cuota de inscripci\u00f3n incluye los gastos de participaci\u00f3n en el encuentro, la asistencia a la ceremonia y de clausura y entrega de detalles a los miembros del equipo. Para cualquier informaci\u00f3n adicional, poneros en contacto con el Responsable de Relaciones Externas, Pepe Ortiz Email: inscripcionestrauma@aprat.es<\/li>\n<\/ul>\n<\/li>\n<li><strong>CARACTER\u00cdSTICAS GENERALES DEL III ENCUENTRO NACIONAL DE TRAUMA<\/strong>\n<ul>\n<li>20 equipos participantes<\/li>\n<li>L\u00ednea no clasificatoria .<\/li>\n<li>1 escenarios de trabajo .<\/li>\n<li>2 componentes por equipo<\/li>\n<li>Una \u00fanica prueba de 10 minutos<\/li>\n<li>Material b\u00e1sico sanitario igual para todos los participantes<\/li>\n<li>Actuaci\u00f3n sanitaria ante cualquier situaci\u00f3n de asistencia inicial.<\/li>\n<li>Politraumatizados diversos y en cualquier tipo de ambiente (monta\u00f1a,<br \/>\nacu\u00e1tico, laborales&#8230;), aplastamientos, amputaciones, accidentes de moto<br \/>\ny bicicleta&#8230;<\/li>\n<li>Basados en la normativa WRO Trauma. Gu\u00edas de valoraci\u00f3n establecidas<\/li>\n<li>Equipos compuestos solo por bomberos, mixtos (bomberos m\u00e1s personal<br \/>\nexterno), externos (TTS, DUE y M\u00e9dicos) y estudiantes de Ciencias de la<br \/>\nSalud<\/li>\n<\/ul>\n<\/li>\n<\/ul>\n<\/div><div class=\"nav fusion-mobile-tab-nav\"><ul class=\"nav-tabs nav-justified\" role=\"tablist\"><li role=\"presentation\"><a class=\"tab-link\" data-toggle=\"tab\" role=\"tab\" aria-controls=\"tab-c81656383247b129db2\" aria-selected=\"false\" tabindex=\"-1\" id=\"mobile-fusion-tab-alojamiento\" href=\"#tab-c81656383247b129db2\"><h4 class=\"fusion-tab-heading\"><i class=\"fontawesome-icon fa-school fas\" aria-hidden=\"true\" style=\"font-size:13px;\"><\/i>Alojamiento<\/h4><\/a><\/li><\/ul><\/div><div class=\"tab-pane fade fusion-clearfix\" role=\"tabpanel\" tabindex=\"0\" aria-labelledby=\"fusion-tab-alojamiento\" id=\"tab-c81656383247b129db2\">\n<hr \/>\n<p><strong>Hotel Oficial de la Organizaci\u00f3n: Hotel Olympia ( Alboraya)<\/strong><\/p>\n<table style=\"border-collapse: collapse; width: 100%;\" border=\"1\">\n<tbody>\n<tr>\n<td style=\"width: 50%;\">Precio por persona en habitaci\u00f3n Doble en alojamiento y desayuno<\/td>\n<td style=\"width: 50%; text-align: center;\">36\u20ac<\/td>\n<\/tr>\n<tr>\n<td style=\"width: 50%;\">Precio por persona en habitaci\u00f3n Doble media pensi\u00f3n<\/td>\n<td style=\"width: 50%; text-align: center;\">47\u20ac<\/td>\n<\/tr>\n<tr>\n<td style=\"width: 50%;\">Precio por persona en habitaci\u00f3n doble en pensi\u00f3n completa<\/td>\n<td style=\"width: 50%; text-align: center;\">58\u20ac<\/td>\n<\/tr>\n<tr>\n<td style=\"width: 50%;\">Suplemento de habitaci\u00f3n doble uso individual<\/td>\n<td style=\"width: 50%; text-align: center;\">28\u20ac<\/td>\n<\/tr>\n<\/tbody>\n<\/table>\n<p><strong>Condiciones de reserva:<\/strong><\/p>\n<ul>\n<li>IVA incluido.<\/li>\n<li>Precio por persona y noche.<\/li>\n<li>Pensiones tipo buffet libre, en el restaurante al ser un n\u00famero importante de personas habr\u00e1 que hacer turnos de comida y\/o cena. En caso de quer\u00e1is comer y cenar todos juntos el precio ser\u00eda de 23\u20ac por persona y servicio (IVA incluido).<\/li>\n<li>Bebidas incluidas: agua y vino de la casa ( 1 botella cada 4 personas).<\/li>\n<li>Horarios generales de restauraci\u00f3n: Desayuno (07:00 a 10:30), Almuerzo ( 13:00 a 16:00) y cenas ( 20:00 a 23:00). Nota: los servicios de restauraci\u00f3n fuera del horario establecido estar\u00e1n siempre sujetos a disponibilidad y suplemento correspondientes.<\/li>\n<li>Proceso de reserva de hotel:<br \/>\nPara realizar la reserva de los participantes, asistentes y\/o acompa\u00f1antes, el proceso<br \/>\nes el siguiente:<\/p>\n<ul>\n<li>1.- Acceder a la web <a href=\"http:\/\/www.olympiahotelvalencia.com\">www.olympiahotelvalencia.com<\/a>.<\/li>\n<li>2.- Seleccionar fecha de entrada y n\u00famero de noches.<\/li>\n<li>3.- Introducir c\u00f3digo promocional en la casilla \u201c Promo\u201d \/ \u201c BOMBEROS\u201d<\/li>\n<li>4.- Elegir tipo de habitaci\u00f3n y a\u00f1adir al carrito.<\/li>\n<li>5.- Seguir las instrucciones para formalizar la reserva.<\/li>\n<\/ul>\n<\/li>\n<\/ul>\n<p style=\"text-align: center;\">Para cualquier duda de gesti\u00f3n adicional como facturaci\u00f3n llamar a:<br \/>\nRosa Garc\u00eda Vivo ( Comercial grupo) Tel\u00e9fono: +34 96 303 33 92<\/p>\n<\/div><div class=\"nav fusion-mobile-tab-nav\"><ul class=\"nav-tabs nav-justified\" role=\"tablist\"><li role=\"presentation\"><a class=\"tab-link\" data-toggle=\"tab\" role=\"tab\" aria-controls=\"tab-d83192afa9da05177b2\" aria-selected=\"false\" tabindex=\"-1\" id=\"mobile-fusion-tab-cronograma\" href=\"#tab-d83192afa9da05177b2\"><h4 class=\"fusion-tab-heading\"><i class=\"fontawesome-icon fa-clock far\" aria-hidden=\"true\" style=\"font-size:13px;\"><\/i>Cronograma<\/h4><\/a><\/li><\/ul><\/div><div class=\"tab-pane fade fusion-clearfix\" role=\"tabpanel\" tabindex=\"0\" aria-labelledby=\"fusion-tab-cronograma\" id=\"tab-d83192afa9da05177b2\">\n<table style=\"border-collapse: collapse; width: 100%;\" border=\"1\">\n<tbody>\n<tr>\n<td style=\"width: 20%; text-align: center; background-color: #cccccc;\"><strong>Fecha<\/strong><\/td>\n<td style=\"width: 20%; text-align: center; background-color: #cccccc;\"><strong>Actividad<\/strong><\/td>\n<td style=\"width: 20%; text-align: center; background-color: #cccccc;\"><strong>Zona<\/strong><\/td>\n<td style=\"width: 20%; text-align: center; background-color: #cccccc;\"><strong>Lugar<\/strong><\/td>\n<td style=\"width: 20%; text-align: center; background-color: #cccccc;\"><strong>Horario<\/strong><\/td>\n<\/tr>\n<tr>\n<td style=\"width: 20%; text-align: center;\">07\/05\/19<\/td>\n<td style=\"width: 20%;\">Acreditaci\u00f3n<\/td>\n<td style=\"width: 20%;\">Universidad de Valencia<\/td>\n<td style=\"width: 20%;\">Zona Maniobras<\/td>\n<td style=\"width: 20%;\">19:00 &#8211; 20:30<\/td>\n<\/tr>\n<tr>\n<td style=\"width: 20%; text-align: center;\" rowspan=\"4\">08\/05\/19<\/td>\n<td style=\"width: 20%;\">Reuni\u00f3n Mandos\/Sanitarios<\/td>\n<td style=\"width: 20%;\">Universidad de Valencia<\/td>\n<td style=\"width: 20%;\">Aulario Universidad<\/td>\n<td style=\"width: 20%;\">08:30 &#8211; 10:00<\/td>\n<\/tr>\n<tr>\n<td style=\"width: 20%;\">Jornadas T\u00e9cnicas<br \/>\n(<a href=\"https:\/\/www.bombersdv.es\/wp-content\/uploads\/2019\/05\/2019_05-jornadas_tecnicas-Ponencias.pdf\">Ver PDF Ponencias<\/a>)<\/td>\n<td style=\"width: 20%;\">Universidad de Valencia<\/td>\n<td style=\"width: 20%;\">Aulario Norte<br \/>\nAula 101 &#8211; Campus Tarongers<\/td>\n<td style=\"width: 20%;\">10:30 &#8211; 13:30<\/td>\n<\/tr>\n<tr>\n<td style=\"width: 20%;\">Maniobras ENRAT<\/td>\n<td style=\"width: 20%;\">Universidad de Valencia<\/td>\n<td style=\"width: 20%;\">Zona Maniobras<\/td>\n<td style=\"width: 20%;\">15:00 &#8211; 18:00<\/td>\n<\/tr>\n<tr>\n<td style=\"width: 20%;\">Acto Inaugural<\/td>\n<td style=\"width: 20%;\"><\/td>\n<td style=\"width: 20%;\"> Jard\u00edn Bot\u00e1nico de Valencia<br \/>\n<a href=\"http:\/\/goo.gl\/maps\/8DiRuCSAVsQiheEZ6\" target=\"_blank\" rel=\"noopener\"> (Ver en Google Maps)<\/a><\/td>\n<td style=\"width: 20%;\">21:00<\/td>\n<\/tr>\n<tr>\n<td style=\"width: 20%; text-align: center;\">09\/05\/19<\/td>\n<td style=\"width: 20%;\">Maniobras ENRAT<\/td>\n<td style=\"width: 20%;\">Universidad de Valencia<\/td>\n<td style=\"width: 20%;\">Zona Maniobras<\/td>\n<td style=\"width: 20%;\">09:00 &#8211; 14:00 \/\/ 15:00 &#8211; 18:00<\/td>\n<\/tr>\n<tr>\n<td style=\"width: 20%; text-align: center;\" rowspan=\"2\">10\/05\/19<\/td>\n<td style=\"width: 20%;\">Maniobras ENRAT<\/td>\n<td style=\"width: 20%;\">Universidad de Valencia<\/td>\n<td style=\"width: 20%;\">Zona Maniobras<\/td>\n<td style=\"width: 20%;\">09:00 &#8211; 14:00 \/\/ 15:00 &#8211; 18:00<\/td>\n<\/tr>\n<tr>\n<td style=\"width: 20%;\">Acto Clausura y presentaci\u00f3n Manual de Rescate<\/td>\n<td style=\"width: 20%;\"><\/td>\n<td style=\"width: 20%;\">La Benefici\u00e8ncia Valencia<br \/>\n<a href=\"http:\/\/goo.gl\/maps\/cBzhZQAgnpYobqjFA\" target=\"_blank\" rel=\"noopener\">(Ver en Google Maps<\/a>)<\/td>\n<td style=\"width: 20%;\">21:00<\/td>\n<\/tr>\n<\/tbody>\n<\/table>\n<hr \/>\n<p><a href=\"https:\/\/www.bombersdv.es\/wp-content\/uploads\/2019\/05\/2019_05-HORARIOS-EQUIPOS-TRAUMA.png\"><img decoding=\"async\" class=\"aligncenter wp-image-46050 size-800\" src=\"https:\/\/www.bombersdv.es\/wp-content\/uploads\/2019\/05\/2019_05-HORARIOS-EQUIPOS-TRAUMA-800x387.png\" alt=\"\" width=\"800\" height=\"387\" srcset=\"https:\/\/www.bombersdv.es\/wp-content\/uploads\/2019\/05\/2019_05-HORARIOS-EQUIPOS-TRAUMA-200x97.png 200w, https:\/\/www.bombersdv.es\/wp-content\/uploads\/2019\/05\/2019_05-HORARIOS-EQUIPOS-TRAUMA-300x145.png 300w, https:\/\/www.bombersdv.es\/wp-content\/uploads\/2019\/05\/2019_05-HORARIOS-EQUIPOS-TRAUMA-400x194.png 400w, https:\/\/www.bombersdv.es\/wp-content\/uploads\/2019\/05\/2019_05-HORARIOS-EQUIPOS-TRAUMA-600x290.png 600w, https:\/\/www.bombersdv.es\/wp-content\/uploads\/2019\/05\/2019_05-HORARIOS-EQUIPOS-TRAUMA-768x372.png 768w, https:\/\/www.bombersdv.es\/wp-content\/uploads\/2019\/05\/2019_05-HORARIOS-EQUIPOS-TRAUMA-800x387.png 800w, https:\/\/www.bombersdv.es\/wp-content\/uploads\/2019\/05\/2019_05-HORARIOS-EQUIPOS-TRAUMA-1024x496.png 1024w, https:\/\/www.bombersdv.es\/wp-content\/uploads\/2019\/05\/2019_05-HORARIOS-EQUIPOS-TRAUMA-1200x581.png 1200w, https:\/\/www.bombersdv.es\/wp-content\/uploads\/2019\/05\/2019_05-HORARIOS-EQUIPOS-TRAUMA.png 1752w\" sizes=\"(max-width: 800px) 100vw, 800px\" \/><\/a><\/div><div class=\"nav fusion-mobile-tab-nav\"><ul class=\"nav-tabs nav-justified\" role=\"tablist\"><li role=\"presentation\"><a class=\"tab-link\" data-toggle=\"tab\" role=\"tab\" aria-controls=\"tab-7c454ed6c93f651a378\" aria-selected=\"false\" tabindex=\"-1\" id=\"mobile-fusion-tab-reglamento\" href=\"#tab-7c454ed6c93f651a378\"><h4 class=\"fusion-tab-heading\"><i class=\"fontawesome-icon fa-list-alt far\" aria-hidden=\"true\" style=\"font-size:13px;\"><\/i>Reglamento<\/h4><\/a><\/li><\/ul><\/div><div class=\"tab-pane fade fusion-clearfix\" role=\"tabpanel\" tabindex=\"0\" aria-labelledby=\"fusion-tab-reglamento\" id=\"tab-7c454ed6c93f651a378\">\n<hr \/>\n<ul>\n<li><strong>INTRODUCCION<\/strong><br \/>\nLas diferentes situaciones que asumen los profesionales de las emergencias, relacionadas con la evaluaci\u00f3n y asistencia inicial al trauma, exigen un alto nivel de especializaci\u00f3n. El principal objetivo del encuentro es desarrollar y potenciar los conocimientos y habilidades del personal participante, intentando generar situaciones donde puedan aplicar los procedimientos m\u00e1s actualizados de soporte vital al Trauma. La duraci\u00f3n del encuentro ser\u00e1 de 3 d\u00edas, donde los equipos participantes deber\u00e1n mostrar sus habilidades durante una \u00fanica prueba, adem\u00e1s de poder disfrutar de actos formativos.<\/li>\n<li><strong>OBJETIVOS<br \/>\n<\/strong>El Encuentro Nacional de Trauma pretende establecer una plataforma que proporcione la oportunidad de formaci\u00f3n, actualizaci\u00f3n y desarrollo profesional, que mejore la\u00a0 calidad asistencial en los distintos servicios de emergencias. Como principales premisas, contempla:<\/p>\n<ul>\n<li>Facilitar un medio donde mostrar t\u00e9cnicas y habilidades, a trav\u00e9s de escenarios simulados sobre accidentes de tr\u00e1fico, laborales, deportivos o dom\u00e9sticos.<\/li>\n<li>Plantear y poner en com\u00fan, principios y t\u00e9cnicas de la asistencia inicial al trauma.<\/li>\n<li>Conseguir respuestas m\u00e1s eficientes en la asistencia inicial pre-hospitalaria.<\/li>\n<li>Potenciar entre los equipos, una actitud de seguridad como parte fundamental.<\/li>\n<li>Exponer sesiones formativas que sirvan de actualizaci\u00f3n<\/li>\n<\/ul>\n<\/li>\n<li><strong>C\u00d3DIGO DE CONDUCTA<\/strong><br \/>\nLa participaci\u00f3n en el encuentro implica un comportamiento profesional, adecuado a las exigencias y de respeto hacia la Organizaci\u00f3n y personal involucrado. Prevalecer\u00e1 en todo momento, el cuidado a la intimidad de las personas que act\u00faan en las pruebas. No se tolerar\u00e1n acciones inadecuadas.<\/li>\n<li><strong>EQUIPOS<\/strong>\n<ul>\n<li>Los equipos estar\u00e1n formados por 2 miembros, con cuatro combinaciones posibles:\n<ul>\n<li>1. Bomberos: conjunto formado por 2 bomberos.<\/li>\n<li>2. Mixtos: conjunto formado por 1 bombero y 1 sanitario.<\/li>\n<li>3. Externos: conjunto formado por 2 TES, DUE o m\u00e9dicos.<\/li>\n<li>4. Estudiantes de la rama de ciencias de la salud.<\/li>\n<\/ul>\n<\/li>\n<li><strong><em>Requisitos:<\/em><\/strong>\n<ul>\n<li>Los equipos participantes deber\u00e1n justificar ser miembros de servicios de rescate, servicios sanitarios, estudiantes de ciencias de la salud o de emergencias.<\/li>\n<li>Deber\u00e1n ser mayores de edad.<\/li>\n<li>Ning\u00fan equipo podr\u00e1 participar sin la autorizaci\u00f3n de la organizaci\u00f3n.<\/li>\n<li>Los participantes se corresponder\u00e1n con el registro de la inscripci\u00f3n, y no podr\u00e1n ser modificados, salvo causa justificable (enfermedad, lesi\u00f3n&#8230; etc), aprobada por la organizaci\u00f3n.<\/li>\n<li>Los participantes de cada equipo podr\u00e1n pertenecer de forma indiferente a distinta categor\u00eda o profesi\u00f3n.<\/li>\n<li>Cada equipo estar\u00e1 formado por dos miembros. Uno de ellos tendr\u00e1 la gura de l\u00edder.<\/li>\n<li>Los miembros de cada equipo son responsables, y est\u00e1n obligados a portar adecuada- mente el Equipo de Protecci\u00f3n Individual. El m\u00ednimo de elementos EPI considerados son:<\/li>\n<\/ul>\n<\/li>\n<li><strong><em>Uniforme con protecci\u00f3n integral.<\/em><\/strong>\n<ul>\n<li>Casco.<\/li>\n<li>Protecci\u00f3n ocular.<\/li>\n<li>Protecci\u00f3n respiratoria.<\/li>\n<li>Guantes de exploraci\u00f3n, guantes anticorte.<\/li>\n<li>Calzado de seguridad.<\/li>\n<\/ul>\n<\/li>\n<\/ul>\n<\/li>\n<\/ul>\n<p style=\"text-align: center;\">Los participantes deber\u00e1n presentarse en la zona de Registro de Equipos 60 minutos antes de su prueba.<br \/>\nSi un equipo no se presenta en tiempo, la organizaci\u00f3n podr\u00e1 designar a otro equipo.<\/p>\n<ul>\n<li><strong>PRUEBA<\/strong><br \/>\nEl Encuentro Nacional establece una Maniobra Compleja, representando escenarios simulados de accidentes de tr\u00e1fico, deportivos, laborales, dom\u00e9sticos&#8230; etc. Durante la fase de Confinamiento, el equipo recibir\u00e1 informaci\u00f3n limitada que describa de forma somera el incidente que tendr\u00e1 lugar en el escenario; con el objetivo que puedan realizar una composici\u00f3n previa que les sirva para planificar y establecer sus estrategias de trabajo.<\/p>\n<ul>\n<li>Se trata de una Maniobra Compleja con dos v\u00edctimas:\n<ul>\n<li>La duraci\u00f3n total ser\u00e1 de 10 minutos.<\/li>\n<li>Disponen de 9 minutos para valoraci\u00f3n y tratamiento, y 1 minuto para el traspaso de informaci\u00f3n al asesor. El equipo ser\u00e1 responsable de controlar<br \/>\nel \u00faltimo minuto para pasar la informaci\u00f3n al juez.<\/li>\n<li>Durante la prueba, el equipo dispone del apoyo de dos personas externas claramente identificadas, que estar\u00e1n presentes en el escenario.<\/li>\n<li>La prueba analiza cuando la prueba llegue a 10 minutos, y se indique con una se\u00f1al ac\u00fastica prolongada.<\/li>\n<\/ul>\n<\/li>\n<li>Causas para detener una prueba:\n<ul>\n<li>Conducta inapropiada. Posibilidad de anular prueba.<\/li>\n<li>Previsi\u00f3n de riesgo o da\u00f1o no controlado. Se para el tiempo hasta su soluci\u00f3n. Una vez resuelto se activa el tiempo.<\/li>\n<\/ul>\n<\/li>\n<\/ul>\n<\/li>\n<li><strong>SIMULACI\u00d3N Y CARACTERIZACI\u00d3N:<\/strong>\n<ul>\n<li>Las indicaciones por parte de la v\u00edctima con las palabras \u201cES REAL\u201d, se considera da\u00f1o o riesgo real, y es indicativo de parada inmediata de la maniobra.<\/li>\n<li>Las v\u00edctimas caracterizadas presentaran heridas o lesiones de diferente gravedad que simulan situaciones reales.<\/li>\n<li>La obtenci\u00f3n de datos referidos al estado de gravedad y evoluci\u00f3n de las constantes vitales se pueden conseguir bajo la observaci\u00f3n de la v\u00edctima o solicitados al juez\/asesor cuando el equipo lo estime, siempre y cuando se realicen las maniobras correspondientes acordes a la pregunta. En caso de no realizar la t\u00e9cnica, no recibir\u00e1n la informaci\u00f3n correspondiente<\/li>\n<li>La v\u00edctima puede simular una Parada cardiorespiratoria que indicar\u00e1 el juez\/asesor, y que supone realizar las maniobras correspondientes en el maniqu\u00ed dispuesto para ello.<\/li>\n<li>Las v\u00edctimas disponen de una vestimenta que no podr\u00e1 ser retirada, ni cortada que corresponde a la malla\/pantal\u00f3n corto de color negro, m\u00e1s el top de color negro en las mujeres.<\/li>\n<\/ul>\n<\/li>\n<li><strong>INFORMACI\u00d3N ADICIONAL<\/strong>\n<ul>\n<li>Los equipos recibir\u00e1n el horario tan pronto como sea posible.<\/li>\n<li>Cualquier conflicto o problema deber\u00e1 ser comunicado a la organizaci\u00f3n para su inmediata resoluci\u00f3n.<\/li>\n<li>Acciones previas a la prueba, seg\u00fan horario establecido\n<ul>\n<li>Confirmar equipo en la Zona de Registro.<\/li>\n<li>\u00c1rea de Confinamiento por un per\u00edodo determinado (por lo menos 15 minutos) para evitar fugas de informaci\u00f3n sobre el escenario previsto. Este tiempo ser\u00e1 suficiente para comprobar el Kit de Trauma disponible.<\/li>\n<li>Ejecuci\u00f3n de la prueba (10 minutos, incluyendo 1 minuto para la transferencia al juez asesor).<\/li>\n<li>Reuni\u00f3n Informativa \u201cDebriefing\u201d (10 minutos)<\/li>\n<\/ul>\n<\/li>\n<\/ul>\n<\/li>\n<li><strong>MATERIAL Y RECURSOS<\/strong>\n<ul>\n<li>La Organizaci\u00f3n establece el material sanita- rio disponible para la prueba.<\/li>\n<li>El Anexo I describe el listado material.<\/li>\n<li>Los equipos que deseen a\u00f1adir elementos personales adem\u00e1s de los enumerados en el anexo, deben solicitar permiso a la organizaci\u00f3n durante la inscripci\u00f3n.<\/li>\n<li>El material externo ser\u00e1 presentado previa- mente, para ser valorado por la Organizaci\u00f3n. Si fuera aceptado, tambi\u00e9n se pondr\u00e1 a disposici\u00f3n del resto de equipos.<\/li>\n<li>Los equipos deber\u00e1n revisar el material y dispositivos durante su tiempo de confinamiento.<\/li>\n<li>El equipo es el responsable final de la revisi\u00f3n y reposici\u00f3n de la mochila deber\u00e1 avisar la falta de alg\u00fan material disponible seg\u00fan el anexo.<\/li>\n<li>Algunos elementos o recursos necesarios para la prueba no sanitarios, podr\u00e1n encontrarse en la zona del escenario contemplada para ello.<\/li>\n<\/ul>\n<\/li>\n<li><strong>VALORACI\u00d3N<\/strong>.\n<ul>\n<li>Los equipos ser\u00e1n evaluados y seg\u00fan las gu\u00edas de trauma de la \u201cWorld Rescue Organisation (WRO)\u201d acordes a los procedimientos internacionales de soporte vital al trauma m\u00e1s actualizados. Los Asesores son profesionales avalados por la WRO.<\/li>\n<li>Los puntos valorados se centran en:\n<ul>\n<li>Seguridad de la escena<\/li>\n<li>Contacto inicial<\/li>\n<li>Valoraci\u00f3n de las lesiones<\/li>\n<li>Tratamiento de la v\u00edctima<\/li>\n<li>Control y uso de material sanitario, dispositivos.<\/li>\n<li>Traspaso del Paciente<\/li>\n<\/ul>\n<\/li>\n<li>Inmediatamente despu\u00e9s de la prueba, cada equipo recibir\u00e1 una sesi\u00f3n informativa sobre la actuaci\u00f3n realizada.<\/li>\n<li>La decisi\u00f3n de los evaluadores es definitiva. Se solicita a todos los participantes que respeten esa decisi\u00f3n.<\/li>\n<li>El trato a la v\u00edctima ser\u00e1 siempre de extremado control y cuidado.<\/li>\n<li>Prevalecer\u00e1 la seguridad y respeto a la intimidad sobre las v\u00edctimas.<\/li>\n<li>El juicio de las v\u00edctimas es considerado parte de la evaluaci\u00f3n y puntuaci\u00f3n general.<\/li>\n<\/ul>\n<\/li>\n<li><strong>CAUSAS DE DESCALIFICACI\u00d3N<\/strong>\n<ul>\n<li>No estar equipado con el EPI m\u00ednimo indicado.<\/li>\n<li>No cumplir alguna de las reglas del encuentro.<\/li>\n<li>Acciones inapropiadas<\/li>\n<li>No presentarse en zona de registro a la hora establecida.<\/li>\n<li>Suplantar identidad de personas inscritas.<\/li>\n<li>Uso de equipo personal no confirmado por la organizaci\u00f3n.<\/li>\n<\/ul>\n<\/li>\n<li><strong>SEGURO<\/strong><br \/>\n&#8211; El Seguro para la protecci\u00f3n de cada miembro del equipo ser\u00e1 responsabilidad exclusiva de los propios participantes al evento.<br \/>\n&#8211; Ser\u00e1 indispensable presentar justificante del seguro.<\/li>\n<li><strong>PARTICIPACI\u00d3N EN EL WRCHALLENGE TRAUMA<\/strong><br \/>\nLA LINEA NO CLASIFICATORIA propuesta para \u00e9sta primera edici\u00f3n, no permite un orden de clasificaci\u00f3n en las actuaciones. Por ese motivo y dado que la WRO solicita equipos de APRAT TRAUMA, se realizar\u00e1 un sorteo p\u00fablico entre los equipos participantes en el Acto de Clausura. De ese sorteo, los 3 primeros tendr\u00e1n la posibilidad de\u00a0 asistir al WR- CHALLENGE y se le pagar\u00e1 la inscripci\u00f3n s\u00f3lo al primer equipo salido del sorteo.<br \/>\nEn caso de desestimar la participaci\u00f3n alg\u00fan equipo se pasar\u00e1 al siguiente que le corresponda salido del sorteo.<\/li>\n<\/ul>\n<\/div><div class=\"nav fusion-mobile-tab-nav\"><ul class=\"nav-tabs nav-justified\" role=\"tablist\"><li role=\"presentation\"><a class=\"tab-link\" data-toggle=\"tab\" role=\"tab\" aria-controls=\"tab-415e08d7e21cd878cf8\" aria-selected=\"false\" tabindex=\"-1\" id=\"mobile-fusion-tab-reglamento:material\" href=\"#tab-415e08d7e21cd878cf8\"><h4 class=\"fusion-tab-heading\"><i class=\"fontawesome-icon fa-pencil-ruler fas\" aria-hidden=\"true\" style=\"font-size:13px;\"><\/i>Reglamento: Material<\/h4><\/a><\/li><\/ul><\/div><div class=\"tab-pane fade fusion-clearfix\" role=\"tabpanel\" tabindex=\"0\" aria-labelledby=\"fusion-tab-reglamento:material\" id=\"tab-415e08d7e21cd878cf8\">\n<p><strong>ANEXO MATERIAL<\/strong><\/p>\n<ul>\n<li><strong>MOCHILA DE TRAUMA<\/strong>\n<ul>\n<li>Aspirador secreciones manual (1)<\/li>\n<li>Bal\u00f3n autoinflable completo (1)<\/li>\n<li>Bolsa de calor (2)<\/li>\n<li>Bolsa de fr\u00edo (1)<\/li>\n<li>Bolsas de pl\u00e1stico (2)<\/li>\n<li>Compresas (4)<\/li>\n<li>Esparadrapo (1)<\/li>\n<li>F\u00e9rulas de inmovilizaci\u00f3n (2 )MMSS, (2) MMII<\/li>\n<li>Gasas (4)<\/li>\n<li>Guantes de Nitrilo S\/M\/G<\/li>\n<li>Inmovilizador cervical (Collar\u00edn regulable \/ Xcollar) (2)<\/li>\n<li>Manta T\u00e9rmica (2)<\/li>\n<li>Mascarilla O2 con Reservorio (1)<\/li>\n<li>Mascarilla O2 regulable (1)<\/li>\n<li>Pa\u00f1oest\u00e9ril (2)<\/li>\n<li>Suero lavador (2)<\/li>\n<li>Tijeras de ropa (1)<\/li>\n<li>Torniquetes (2)<\/li>\n<li>Tubos de Guedel no 3-4-5 (1u\/c)<\/li>\n<li>Venda Crepe (2)<\/li>\n<li>Venda tubular el\u00e1stica (1-)<\/li>\n<\/ul>\n<\/li>\n<li><strong>MATERIAL ACCESORIO POR ESCENARIO<\/strong>\n<ul>\n<li>Arn\u00e9s tipo ara\u00f1a o cinchas (1)<\/li>\n<li>Camilla cuchara (1)<\/li>\n<li>DESA (1)<\/li>\n<li>Inmovilizador de columna (tipo fernoked) (1)<\/li>\n<li>Inmovilizador p\u00e9lvico (1)<\/li>\n<li>Inmovilizador tetracameral (dama de elche) (1)<\/li>\n<li>Tablero espinal corto (1)<\/li>\n<li>Tablero espinal largo (2)<\/li>\n<li>Botella de O2 (2)<\/li>\n<li>Snaid ( boa por determinar)<\/li>\n<\/ul>\n<\/li>\n<li><strong>MATERIAL NO SANITARIO. DISPONIBLE EN EL ESCENARIO.<\/strong><br \/>\n*Nos referimos a material no sanitario que pueda ser utilizado por cualquier persona, y que sea de utilidad en la prueba, ej: Cizalla manual.<br \/>\nLos participantes podr\u00e1n hacer uso del material personal de valoraci\u00f3n y electromedicina que sus funciones o tareas le permitan. Previo conocimiento de la Organizaci\u00f3n, seg\u00fan Reglamento .<\/li>\n<\/ul>\n<\/div><div class=\"nav fusion-mobile-tab-nav\"><ul class=\"nav-tabs nav-justified\" role=\"tablist\"><li role=\"presentation\"><a class=\"tab-link\" data-toggle=\"tab\" role=\"tab\" aria-controls=\"tab-43eca2c70a8355dcfe5\" aria-selected=\"false\" tabindex=\"-1\" id=\"mobile-fusion-tab-orientacionm\u00e9dica-valoraciontrauma\" href=\"#tab-43eca2c70a8355dcfe5\"><h4 class=\"fusion-tab-heading\"><i class=\"fontawesome-icon fa-plus-circle fas\" aria-hidden=\"true\" style=\"font-size:13px;\"><\/i>Orientacion M\u00e9dica - Valoracion Trauma<\/h4><\/a><\/li><\/ul><\/div><div class=\"tab-pane fade fusion-clearfix\" role=\"tabpanel\" tabindex=\"0\" aria-labelledby=\"fusion-tab-orientacionm\u00e9dica-valoraciontrauma\" id=\"tab-43eca2c70a8355dcfe5\">\n<p><img decoding=\"async\" class=\"alignnone size-full wp-image-45443\" src=\"https:\/\/www.bombersdv.es\/wp-content\/uploads\/2019\/03\/tabla.png\" alt=\"\" width=\"979\" height=\"694\" srcset=\"https:\/\/www.bombersdv.es\/wp-content\/uploads\/2019\/03\/tabla-200x142.png 200w, https:\/\/www.bombersdv.es\/wp-content\/uploads\/2019\/03\/tabla-300x214.png 300w, https:\/\/www.bombersdv.es\/wp-content\/uploads\/2019\/03\/tabla-400x284.png 400w, https:\/\/www.bombersdv.es\/wp-content\/uploads\/2019\/03\/tabla-600x425.png 600w, https:\/\/www.bombersdv.es\/wp-content\/uploads\/2019\/03\/tabla-768x544.png 768w, https:\/\/www.bombersdv.es\/wp-content\/uploads\/2019\/03\/tabla-800x567.png 800w, https:\/\/www.bombersdv.es\/wp-content\/uploads\/2019\/03\/tabla.png 979w\" sizes=\"(max-width: 979px) 100vw, 979px\" \/><img decoding=\"async\" class=\"alignnone size-full wp-image-45445\" src=\"https:\/\/www.bombersdv.es\/wp-content\/uploads\/2019\/03\/tabla2.png\" alt=\"\" width=\"1003\" height=\"659\" srcset=\"https:\/\/www.bombersdv.es\/wp-content\/uploads\/2019\/03\/tabla2-200x131.png 200w, https:\/\/www.bombersdv.es\/wp-content\/uploads\/2019\/03\/tabla2-300x197.png 300w, https:\/\/www.bombersdv.es\/wp-content\/uploads\/2019\/03\/tabla2-400x263.png 400w, https:\/\/www.bombersdv.es\/wp-content\/uploads\/2019\/03\/tabla2-600x394.png 600w, https:\/\/www.bombersdv.es\/wp-content\/uploads\/2019\/03\/tabla2-768x505.png 768w, https:\/\/www.bombersdv.es\/wp-content\/uploads\/2019\/03\/tabla2-800x526.png 800w, https:\/\/www.bombersdv.es\/wp-content\/uploads\/2019\/03\/tabla2.png 1003w\" sizes=\"(max-width: 1003px) 100vw, 1003px\" \/><\/p>\n<\/div><\/div><\/div><div class=\"fusion-text fusion-text-2\"><table style=\"width: 100%; border-collapse: collapse; border-style: none;\" border=\"0\">\n<tbody>\n<tr>\n<td style=\"width: 21.1522%;\"><a href=\"http:\/\/www.aprat.es\"><img decoding=\"async\" class=\"alignnone wp-image-45561\" src=\"https:\/\/www.bombersdv.es\/wp-content\/uploads\/2019\/04\/aprat-logo.jpg\" alt=\"\" width=\"205\" height=\"205\" srcset=\"https:\/\/www.bombersdv.es\/wp-content\/uploads\/2019\/04\/aprat-logo-66x66.jpg 66w, https:\/\/www.bombersdv.es\/wp-content\/uploads\/2019\/04\/aprat-logo-150x150.jpg 150w, https:\/\/www.bombersdv.es\/wp-content\/uploads\/2019\/04\/aprat-logo-200x200.jpg 200w, https:\/\/www.bombersdv.es\/wp-content\/uploads\/2019\/04\/aprat-logo-300x300.jpg 300w, https:\/\/www.bombersdv.es\/wp-content\/uploads\/2019\/04\/aprat-logo.jpg 400w\" sizes=\"(max-width: 205px) 100vw, 205px\" \/><\/a><\/td>\n<td style=\"width: 78.8479%; text-align: center;\">Para m\u00e1s informaci\u00f3n, consultar la web de <a href=\"http:\/\/www.aprat.es\">APRAT<\/a><\/td>\n<\/tr>\n<\/tbody>\n<\/table>\n<\/div><div class=\"fusion-section-separator section-separator clouds fusion-section-separator-2\" style=\"--awb-spacer-height:99px;--awb-svg-margin-left:0;--awb-svg-margin-right:0;--awb-divider-height:99px;--awb-spacer-padding-top:inherit;--awb-sep-padding:0;--awb-svg-padding:0;\"><div class=\"fusion-section-separator-svg\"><svg class=\"fusion-clouds-candy\" xmlns=\"http:\/\/www.w3.org\/2000\/svg\" version=\"1.1\" width=\"100%\" height=\"100\" viewBox=\"0 0 100 100\" preserveAspectRatio=\"none\" fill=\"rgba(246,246,246,1)\"><path d=\"M-5 100 Q 0 20 5 100 Z\"><\/path>\n\t\t\t\t\t\t\t\t<path d=\"M0 100 Q 5 0 10 100\"><\/path>\n\t\t\t\t\t\t\t\t<path d=\"M5 100 Q 10 30 15 100\"><\/path>\n\t\t\t\t\t\t\t\t<path d=\"M10 100 Q 15 10 20 100\"><\/path>\n\t\t\t\t\t\t\t\t<path d=\"M15 100 Q 20 30 25 100\"><\/path>\n\t\t\t\t\t\t\t\t<path d=\"M20 100 Q 25 -10 30 100\"><\/path>\n\t\t\t\t\t\t\t\t<path d=\"M25 100 Q 30 10 35 100\"><\/path>\n\t\t\t\t\t\t\t\t<path d=\"M30 100 Q 35 30 40 100\"><\/path>\n\t\t\t\t\t\t\t\t<path d=\"M35 100 Q 40 10 45 100\"><\/path>\n\t\t\t\t\t\t\t\t<path d=\"M40 100 Q 45 50 50 100\"><\/path>\n\t\t\t\t\t\t\t\t<path d=\"M45 100 Q 50 20 55 100\"><\/path>\n\t\t\t\t\t\t\t\t<path d=\"M50 100 Q 55 40 60 100\"><\/path>\n\t\t\t\t\t\t\t\t<path d=\"M55 100 Q 60 60 65 100\"><\/path>\n\t\t\t\t\t\t\t\t<path d=\"M60 100 Q 65 50 70 100\"><\/path>\n\t\t\t\t\t\t\t\t<path d=\"M65 100 Q 70 20 75 100\"><\/path>\n\t\t\t\t\t\t\t\t<path d=\"M70 100 Q 75 45 80 100\"><\/path>\n\t\t\t\t\t\t\t\t<path d=\"M75 100 Q 80 30 85 100\"><\/path>\n\t\t\t\t\t\t\t\t<path d=\"M80 100 Q 85 20 90 100\"><\/path>\n\t\t\t\t\t\t\t\t<path d=\"M85 100 Q 90 50 95 100\"><\/path>\n\t\t\t\t\t\t\t\t<path d=\"M90 100 Q 95 25 100 100\"><\/path>\n\t\t\t\t\t\t\t\t<path d=\"M95 100 Q 100 15 105 100 Z\"><\/path><\/svg><\/div><div class=\"fusion-section-separator-spacer\"><div class=\"fusion-section-separator-spacer-height\"><\/div><\/div><\/div><div class=\"fusion-clearfix\"><\/div><\/div><\/div><\/div><\/div>\n","protected":false},"excerpt":{"rendered":"","protected":false},"author":1,"featured_media":0,"parent":49476,"menu_order":0,"comment_status":"closed","ping_status":"closed","template":"","meta":{"footnotes":""},"class_list":["post-45502","page","type-page","status-publish","hentry"],"_links":{"self":[{"href":"https:\/\/www.bombersdv.es\/es\/wp-json\/wp\/v2\/pages\/45502"}],"collection":[{"href":"https:\/\/www.bombersdv.es\/es\/wp-json\/wp\/v2\/pages"}],"about":[{"href":"https:\/\/www.bombersdv.es\/es\/wp-json\/wp\/v2\/types\/page"}],"author":[{"embeddable":true,"href":"https:\/\/www.bombersdv.es\/es\/wp-json\/wp\/v2\/users\/1"}],"replies":[{"embeddable":true,"href":"https:\/\/www.bombersdv.es\/es\/wp-json\/wp\/v2\/comments?post=45502"}],"version-history":[{"count":5,"href":"https:\/\/www.bombersdv.es\/es\/wp-json\/wp\/v2\/pages\/45502\/revisions"}],"predecessor-version":[{"id":46066,"href":"https:\/\/www.bombersdv.es\/es\/wp-json\/wp\/v2\/pages\/45502\/revisions\/46066"}],"up":[{"embeddable":true,"href":"https:\/\/www.bombersdv.es\/es\/wp-json\/wp\/v2\/pages\/49476"}],"wp:attachment":[{"href":"https:\/\/www.bombersdv.es\/es\/wp-json\/wp\/v2\/media?parent=45502"}],"curies":[{"name":"wp","href":"https:\/\/api.w.org\/{rel}","templated":true}]}}