{"id":59303,"date":"2022-07-22T13:51:51","date_gmt":"2022-07-22T11:51:51","guid":{"rendered":"https:\/\/www.bombersdv.es\/?page_id=59303"},"modified":"2022-11-17T11:31:25","modified_gmt":"2022-11-17T10:31:25","slug":"solicitud-de-actuacion-preventiva-en-zonas-forestales-y-o-lechos-publicos","status":"publish","type":"page","link":"https:\/\/www.bombersdv.es\/es\/contactanos\/solicitud-de-actuacion-preventiva-en-zonas-forestales-y-o-lechos-publicos\/","title":{"rendered":"Solicitud de Actuaci\u00f3n Preventiva en zonas forestales y\/o lechos p\u00fablicos"},"content":{"rendered":"<p><div class=\"fusion-fullwidth fullwidth-box fusion-builder-row-1 nonhundred-percent-fullwidth non-hundred-percent-height-scrolling\" style=\"--awb-background-position:left top;--awb-border-sizes-top:0px;--awb-border-sizes-bottom:0px;--awb-border-sizes-left:0px;--awb-border-sizes-right:0px;--awb-border-radius-top-left:0px;--awb-border-radius-top-right:0px;--awb-border-radius-bottom-right:0px;--awb-border-radius-bottom-left:0px;--awb-padding-top:30px;--awb-padding-bottom:0px;--awb-flex-wrap:wrap;\" ><div class=\"fusion-builder-row fusion-row\"><div class=\"fusion-layout-column fusion_builder_column fusion-builder-column-0 fusion_builder_column_1_1 1_1 fusion-one-full fusion-column-first fusion-column-last\" style=\"--awb-bg-size:cover;--awb-margin-bottom:0px;\"><div class=\"fusion-column-wrapper fusion-flex-column-wrapper-legacy\"><div class=\"fusion-content-boxes content-boxes columns row fusion-columns-1 fusion-columns-total-1 fusion-content-boxes-1 content-boxes-icon-on-side content-left\" style=\"--awb-title-color:#d32f13;--awb-margin-bottom:0px;--awb-hover-accent-color:#d32f13;--awb-circle-hover-accent-color:#d32f13;--awb-item-margin-bottom:40px;\" data-animationOffset=\"top-into-view\"><div style=\"--awb-backgroundcolor:rgba(255,255,255,0);--awb-content-padding-left:110px;\" class=\"fusion-column content-box-column content-box-column content-box-column-1 col-lg-12 col-md-12 col-sm-12 fusion-content-box-hover content-box-column-last content-box-column-last-in-row\"><div class=\"col content-box-wrapper content-wrapper link-area-link-icon icon-hover-animation-fade\" data-animationOffset=\"top-into-view\"><div class=\"heading heading-with-icon icon-left\"><div aria-hidden=\"true\" class=\"image\"><img decoding=\"async\" src=\"http:\/\/www.bombersdv.es\/wp-content\/uploads\/2016\/03\/formulario.png\" width=\"90\" height=\"90\" alt=\"\" \/><\/div><h2 class=\"content-box-heading fusion-responsive-typography-calculated\" style=\"--h2_typography-font-size:34px;--fontSize:34;line-height:1.09;padding-left:110px;\"><strong>Formulario de Solicitud de Actuaci\u00f3n Preventiva en Zonas Forestales y\/o Cauces P\u00fablicos<\/strong><\/h2><\/div><div class=\"fusion-clearfix\"><\/div><div class=\"content-container\">\n<h4>Rellene el siguiente formulario para solicitar un servicio de prevenci\u00f3n.<\/h4>\n<\/div><\/div><\/div><div class=\"fusion-clearfix\"><\/div><\/div><div class=\"fusion-clearfix\"><\/div><\/div><\/div><\/div><\/div><div class=\"fusion-fullwidth fullwidth-box fusion-builder-row-2 nonhundred-percent-fullwidth non-hundred-percent-height-scrolling\" style=\"--awb-border-sizes-top:0px;--awb-border-sizes-bottom:0px;--awb-border-sizes-left:0px;--awb-border-sizes-right:0px;--awb-border-radius-top-left:0px;--awb-border-radius-top-right:0px;--awb-border-radius-bottom-right:0px;--awb-border-radius-bottom-left:0px;--awb-padding-top:20px;--awb-padding-bottom:0px;--awb-flex-wrap:wrap;\" ><div class=\"fusion-builder-row fusion-row\"><div class=\"fusion-layout-column fusion_builder_column fusion-builder-column-1 fusion_builder_column_1_1 1_1 fusion-one-full fusion-column-first fusion-column-last fusion-column-no-min-height\" style=\"--awb-bg-size:cover;--awb-margin-bottom:0px;\"><div class=\"fusion-column-wrapper fusion-flex-column-wrapper-legacy\"><div class=\"fusion-sep-clear\"><\/div><div class=\"fusion-separator fusion-full-width-sep\" style=\"margin-left: auto;margin-right: auto;margin-top:0px;width:100%;\"><div class=\"fusion-separator-border sep-single sep-solid\" style=\"--awb-height:20px;--awb-amount:20px;--awb-sep-color:#d32f13;border-color:#d32f13;border-top-width:5px;\"><\/div><\/div><div class=\"fusion-sep-clear\"><\/div><div class=\"fusion-clearfix\"><\/div><\/div><\/div><\/div><\/div><div class=\"fusion-fullwidth fullwidth-box fusion-builder-row-3 nonhundred-percent-fullwidth non-hundred-percent-height-scrolling\" style=\"--awb-background-position:left top;--awb-border-sizes-top:0px;--awb-border-sizes-bottom:0px;--awb-border-sizes-left:0px;--awb-border-sizes-right:0px;--awb-border-radius-top-left:0px;--awb-border-radius-top-right:0px;--awb-border-radius-bottom-right:0px;--awb-border-radius-bottom-left:0px;--awb-padding-top:0px;--awb-padding-bottom:20px;--awb-flex-wrap:wrap;\" ><div class=\"fusion-builder-row fusion-row\"><div class=\"fusion-layout-column fusion_builder_column fusion-builder-column-2 fusion_builder_column_1_1 1_1 fusion-one-full fusion-column-first fusion-column-last\" style=\"--awb-padding-top:30px;--awb-padding-right:30px;--awb-padding-bottom:30px;--awb-padding-left:30px;--awb-bg-color:#e8e8e8;--awb-bg-color-hover:#e8e8e8;--awb-bg-size:cover;\"><div class=\"fusion-column-wrapper fusion-flex-column-wrapper-legacy\"><div class=\"fusion-text fusion-text-1\"><h3 style=\"text-align: center;\"><span style=\"color: #333333;\"><strong>Datos de la Solicitud<\/strong><\/span><\/h3>\n<\/div>\n<div class=\"wpcf7 no-js\" id=\"wpcf7-f59681-o1\" lang=\"va\" dir=\"ltr\">\n<div class=\"screen-reader-response\"><p role=\"status\" aria-live=\"polite\" aria-atomic=\"true\"><\/p> <ul><\/ul><\/div>\n<form action=\"\/es\/wp-json\/wp\/v2\/pages\/59303#wpcf7-f59681-o1\" method=\"post\" class=\"wpcf7-form init\" aria-label=\"Contact form\" enctype=\"multipart\/form-data\" novalidate=\"novalidate\" data-status=\"init\">\n<div style=\"display: none;\">\n<input type=\"hidden\" name=\"_wpcf7\" value=\"59681\" \/>\n<input type=\"hidden\" name=\"_wpcf7_version\" value=\"5.9.7\" \/>\n<input type=\"hidden\" name=\"_wpcf7_locale\" value=\"va\" \/>\n<input type=\"hidden\" name=\"_wpcf7_unit_tag\" value=\"wpcf7-f59681-o1\" \/>\n<input type=\"hidden\" name=\"_wpcf7_container_post\" value=\"0\" \/>\n<input type=\"hidden\" name=\"_wpcf7_posted_data_hash\" value=\"\" \/>\n<input type=\"hidden\" name=\"_wpcf7cf_hidden_group_fields\" value=\"[]\" \/>\n<input type=\"hidden\" name=\"_wpcf7cf_hidden_groups\" value=\"[]\" \/>\n<input type=\"hidden\" name=\"_wpcf7cf_visible_groups\" value=\"[]\" \/>\n<input type=\"hidden\" name=\"_wpcf7cf_repeaters\" value=\"[]\" \/>\n<input type=\"hidden\" name=\"_wpcf7cf_steps\" value=\"{}\" \/>\n<input type=\"hidden\" name=\"_wpcf7cf_options\" value=\"{&quot;form_id&quot;:59681,&quot;conditions&quot;:[{&quot;then_field&quot;:&quot;grupo-OtrasFiguras&quot;,&quot;and_rules&quot;:[{&quot;if_field&quot;:&quot;Figuras&quot;,&quot;operator&quot;:&quot;equals&quot;,&quot;if_value&quot;:&quot;Otras figuras&quot;}]},{&quot;then_field&quot;:&quot;grupo-Otrosterrenos&quot;,&quot;and_rules&quot;:[{&quot;if_field&quot;:&quot;Tipoterreno&quot;,&quot;operator&quot;:&quot;equals&quot;,&quot;if_value&quot;:&quot;Otros&quot;}]},{&quot;then_field&quot;:&quot;grupo-Otrospropiedad&quot;,&quot;and_rules&quot;:[{&quot;if_field&quot;:&quot;Propiedad&quot;,&quot;operator&quot;:&quot;equals&quot;,&quot;if_value&quot;:&quot;Otros&quot;}]}],&quot;settings&quot;:{&quot;animation&quot;:&quot;yes&quot;,&quot;animation_intime&quot;:200,&quot;animation_outtime&quot;:200,&quot;conditions_ui&quot;:&quot;normal&quot;,&quot;notice_dismissed&quot;:false,&quot;notice_dismissed_update-cf7-5.4&quot;:true}}\" \/>\n<input type=\"hidden\" name=\"_wpcf7_recaptcha_response\" value=\"\" \/>\n<\/div>\n<p><strong>Municipio - Comarca<\/strong> (requerido)<br \/>\n<span class=\"wpcf7-form-control-wrap\" data-name=\"ayto-solicitante\"><select class=\"wpcf7-form-control wpcf7-select wpcf7-validates-as-required\" aria-required=\"true\" aria-invalid=\"false\" name=\"ayto-solicitante\"><option value=\"\">&#8212;Please choose an option&#8212;<\/option><option value=\"ADEMUZ - Rinc\u00f3n de Ademuz\">ADEMUZ - Rinc\u00f3n de Ademuz<\/option><option value=\"ADOR - La Safor\">ADOR - La Safor<\/option><option value=\"AGULLENT - La Vall d&#039;Albaida\">AGULLENT - La Vall d&#039;Albaida<\/option><option value=\"AIELO DE MALFERIT - La Vall d&#039;Albaida\">AIELO DE MALFERIT - La Vall d&#039;Albaida<\/option><option value=\"AIELO DE RUGAT - La Vall d&#039;Albaida\">AIELO DE RUGAT - La Vall d&#039;Albaida<\/option><option value=\"ALAQU\u00c0S - L&#039;Horta Oest\">ALAQU\u00c0S - L&#039;Horta Oest<\/option><option value=\"ALBAIDA - La Vall d&#039;Albaida\">ALBAIDA - La Vall d&#039;Albaida<\/option><option value=\"ALBAL - L&#039;Horta Sud\">ALBAL - L&#039;Horta Sud<\/option><option value=\"ALBALAT DE LA RIBERA - La Ribera Baixa\">ALBALAT DE LA RIBERA - La Ribera Baixa<\/option><option value=\"ALBALAT DELS SORELLS - L&#039;Horta Nord\">ALBALAT DELS SORELLS - L&#039;Horta Nord<\/option><option value=\"ALBALAT DELS TARONGERS - Camp de Morvedre\">ALBALAT DELS TARONGERS - Camp de Morvedre<\/option><option value=\"ALBERIC - La Ribera Alta\">ALBERIC - La Ribera Alta<\/option><option value=\"ALBORACHE - La Hoya de Bu\u00f1ol\">ALBORACHE - La Hoya de Bu\u00f1ol<\/option><option value=\"ALBORAYA - L&#039;Horta Nord\">ALBORAYA - L&#039;Horta Nord<\/option><option value=\"ALBUIXECH - L&#039;Horta Nord\">ALBUIXECH - L&#039;Horta Nord<\/option><option value=\"ALC\u00c0NTERA DE X\u00daQUER - La Ribera Alta\">ALC\u00c0NTERA DE X\u00daQUER - La Ribera Alta<\/option><option value=\"ALC\u00c0SSER - L&#039;Horta Sud\">ALC\u00c0SSER - L&#039;Horta Sud<\/option><option value=\"ALCUBLAS - Los Serranos\">ALCUBLAS - Los Serranos<\/option><option value=\"ALC\u00daDIA DE CRESPINS (L&#039;) - La Costera\">ALC\u00daDIA DE CRESPINS (L&#039;) - La Costera<\/option><option value=\"ALDAIA - L&#039;Horta Oest\">ALDAIA - L&#039;Horta Oest<\/option><option value=\"ALFAFAR - L&#039;Horta Sud\">ALFAFAR - L&#039;Horta Sud<\/option><option value=\"ALFARA DE LA BARONIA - Camp de Morvedre\">ALFARA DE LA BARONIA - Camp de Morvedre<\/option><option value=\"ALFARA DEL PATRIARCA - L&#039;Horta Nord\">ALFARA DEL PATRIARCA - L&#039;Horta Nord<\/option><option value=\"ALFARP - La Ribera Alta\">ALFARP - La Ribera Alta<\/option><option value=\"ALFARRASI - La Vall d&#039;Albaida\">ALFARRASI - La Vall d&#039;Albaida<\/option><option value=\"ALFAUIR - La Safor\">ALFAUIR - La Safor<\/option><option value=\"ALGAR DE PALANCIA - Camp de Morvedre\">ALGAR DE PALANCIA - Camp de Morvedre<\/option><option value=\"ALGEMES\u00cd - La Ribera Alta\">ALGEMES\u00cd - La Ribera Alta<\/option><option value=\"ALG\u00cdMIA D&#039;ALFARA - Camp de Morvedre\">ALG\u00cdMIA D&#039;ALFARA - Camp de Morvedre<\/option><option value=\"ALGINET - La Ribera Alta\">ALGINET - La Ribera Alta<\/option><option value=\"ALM\u00c0SSERA - L&#039;Horta Nord\">ALM\u00c0SSERA - L&#039;Horta Nord<\/option><option value=\"ALMISER\u00c0 - La Safor\">ALMISER\u00c0 - La Safor<\/option><option value=\"ALMOINES - La Safor\">ALMOINES - La Safor<\/option><option value=\"ALMUSSAFES - La Ribera Baixa\">ALMUSSAFES - La Ribera Baixa<\/option><option value=\"ALPUENTE - Los Serranos\">ALPUENTE - Los Serranos<\/option><option value=\"ALQUERIA DE LA COMTESSA (L&#039;) - La Safor\">ALQUERIA DE LA COMTESSA (L&#039;) - La Safor<\/option><option value=\"ALZIRA - La Ribera Alta\">ALZIRA - La Ribera Alta<\/option><option value=\"ANDILLA - Los Serranos\">ANDILLA - Los Serranos<\/option><option value=\"ANNA - La Canal de Navarr\u00e9s\">ANNA - La Canal de Navarr\u00e9s<\/option><option value=\"ANTELLA - La Ribera Alta\">ANTELLA - La Ribera Alta<\/option><option value=\"ARAS DE LOS OLMOS - Los Serranos\">ARAS DE LOS OLMOS - Los Serranos<\/option><option value=\"ATZENETA D&#039;ALBAIDA - La Vall d&#039;Albaida\">ATZENETA D&#039;ALBAIDA - La Vall d&#039;Albaida<\/option><option value=\"AYORA - El Valle de Cofrentes-Ayora\">AYORA - El Valle de Cofrentes-Ayora<\/option><option value=\"BARX - La Safor\">BARX - La Safor<\/option><option value=\"BARXETA - La Costera\">BARXETA - La Costera<\/option><option value=\"B\u00c8LGIDA - La Vall d&#039;Albaida\">B\u00c8LGIDA - La Vall d&#039;Albaida<\/option><option value=\"BELLREGUARD - La Safor\">BELLREGUARD - La Safor<\/option><option value=\"BELL\u00daS - La Vall d&#039;Albaida\">BELL\u00daS - La Vall d&#039;Albaida<\/option><option value=\"BENAG\u00c8BER - Los Serranos\">BENAG\u00c8BER - Los Serranos<\/option><option value=\"BENAGUASIL - El Camp de T\u00faria\">BENAGUASIL - El Camp de T\u00faria<\/option><option value=\"BENAVITES - Camp de Morvedre\">BENAVITES - Camp de Morvedre<\/option><option value=\"BENEIXIDA - La Ribera Alta\">BENEIXIDA - La Ribera Alta<\/option><option value=\"BENET\u00daSSER - L&#039;Horta Sud\">BENET\u00daSSER - L&#039;Horta Sud<\/option><option value=\"BENIARJ\u00d3 - La Safor\">BENIARJ\u00d3 - La Safor<\/option><option value=\"BENIATJAR - La Vall d&#039;Albaida\">BENIATJAR - La Vall d&#039;Albaida<\/option><option value=\"BENICOLET - La Vall d&#039;Albaida\">BENICOLET - La Vall d&#039;Albaida<\/option><option value=\"BENICULL DE X\u00daQUER - La Ribera Baixa\">BENICULL DE X\u00daQUER - La Ribera Baixa<\/option><option value=\"BENIFAI\u00d3 - La Ribera Alta\">BENIFAI\u00d3 - La Ribera Alta<\/option><option value=\"BENIFAIR\u00d3 DE LA VALLDIGNA - La Safor\">BENIFAIR\u00d3 DE LA VALLDIGNA - La Safor<\/option><option value=\"BENIFAIR\u00d3 DE LES VALLS - Camp de Morvedre\">BENIFAIR\u00d3 DE LES VALLS - Camp de Morvedre<\/option><option value=\"BENIFL\u00c0 - La Safor\">BENIFL\u00c0 - La Safor<\/option><option value=\"BENIG\u00c0NIM - La Vall d&#039;Albaida\">BENIG\u00c0NIM - La Vall d&#039;Albaida<\/option><option value=\"BENIMODO - La Ribera Alta\">BENIMODO - La Ribera Alta<\/option><option value=\"BENIMUSLEM - La Ribera Alta\">BENIMUSLEM - La Ribera Alta<\/option><option value=\"BENIPARRELL - L&#039;Horta Sud\">BENIPARRELL - L&#039;Horta Sud<\/option><option value=\"BENIRREDR\u00c0 - La Safor\">BENIRREDR\u00c0 - La Safor<\/option><option value=\"BENISAN\u00d3 - El Camp de T\u00faria\">BENISAN\u00d3 - El Camp de T\u00faria<\/option><option value=\"BENISSODA - La Vall d&#039;Albaida\">BENISSODA - La Vall d&#039;Albaida<\/option><option value=\"BENISUERA - La Vall d&#039;Albaida\">BENISUERA - La Vall d&#039;Albaida<\/option><option value=\"B\u00c9TERA - El Camp de T\u00faria\">B\u00c9TERA - El Camp de T\u00faria<\/option><option value=\"BICORP - La Canal de Navarr\u00e9s\">BICORP - La Canal de Navarr\u00e9s<\/option><option value=\"BOCAIRENT - La Vall d&#039;Albaida\">BOCAIRENT - La Vall d&#039;Albaida<\/option><option value=\"BOLBAITE - La Canal de Navarr\u00e9s\">BOLBAITE - La Canal de Navarr\u00e9s<\/option><option value=\"BONREP\u00d2S I MIRAMBELL - L&#039;Horta Nord\">BONREP\u00d2S I MIRAMBELL - L&#039;Horta Nord<\/option><option value=\"BU\u00d1OL - La Hoya de Bu\u00f1ol\">BU\u00d1OL - La Hoya de Bu\u00f1ol<\/option><option value=\"BUFALI - La Vall d&#039;Albaida\">BUFALI - La Vall d&#039;Albaida<\/option><option value=\"BUGARRA - Los Serranos\">BUGARRA - Los Serranos<\/option><option value=\"BURJASSOT - L&#039;Horta Nord\">BURJASSOT - L&#039;Horta Nord<\/option><option value=\"CALLES - Los Serranos\">CALLES - Los Serranos<\/option><option value=\"CAMPORROBLES - La Plana de Utiel Requena\">CAMPORROBLES - La Plana de Utiel Requena<\/option><option value=\"CANALS - La Costera\">CANALS - La Costera<\/option><option value=\"CANET D&#039;EN BERENGUER - Camp de Morvedre\">CANET D&#039;EN BERENGUER - Camp de Morvedre<\/option><option value=\"CARCAIXENT - La Ribera Alta\">CARCAIXENT - La Ribera Alta<\/option><option value=\"C\u00c0RCER - La Ribera Alta\">C\u00c0RCER - La Ribera Alta<\/option><option value=\"CARLET - La Ribera Alta\">CARLET - La Ribera Alta<\/option><option value=\"CARR\u00cdCOLA - La Vall d&#039;Albaida\">CARR\u00cdCOLA - La Vall d&#039;Albaida<\/option><option value=\"CASAS ALTAS - Rinc\u00f3n de Ademuz\">CASAS ALTAS - Rinc\u00f3n de Ademuz<\/option><option value=\"CASAS BAJAS - Rinc\u00f3n de Ademuz\">CASAS BAJAS - Rinc\u00f3n de Ademuz<\/option><option value=\"CASINOS - El Camp de T\u00faria\">CASINOS - El Camp de T\u00faria<\/option><option value=\"CASTELL\u00d3 - La Ribera Alta\">CASTELL\u00d3 - La Ribera Alta<\/option><option value=\"CASTELL\u00d3 DE RUGAT - La Vall d&#039;Albaida\">CASTELL\u00d3 DE RUGAT - La Vall d&#039;Albaida<\/option><option value=\"CASTELLONET DE LA CONQUESTA - La Safor\">CASTELLONET DE LA CONQUESTA - La Safor<\/option><option value=\"CASTIELFABIB - Rinc\u00f3n de Ademuz\">CASTIELFABIB - Rinc\u00f3n de Ademuz<\/option><option value=\"CATADAU - La Ribera Alta\">CATADAU - La Ribera Alta<\/option><option value=\"CATARROJA - L&#039;Horta Sud\">CATARROJA - L&#039;Horta Sud<\/option><option value=\"CAUDETE DE LAS FUENTES - La Plana de Utiel Requena\">CAUDETE DE LAS FUENTES - La Plana de Utiel Requena<\/option><option value=\"CERD\u00c0 - La Costera\">CERD\u00c0 - La Costera<\/option><option value=\"CHELLA - La Canal de Navarr\u00e9s\">CHELLA - La Canal de Navarr\u00e9s<\/option><option value=\"CHELVA - Los Serranos\">CHELVA - Los Serranos<\/option><option value=\"CHERA - La Plana de Utiel Requena\">CHERA - La Plana de Utiel Requena<\/option><option value=\"CHESTE - La Hoya de Bu\u00f1ol\">CHESTE - La Hoya de Bu\u00f1ol<\/option><option value=\"CHIVA - La Hoya de Bu\u00f1ol\">CHIVA - La Hoya de Bu\u00f1ol<\/option><option value=\"CHULILLA - Los Serranos\">CHULILLA - Los Serranos<\/option><option value=\"COFRENTES - El Valle de Cofrentes-Ayora\">COFRENTES - El Valle de Cofrentes-Ayora<\/option><option value=\"CORBERA - La Ribera Baixa\">CORBERA - La Ribera Baixa<\/option><option value=\"CORTES DE PALL\u00c1S - El Valle de Cofrentes-Ayora\">CORTES DE PALL\u00c1S - El Valle de Cofrentes-Ayora<\/option><option value=\"COTES - La Ribera Alta\">COTES - La Ribera Alta<\/option><option value=\"CULLERA - La Ribera Baixa\">CULLERA - La Ribera Baixa<\/option><option value=\"DAIM\u00daS - La Safor\">DAIM\u00daS - La Safor<\/option><option value=\"DOME\u00d1O - Los Serranos\">DOME\u00d1O - Los Serranos<\/option><option value=\"DOME\u00d1O VIEJO - Los Serranos\">DOME\u00d1O VIEJO - Los Serranos<\/option><option value=\"DOS AGUAS - La Hoya de Bu\u00f1ol\">DOS AGUAS - La Hoya de Bu\u00f1ol<\/option><option value=\"ELIANA (L&#039;) - El Camp de T\u00faria\">ELIANA (L&#039;) - El Camp de T\u00faria<\/option><option value=\"EMPERADOR - L&#039;Horta Nord\">EMPERADOR - L&#039;Horta Nord<\/option><option value=\"ENGUERA - La Canal de Navarr\u00e9s\">ENGUERA - La Canal de Navarr\u00e9s<\/option><option value=\"\u00c8NOVA (L&#039;) - La Ribera Alta\">\u00c8NOVA (L&#039;) - La Ribera Alta<\/option><option value=\"ESTIVELLA - Camp de Morvedre\">ESTIVELLA - Camp de Morvedre<\/option><option value=\"ESTUBENY - La Costera\">ESTUBENY - La Costera<\/option><option value=\"FAURA - Camp de Morvedre\">FAURA - Camp de Morvedre<\/option><option value=\"FAVARA - La Ribera Baixa\">FAVARA - La Ribera Baixa<\/option><option value=\"FOIOS - L&#039;Horta Nord\">FOIOS - L&#039;Horta Nord<\/option><option value=\"FONT DE LA FIGUERA (LA) - La Costera\">FONT DE LA FIGUERA (LA) - La Costera<\/option><option value=\"FONT D&#039;EN CARR\u00d2S (LA) - La Safor\">FONT D&#039;EN CARR\u00d2S (LA) - La Safor<\/option><option value=\"FONTANARS DELS ALFORINS - La Vall d&#039;Albaida\">FONTANARS DELS ALFORINS - La Vall d&#039;Albaida<\/option><option value=\"FORTALENY - La Ribera Baixa\">FORTALENY - La Ribera Baixa<\/option><option value=\"FUENTERROBLES - La Plana de Utiel Requena\">FUENTERROBLES - La Plana de Utiel Requena<\/option><option value=\"GANDIA - La Safor\">GANDIA - La Safor<\/option><option value=\"GATOVA - El Camp de T\u00faria\">GATOVA - El Camp de T\u00faria<\/option><option value=\"GAVARDA - La Ribera Alta\">GAVARDA - La Ribera Alta<\/option><option value=\"GENOV\u00c9S - La Costera\">GENOV\u00c9S - La Costera<\/option><option value=\"GESTALGAR - Los Serranos\">GESTALGAR - Los Serranos<\/option><option value=\"GILET - Camp de Morvedre\">GILET - Camp de Morvedre<\/option><option value=\"GODELLA - L&#039;Horta Nord\">GODELLA - L&#039;Horta Nord<\/option><option value=\"GODELLETA - La Hoya de Bu\u00f1ol\">GODELLETA - La Hoya de Bu\u00f1ol<\/option><option value=\"GRANJA DE LA COSTERA (LA) - La Costera\">GRANJA DE LA COSTERA (LA) - La Costera<\/option><option value=\"GUADASS\u00c8QUIES - La Vall d&#039;Albaida\">GUADASS\u00c8QUIES - La Vall d&#039;Albaida<\/option><option value=\"GUADASSUAR - La Ribera Alta\">GUADASSUAR - La Ribera Alta<\/option><option value=\"GUARDAMAR DE LA SAFOR - La Safor\">GUARDAMAR DE LA SAFOR - La Safor<\/option><option value=\"HIGUERUELAS - Los Serranos\">HIGUERUELAS - Los Serranos<\/option><option value=\"JALANCE - El Valle de Cofrentes-Ayora\">JALANCE - El Valle de Cofrentes-Ayora<\/option><option value=\"JARAFUEL - El Valle de Cofrentes-Ayora\">JARAFUEL - El Valle de Cofrentes-Ayora<\/option><option value=\"L&#039;ALC\u00daDIA - La Ribera Alta\">L&#039;ALC\u00daDIA - La Ribera Alta<\/option><option value=\"LLANERA DE RANES - La Costera\">LLANERA DE RANES - La Costera<\/option><option value=\"LLAUR\u00cd - La Ribera Baixa\">LLAUR\u00cd - La Ribera Baixa<\/option><option value=\"LL\u00cdRIA - El Camp de T\u00faria\">LL\u00cdRIA - El Camp de T\u00faria<\/option><option value=\"LLOCNOU DE LA CORONA - L&#039;Horta Sud\">LLOCNOU DE LA CORONA - L&#039;Horta Sud<\/option><option value=\"LLOCNOU DE SANT JERONI - La Safor\">LLOCNOU DE SANT JERONI - La Safor<\/option><option value=\"LLOCNOU D&#039;EN FENOLLET - La Costera\">LLOCNOU D&#039;EN FENOLLET - La Costera<\/option><option value=\"LLOMBAI - La Ribera Alta\">LLOMBAI - La Ribera Alta<\/option><option value=\"LLOSA DE RANES (LA) - La Costera\">LLOSA DE RANES (LA) - La Costera<\/option><option value=\"LLUTXENT - La Vall d&#039;Albaida\">LLUTXENT - La Vall d&#039;Albaida<\/option><option value=\"LORIGUILLA - Los Serranos\">LORIGUILLA - Los Serranos<\/option><option value=\"LORIGUILLA VIEJO - Los Serranos\">LORIGUILLA VIEJO - Los Serranos<\/option><option value=\"LOSA DEL OBISPO - Los Serranos\">LOSA DEL OBISPO - Los Serranos<\/option><option value=\"MACASTRE - La Hoya de Bu\u00f1ol\">MACASTRE - La Hoya de Bu\u00f1ol<\/option><option value=\"MANISES - L&#039;Horta Oest\">MANISES - L&#039;Horta Oest<\/option><option value=\"MANUEL - La Ribera Alta\">MANUEL - La Ribera Alta<\/option><option value=\"MARINES - El Camp de T\u00faria\">MARINES - El Camp de T\u00faria<\/option><option value=\"MASSALAV\u00c9S - La Ribera Alta\">MASSALAV\u00c9S - La Ribera Alta<\/option><option value=\"MASSALFASSAR - L&#039;Horta Nord\">MASSALFASSAR - L&#039;Horta Nord<\/option><option value=\"MASSAMAGRELL - L&#039;Horta Nord\">MASSAMAGRELL - L&#039;Horta Nord<\/option><option value=\"MASSANASSA - L&#039;Horta Sud\">MASSANASSA - L&#039;Horta Sud<\/option><option value=\"MELIANA - L&#039;Horta Nord\">MELIANA - L&#039;Horta Nord<\/option><option value=\"MILLARES - La Canal de Navarr\u00e9s\">MILLARES - La Canal de Navarr\u00e9s<\/option><option value=\"MIRAMAR - La Safor\">MIRAMAR - La Safor<\/option><option value=\"MISLATA - L&#039;Horta Oest\">MISLATA - L&#039;Horta Oest<\/option><option value=\"MOGENTE\/MOIXENT - La Costera\">MOGENTE\/MOIXENT - La Costera<\/option><option value=\"MONCADA - L&#039;Horta Nord\">MONCADA - L&#039;Horta Nord<\/option><option value=\"MONTAVERNER - La Vall d&#039;Albaida\">MONTAVERNER - La Vall d&#039;Albaida<\/option><option value=\"MONTESA - La Costera\">MONTESA - La Costera<\/option><option value=\"MONTITXELVO\/MONTICHELVO - La Vall d&#039;Albaida\">MONTITXELVO\/MONTICHELVO - La Vall d&#039;Albaida<\/option><option value=\"MONTROY - La Ribera Alta\">MONTROY - La Ribera Alta<\/option><option value=\"MONTSERRAT - La Ribera Alta\">MONTSERRAT - La Ribera Alta<\/option><option value=\"MUSEROS - L&#039;Horta Nord\">MUSEROS - L&#039;Horta Nord<\/option><option value=\"N\u00c0QUERA - El Camp de T\u00faria\">N\u00c0QUERA - El Camp de T\u00faria<\/option><option value=\"NAVARR\u00c9S - La Canal de Navarr\u00e9s\">NAVARR\u00c9S - La Canal de Navarr\u00e9s<\/option><option value=\"NOVEL\u00c9\/NOVETL\u00c8 - La Costera\">NOVEL\u00c9\/NOVETL\u00c8 - La Costera<\/option><option value=\"OLIVA - La Safor\">OLIVA - La Safor<\/option><option value=\"OLLERIA (L&#039;) - La Vall d&#039;Albaida\">OLLERIA (L&#039;) - La Vall d&#039;Albaida<\/option><option value=\"OLOCAU - El Camp de T\u00faria\">OLOCAU - El Camp de T\u00faria<\/option><option value=\"ONTINYENT - La Vall d&#039;Albaida\">ONTINYENT - La Vall d&#039;Albaida<\/option><option value=\"OTOS - La Vall d&#039;Albaida\">OTOS - La Vall d&#039;Albaida<\/option><option value=\"PAIPORTA - L&#039;Horta Sud\">PAIPORTA - L&#039;Horta Sud<\/option><option value=\"PALMA DE GANDIA - La Safor\">PALMA DE GANDIA - La Safor<\/option><option value=\"PALMERA - La Safor\">PALMERA - La Safor<\/option><option value=\"PALOMAR (EL) - La Vall d&#039;Albaida\">PALOMAR (EL) - La Vall d&#039;Albaida<\/option><option value=\"PATERNA - L&#039;Horta Oest\">PATERNA - L&#039;Horta Oest<\/option><option value=\"PEDRALBA - Los Serranos\">PEDRALBA - Los Serranos<\/option><option value=\"PETR\u00c9S - Camp de Morvedre\">PETR\u00c9S - Camp de Morvedre<\/option><option value=\"PICANYA - L&#039;Horta Oest\">PICANYA - L&#039;Horta Oest<\/option><option value=\"PICASSENT - L&#039;Horta Sud\">PICASSENT - L&#039;Horta Sud<\/option><option value=\"PILES - La Safor\">PILES - La Safor<\/option><option value=\"PINET - La Vall d&#039;Albaida\">PINET - La Vall d&#039;Albaida<\/option><option value=\"POBLA DE FARNALS (LA) - L&#039;Horta Nord\">POBLA DE FARNALS (LA) - L&#039;Horta Nord<\/option><option value=\"POBLA DE VALLBONA (LA) - El Camp de T\u00faria\">POBLA DE VALLBONA (LA) - El Camp de T\u00faria<\/option><option value=\"POBLA DEL DUC (LA) - La Vall d&#039;Albaida\">POBLA DEL DUC (LA) - La Vall d&#039;Albaida<\/option><option value=\"POBLA LLARGA (LA) - La Ribera Alta\">POBLA LLARGA (LA) - La Ribera Alta<\/option><option value=\"POLINY\u00c0 DE X\u00daQUER - La Ribera Baixa\">POLINY\u00c0 DE X\u00daQUER - La Ribera Baixa<\/option><option value=\"POTRIES - La Safor\">POTRIES - La Safor<\/option><option value=\"PU\u00c7OL - L&#039;Horta Nord\">PU\u00c7OL - L&#039;Horta Nord<\/option><option value=\"PUEBLA DE SAN MIGUEL - Rinc\u00f3n de Ademuz\">PUEBLA DE SAN MIGUEL - Rinc\u00f3n de Ademuz<\/option><option value=\"PUIG DE SANTA MARIA (EL) - L&#039;Horta Nord\">PUIG DE SANTA MARIA (EL) - L&#039;Horta Nord<\/option><option value=\"QUART DE LES VALLS - Camp de Morvedre\">QUART DE LES VALLS - Camp de Morvedre<\/option><option value=\"QUART DE POBLET - L&#039;Horta Oest\">QUART DE POBLET - L&#039;Horta Oest<\/option><option value=\"QUARTELL - Camp de Morvedre\">QUARTELL - Camp de Morvedre<\/option><option value=\"QUATRETONDA - La Vall d&#039;Albaida\">QUATRETONDA - La Vall d&#039;Albaida<\/option><option value=\"QUESA - La Canal de Navarr\u00e9s\">QUESA - La Canal de Navarr\u00e9s<\/option><option value=\"RAFELBUNYOL - L&#039;Horta Nord\">RAFELBUNYOL - L&#039;Horta Nord<\/option><option value=\"RAFELCOFER - La Safor\">RAFELCOFER - La Safor<\/option><option value=\"RAFELGUARAF - La Ribera Alta\">RAFELGUARAF - La Ribera Alta<\/option><option value=\"R\u00c0FOL DE SALEM - La Vall d&#039;Albaida\">R\u00c0FOL DE SALEM - La Vall d&#039;Albaida<\/option><option value=\"REAL - La Ribera Alta\">REAL - La Ribera Alta<\/option><option value=\"REAL DE GANDIA - La Safor\">REAL DE GANDIA - La Safor<\/option><option value=\"REQUENA - La Plana de Utiel Requena\">REQUENA - La Plana de Utiel Requena<\/option><option value=\"RIBA-ROJA DE T\u00daRIA - El Camp de T\u00faria\">RIBA-ROJA DE T\u00daRIA - El Camp de T\u00faria<\/option><option value=\"RIOLA - La Ribera Baixa\">RIOLA - La Ribera Baixa<\/option><option value=\"ROCAFORT - L&#039;Horta Nord\">ROCAFORT - L&#039;Horta Nord<\/option><option value=\"ROTGL\u00c0 I CORBER\u00c0 - La Costera\">ROTGL\u00c0 I CORBER\u00c0 - La Costera<\/option><option value=\"R\u00d2TOVA - La Safor\">R\u00d2TOVA - La Safor<\/option><option value=\"RUGAT - La Vall d&#039;Albaida\">RUGAT - La Vall d&#039;Albaida<\/option><option value=\"SAGUNTO\/SAGUNT - Camp de Morvedre\">SAGUNTO\/SAGUNT - Camp de Morvedre<\/option><option value=\"SALEM - La Vall d&#039;Albaida\">SALEM - La Vall d&#039;Albaida<\/option><option value=\"SAN ANTONIO DE BENAG\u00c9BER - El Camp de T\u00faria\">SAN ANTONIO DE BENAG\u00c9BER - El Camp de T\u00faria<\/option><option value=\"SANT JOANET - La Ribera Alta\">SANT JOANET - La Ribera Alta<\/option><option value=\"SEDAVI - L&#039;Horta Sud\">SEDAVI - L&#039;Horta Sud<\/option><option value=\"SEGART - Camp de Morvedre\">SEGART - Camp de Morvedre<\/option><option value=\"SELLENT - La Ribera Alta\">SELLENT - La Ribera Alta<\/option><option value=\"SEMPERE - La Vall d&#039;Albaida\">SEMPERE - La Vall d&#039;Albaida<\/option><option value=\"SENYERA - La Ribera Alta\">SENYERA - La Ribera Alta<\/option><option value=\"SERRA - El Camp de T\u00faria\">SERRA - El Camp de T\u00faria<\/option><option value=\"SIETE AGUAS - La Hoya de Bu\u00f1ol\">SIETE AGUAS - La Hoya de Bu\u00f1ol<\/option><option value=\"SILLA - L&#039;Horta Sud\">SILLA - L&#039;Horta Sud<\/option><option value=\"SIMAT DE LA VALLDIGNA - La Safor\">SIMAT DE LA VALLDIGNA - La Safor<\/option><option value=\"SINARCAS - La Plana de Utiel Requena\">SINARCAS - La Plana de Utiel Requena<\/option><option value=\"SOLLANA - La Ribera Baixa\">SOLLANA - La Ribera Baixa<\/option><option value=\"SOT DE CHERA - Los Serranos\">SOT DE CHERA - Los Serranos<\/option><option value=\"SUECA - La Ribera Baixa\">SUECA - La Ribera Baixa<\/option><option value=\"SUMAC\u00c0RCER - La Ribera Alta\">SUMAC\u00c0RCER - La Ribera Alta<\/option><option value=\"TAVERNES BLANQUES - L&#039;Horta Nord\">TAVERNES BLANQUES - L&#039;Horta Nord<\/option><option value=\"TAVERNES DE LA VALLDIGNA - La Safor\">TAVERNES DE LA VALLDIGNA - La Safor<\/option><option value=\"TERESA DE COFRENTES - El Valle de Cofrentes-Ayora\">TERESA DE COFRENTES - El Valle de Cofrentes-Ayora<\/option><option value=\"TERRATEIG - La Vall d&#039;Albaida\">TERRATEIG - La Vall d&#039;Albaida<\/option><option value=\"TITAGUAS - Los Serranos\">TITAGUAS - Los Serranos<\/option><option value=\"TORREBAJA - Rinc\u00f3n de Ademuz\">TORREBAJA - Rinc\u00f3n de Ademuz<\/option><option value=\"TORRELLA - La Costera\">TORRELLA - La Costera<\/option><option value=\"TORRENT - L&#039;Horta Oest\">TORRENT - L&#039;Horta Oest<\/option><option value=\"TORRES TORRES - Camp de Morvedre\">TORRES TORRES - Camp de Morvedre<\/option><option value=\"TOUS - La Ribera Alta\">TOUS - La Ribera Alta<\/option><option value=\"TU\u00c9JAR - Los Serranos\">TU\u00c9JAR - Los Serranos<\/option><option value=\"TUR\u00cdS - La Ribera Alta\">TUR\u00cdS - La Ribera Alta<\/option><option value=\"UTIEL - La Plana de Utiel Requena\">UTIEL - La Plana de Utiel Requena<\/option><option value=\"VAL\u00c8NCIA - Valencia\">VAL\u00c8NCIA - Valencia<\/option><option value=\"VALLADA - La Costera\">VALLADA - La Costera<\/option><option value=\"VALLANCA - Rinc\u00f3n de Ademuz\">VALLANCA - Rinc\u00f3n de Ademuz<\/option><option value=\"VALL\u00c9S - La Costera\">VALL\u00c9S - La Costera<\/option><option value=\"VENTA DEL MORO - La Plana de Utiel Requena\">VENTA DEL MORO - La Plana de Utiel Requena<\/option><option value=\"VILALLONGA\/VILLALONGA - La Safor\">VILALLONGA\/VILLALONGA - La Safor<\/option><option value=\"VILAMARXANT - El Camp de T\u00faria\">VILAMARXANT - El Camp de T\u00faria<\/option><option value=\"VILLAR DEL ARZOBISPO - Los Serranos\">VILLAR DEL ARZOBISPO - Los Serranos<\/option><option value=\"VILLARGORDO DEL CABRIEL - La Plana de Utiel Requena\">VILLARGORDO DEL CABRIEL - La Plana de Utiel Requena<\/option><option value=\"VINALESA - L&#039;Horta Nord\">VINALESA - L&#039;Horta Nord<\/option><option value=\"X\u00c0TIVA - La Costera\">X\u00c0TIVA - La Costera<\/option><option value=\"X\u00c0TIVA ENCLAVE - La Costera\">X\u00c0TIVA ENCLAVE - La Costera<\/option><option value=\"XERACO - La Safor\">XERACO - La Safor<\/option><option value=\"XERESA - La Safor\">XERESA - La Safor<\/option><option value=\"XIRIVELLA - L&#039;Horta Oest\">XIRIVELLA - L&#039;Horta Oest<\/option><option value=\"Y\u00c1TOVA - La Hoya de Bu\u00f1ol\">Y\u00c1TOVA - La Hoya de Bu\u00f1ol<\/option><option value=\"YESA (LA) - Los Serranos\">YESA (LA) - Los Serranos<\/option><option value=\"ZARRA - El Valle de Cofrentes-Ayora\">ZARRA - El Valle de Cofrentes-Ayora<\/option><\/select><\/span>\n<\/p>\n<p><strong>Clasificaci\u00f3n de la actuaci\u00f3n<\/strong> (requerido)\n<\/p>\n<p><span class=\"wpcf7-form-control-wrap actuacion\"><span class=\"wpcf7-form-control wpcf7-radio\"><span class=\"wpcf7-list-item first\"><input type=\"radio\" name=\"actuacion\" value=\"Fajas Perimetrales en Zonas Interfaz Urbano-Forestal\" \/><span class=\"wpcf7-list-item-label\"><strong>Fajas Perimetrales en Zonas Interfaz Urbano-Forestal<\/strong><br \/>\nActuaciones que persiguen crear una zona de seguridad entre las zonas urbanizadas y el terreno forestal, procurando una discontinuidad de la vegetaci\u00f3n.<\/span><\/span><span style=\"margin-left:30px;\"><span class=\"wpcf7-form-control-wrap actuacion1a\"><span class=\"wpcf7-form-control wpcf7-radio\"><span class=\"wpcf7-list-item first\"><input type=\"radio\" name=\"actuacion1a\" value=\"El n\u00facleo dispone de Plan de Autoprotecci\u00f3n\" \/><span class=\"wpcf7-list-item-label\">El n\u00facleo dispone de Plan de Autoprotecci\u00f3n<\/span><br \/>\n<input type=\"radio\" name=\"actuacion1a\" value=\"La zona dispone de hidrantes de acuerdo con lo establecido en la normativa de protecci\u00f3n contra incendios\" \/><span class=\"wpcf7-list-item-label\">La zona dispone de hidrantes de acuerdo con lo establecido en la normativa de protecci\u00f3n contra incendios<\/span><\/span><\/span><\/span><\/span><br \/>\n<span class=\"wpcf7-list-item\"><input type=\"radio\" name=\"actuacion\" value=\"Dep\u00f3sitos, puntos agua\/vigilancia\" \/><span class=\"wpcf7-list-item-label\"><strong>Dep\u00f3sitos, puntos agua\/vigilancia<\/strong><br \/>\nAdecuaci\u00f3n de la vegetaci\u00f3n en los entornos de estas infraestructuras y otras equivalentes de prevenci\u00f3n y extinci\u00f3n de incendios, para permitir que se puedan usar de forma segura y eficiente.<\/span><\/span><br \/>\n<span class=\"wpcf7-list-item\"><input type=\"radio\" name=\"actuacion\" value=\"Puntos Estrat\u00e9gicos de Gesti\u00f3n (PEG)\" \/><span class=\"wpcf7-list-item-label\"><strong>Puntos Estrat\u00e9gicos de Gesti\u00f3n (PEG)<\/strong><br \/>\nTratamientos selv\u00edcolas en PEG, prioritariamente aquellos que vengan recogidos en los Planes de Prevenci\u00f3n de Incendios Forestales y cuyo objetivo ser\u00e1 reducir el impacto e intensidad de los incendios alrededor de \u00e1reas urbanizadas y viviendas.<\/span><\/span><br \/>\n<span class=\"wpcf7-list-item\"><input type=\"radio\" name=\"actuacion\" value=\"Tratamientos Selv\u00edcolas Operativos\" \/><span class=\"wpcf7-list-item-label\"><strong>Tratamientos Selv\u00edcolas Operativos<\/strong><br \/>\nTratamientos selv\u00edcolas, que a criterio del CPBV, sean necesarios para ofrecer a los medios de extinci\u00f3n unas condiciones \u00f3ptimas de seguridad en sus intervenciones y maniobras.<\/span><\/span><br \/>\n<span class=\"wpcf7-list-item\"><input type=\"radio\" name=\"actuacion\" value=\"Caminos forestales\" \/><span class=\"wpcf7-list-item-label\"><strong>Caminos forestales<\/strong><br \/>\nDesbroce de cunetas y poda de ramas que pudieran dificultar la visibilidad y el tr\u00e1nsito de veh\u00edculos de emergencia por caminos y v\u00edas forestales, con implicaci\u00f3n en la prevenci\u00f3n y extinci\u00f3n de incendios forestales. En concreto los trabajos se centrar\u00e1n en aquellos viales que permitan y aseguren la evacuaci\u00f3n de las poblaciones en zonas forestales, as\u00ed como el acceso de los medios de extinci\u00f3n.<\/span><\/span><br \/>\n<span class=\"wpcf7-list-item\"><input type=\"radio\" name=\"actuacion\" value=\"Gesti\u00f3n de la vegetaci\u00f3n en cauces\" \/><span class=\"wpcf7-list-item-label\"><strong>Gesti\u00f3n de la vegetaci\u00f3n en cauces<\/strong><br \/>\nTratamiento de la vegetaci\u00f3n invasora y\/o obstructiva en el Dominio P\u00fablico Hidr\u00e1ulico (DPH), para reducir el riesgo de incendio y aumentar la capacidad de desag\u00fce. Estas actuaciones s\u00f3lo se desarrollar\u00e1n en zonas de interfaz urbano forestal.<\/span><\/span><br \/>\n<span class=\"wpcf7-list-item last\"><input type=\"radio\" name=\"actuacion\" value=\"Urgencia Temporal\" \/><span class=\"wpcf7-list-item-label\"><strong>Urgencia Temporal<\/strong><br \/>\nActuaciones desarrolladas principalmente tras temporales de lluvia, viento o nieve que hayan provocado da\u00f1os en el arbolado y, por tanto, exista una gran acumulaci\u00f3n de restos vegetales no viables que no suponen un riesgo inminente para la poblaci\u00f3n y\/o infraestructuras.<\/span><\/span><\/span><\/span>\n<\/p>\n<p><strong>1. Datos del\/de la Solicitante (1)<\/strong>\n<\/p>\n<p><span id=\"wpcf7-69f0906c8c29d-wrapper\" class=\"wpcf7-form-control-wrap website-wrap\" style=\"display:none !important; visibility:hidden !important;\"><label for=\"wpcf7-69f0906c8c29d-field\" class=\"hp-message\">Please leave this field empty.<\/label><input id=\"wpcf7-69f0906c8c29d-field\"  class=\"wpcf7-form-control wpcf7-text\" type=\"text\" name=\"website\" value=\"\" size=\"40\" tabindex=\"-1\" autocomplete=\"new-password\" \/><\/span>\n<\/p>\n<p>Nombre y apellidos (requerido)\n<\/p>\n<p><span class=\"wpcf7-form-control-wrap\" data-name=\"nombre_apellidos\"><input size=\"40\" maxlength=\"400\" class=\"wpcf7-form-control wpcf7-text wpcf7-validates-as-required\" aria-required=\"true\" aria-invalid=\"false\" value=\"\" type=\"text\" name=\"nombre_apellidos\" \/><\/span>\n<\/p>\n<p>Cargo (requerido)\n<\/p>\n<p><span class=\"wpcf7-form-control-wrap\" data-name=\"Cargo\"><input size=\"40\" maxlength=\"400\" class=\"wpcf7-form-control wpcf7-text wpcf7-validates-as-required\" aria-required=\"true\" aria-invalid=\"false\" value=\"\" type=\"text\" name=\"Cargo\" \/><\/span>\n<\/p>\n<p>Nombre persona de contacto (t\u00e9nico, ADL, etc) (requerido)\n<\/p>\n<p><span class=\"wpcf7-form-control-wrap\" data-name=\"persona_contacto\"><input size=\"40\" maxlength=\"400\" class=\"wpcf7-form-control wpcf7-text wpcf7-validates-as-required\" aria-required=\"true\" aria-invalid=\"false\" value=\"\" type=\"text\" name=\"persona_contacto\" \/><\/span>\n<\/p>\n<p>Entidad (requerido)\n<\/p>\n<p><span class=\"wpcf7-form-control-wrap\" data-name=\"Entidad\"><input size=\"40\" maxlength=\"400\" class=\"wpcf7-form-control wpcf7-text wpcf7-validates-as-required\" aria-required=\"true\" aria-invalid=\"false\" value=\"\" type=\"text\" name=\"Entidad\" \/><\/span>\n<\/p>\n<p>Correo electr\u00f3nico (requerido)\n<\/p>\n<p><span class=\"wpcf7-form-control-wrap\" data-name=\"Correo\"><input size=\"40\" maxlength=\"400\" class=\"wpcf7-form-control wpcf7-email wpcf7-validates-as-required wpcf7-text wpcf7-validates-as-email\" aria-required=\"true\" aria-invalid=\"false\" value=\"\" type=\"email\" name=\"Correo\" \/><\/span>\n<\/p>\n<p>Tel\u00e9fono Oficina (requerido)\n<\/p>\n<p><span class=\"wpcf7-form-control-wrap\" data-name=\"Telefono\"><input size=\"40\" maxlength=\"400\" minlength=\"9\" class=\"wpcf7-form-control wpcf7-tel wpcf7-validates-as-required wpcf7-text wpcf7-validates-as-tel\" aria-required=\"true\" aria-invalid=\"false\" value=\"\" type=\"tel\" name=\"Telefono\" \/><\/span>\n<\/p>\n<p>M\u00f3vil (requerido)\n<\/p>\n<p><span class=\"wpcf7-form-control-wrap\" data-name=\"Movil\"><input size=\"40\" maxlength=\"400\" class=\"wpcf7-form-control wpcf7-text wpcf7-validates-as-required\" aria-required=\"true\" aria-invalid=\"false\" value=\"\" type=\"text\" name=\"Movil\" \/><\/span>\n<\/p>\n<p>Direcci\u00f3n (requerido)\n<\/p>\n<p><span class=\"wpcf7-form-control-wrap\" data-name=\"Direccion\"><input size=\"40\" maxlength=\"400\" class=\"wpcf7-form-control wpcf7-text wpcf7-validates-as-required\" aria-required=\"true\" aria-invalid=\"false\" value=\"\" type=\"text\" name=\"Direccion\" \/><\/span>\n<\/p>\n<p>C\u00f3digo Postal (requerido)\n<\/p>\n<p><span class=\"wpcf7-form-control-wrap\" data-name=\"CP\"><input size=\"40\" maxlength=\"400\" class=\"wpcf7-form-control wpcf7-text wpcf7-validates-as-required\" aria-required=\"true\" aria-invalid=\"false\" value=\"\" type=\"text\" name=\"CP\" \/><\/span>\n<\/p>\n<p><strong>2. Ubicaci\u00f3n de la Actuaci\u00f3n<\/strong>\n<\/p>\n<p>UBICACI\u00d3N \u00c1REA DE LA ACTUACI\u00d3N (requerido): Adjuntar archivo kml del trazado de la actuaci\u00f3n solicitada (o bien shp, GeoJSON,etc) (M\u00e1x. 1Mb)<br \/>\n<a href=\"https:\/\/www.bombersdv.es\/wp-content\/uploads\/2022\/07\/TUTORIAL-OBTENCION-ARCHIVO-KML_CAS.pdf\" target=\"_blank\" style=\"color:#0093FF\">Tutorial obtenci\u00f3n archivo KML<\/a><br \/>\n<span class=\"wpcf7-form-control-wrap\" data-name=\"fichero_ubicacion\"><input size=\"40\" class=\"wpcf7-form-control wpcf7-file wpcf7-validates-as-required\" accept=\".kml,.gml,.kmz,.zip,.rar,.7z,.json,.geojson,.shp,.gpkp\" aria-required=\"true\" aria-invalid=\"false\" type=\"file\" name=\"fichero_ubicacion\" \/><\/span>\n<\/p>\n<p>PLANOS CATASTRALES de la\/s parcela\/s afectadas (Consulta descriptiva y gr\u00e1fica del catastro) (M\u00e1x. 5Mb)<br \/>\n<a href=\"https:\/\/www1.sedecatastro.gob.es\/CYCBienInmueble\/OVCBusqueda.aspx?from=\" target=\"_blank\" style=\"color:#0093FF\">Sede Electr\u00f3nica del Catastro<\/a><br \/>\n<span class=\"wpcf7-form-control-wrap\" data-name=\"fichero_catastrales2\"><input size=\"40\" class=\"wpcf7-form-control wpcf7-file\" accept=\".pdf,.kml,.gml,.kmz,.zip,.rar,.7z,.png,.jpg,.jpeg,.json,.geojson,.gpkp\" aria-invalid=\"false\" type=\"file\" name=\"fichero_catastrales2\" \/><\/span>\n<\/p>\n<p>Nombre del Lugar (Cauce \/ Barranco \/ Monte \/ Camino afectado) (requerido)\n<\/p>\n<p><span class=\"wpcf7-form-control-wrap\" data-name=\"Nombre_lugar\"><input size=\"40\" maxlength=\"400\" class=\"wpcf7-form-control wpcf7-text wpcf7-validates-as-required\" aria-required=\"true\" aria-invalid=\"false\" value=\"\" type=\"text\" name=\"Nombre_lugar\" \/><\/span>\n<\/p>\n<p>Finca\/Paraje (requerido)\n<\/p>\n<p><span class=\"wpcf7-form-control-wrap\" data-name=\"Finca\"><input size=\"40\" maxlength=\"400\" class=\"wpcf7-form-control wpcf7-text wpcf7-validates-as-required\" aria-required=\"true\" aria-invalid=\"false\" value=\"\" type=\"text\" name=\"Finca\" \/><\/span>\n<\/p>\n<p>T\u00e9rmino Municipal (requerido)\n<\/p>\n<p><span class=\"wpcf7-form-control-wrap\" data-name=\"Termino\"><input size=\"40\" maxlength=\"400\" class=\"wpcf7-form-control wpcf7-text wpcf7-validates-as-required\" aria-required=\"true\" aria-invalid=\"false\" value=\"\" type=\"text\" name=\"Termino\" \/><\/span>\n<\/p>\n<p><strong>3. CARACTER\u00cdSTICAS DE LA ACTUACI\u00d3N (2)<\/strong>\n<\/p>\n<p>Dimensiones\n<\/p>\n<p>Longitud (m) (requerido)\n<\/p>\n<p><span class=\"wpcf7-form-control-wrap\" data-name=\"Longitud\"><input size=\"40\" maxlength=\"400\" class=\"wpcf7-form-control wpcf7-text wpcf7-validates-as-required\" aria-required=\"true\" aria-invalid=\"false\" value=\"\" type=\"text\" name=\"Longitud\" \/><\/span>\n<\/p>\n<p>Ancho medio (m) (requerido)\n<\/p>\n<p><span class=\"wpcf7-form-control-wrap\" data-name=\"Anchomedio\"><input size=\"40\" maxlength=\"400\" class=\"wpcf7-form-control wpcf7-text wpcf7-validates-as-required\" aria-required=\"true\" aria-invalid=\"false\" value=\"\" type=\"text\" name=\"Anchomedio\" \/><\/span>\n<\/p>\n<p>Superficie total (m2) (requerido)\n<\/p>\n<p><span class=\"wpcf7-form-control-wrap\" data-name=\"Superficietotal\"><input size=\"40\" maxlength=\"400\" class=\"wpcf7-form-control wpcf7-text wpcf7-validates-as-required\" aria-required=\"true\" aria-invalid=\"false\" value=\"\" type=\"text\" name=\"Superficietotal\" \/><\/span>\n<\/p>\n<p>Breve descripci\u00f3n de la actuaci\u00f3n (resumen de la memoria) (requerido)\n<\/p>\n<p><span class=\"wpcf7-form-control-wrap\" data-name=\"descripcion\"><textarea cols=\"40\" rows=\"10\" maxlength=\"2000\" class=\"wpcf7-form-control wpcf7-textarea wpcf7-validates-as-required\" aria-required=\"true\" aria-invalid=\"false\" name=\"descripcion\"><\/textarea><\/span>\n<\/p>\n<p>Actuaci\u00f3n (requerido)<br \/>\n<span class=\"wpcf7-form-control-wrap Actuacion\"><span class=\"wpcf7-form-control wpcf7-checkbox wpcf7-validates-as-required\"><br \/>\n<span class=\"wpcf7-list-item first\"><label><input type=\"checkbox\" name=\"Actuacion[]\" value=\"Existencia de Plan Local de Prevenci\u00f3n de Incendios\" \/><span class=\"wpcf7-list-item-label\">Existencia de Plan Local de Prevenci\u00f3n de Incendios<\/span><\/label><br \/>\n<span class=\"wpcf7-form-control-wrap Actuacion1\"><span class=\"wpcf7-form-control wpcf7-radio\"><span class=\"wpcf7-list-item first\"><span class=\"wpcf7-list-item-label\">Aprobado<\/span><input type=\"radio\" name=\"Actuacion1\" value=\"Aprobado\" \/><\/span><span class=\"wpcf7-list-item last\"><span class=\"wpcf7-list-item-label\">Pendiente<\/span><input type=\"radio\" name=\"Actuacion1\" value=\"Pendiente\" \/><\/span><\/span><\/span><\/span><br \/>\n<span class=\"wpcf7-list-item\"><label><input type=\"checkbox\" name=\"Actuacion[]\" value=\"Existencia de Plan de Actuaci\u00f3n Municipal ante el riesgo de Incendios Forestales\" \/><span class=\"wpcf7-list-item-label\">Existencia de Plan de Actuaci\u00f3n Municipal ante el riesgo de Incendios Forestales<\/span><\/label><br \/>\n<span class=\"wpcf7-form-control-wrap Actuacion1a\"><span class=\"wpcf7-form-control wpcf7-radio\"><span class=\"wpcf7-list-item first\"><span class=\"wpcf7-list-item-label\">Aprobado<\/span><input type=\"radio\" name=\"Actuacion1a\" value=\"Aprobado\" \/><\/span><span class=\"wpcf7-list-item last\"><span class=\"wpcf7-list-item-label\">Pendiente<\/span><input type=\"radio\" name=\"Actuacion1a\" value=\"Pendiente\" \/><\/span><\/span><\/span><\/span><br \/>\n<span class=\"wpcf7-list-item last\"><label><input type=\"checkbox\" name=\"Actuacion[]\" value=\"Actuaci\u00f3n inclu\u00edda en:\" \/><span class=\"wpcf7-list-item-label\">Actuaci\u00f3n inclu\u00edda en:<\/span><\/label><span class=\"wpcf7-form-control-wrap Actuacion2\"><span class=\"wpcf7-form-control wpcf7-checkbox\"><br \/>\n<span class=\"wpcf7-list-item first\"><label><input type=\"checkbox\" name=\"Actuacion2[]\" value=\"Planes de prevenci\u00f3n de Incendios Forestales de Demarcaci\u00f3n\" \/><span class=\"wpcf7-list-item-label\">Planes de prevenci\u00f3n de Incendios Forestales de Demarcaci\u00f3n<\/span><\/label><\/span><br \/>\n<span class=\"wpcf7-list-item\"><label><input type=\"checkbox\" name=\"Actuacion2[]\" value=\"Planes locales de Prevenci\u00f3n de Incendios Forestales de la Red de Espacios Naturales\" \/><span class=\"wpcf7-list-item-label\">Planes locales de Prevenci\u00f3n de Incendios Forestales de la Red de Espacios Naturales<\/span><\/label><\/span><br \/>\n<span class=\"wpcf7-list-item\"><label><input type=\"checkbox\" name=\"Actuacion2[]\" value=\"Planes locales de Prevenci\u00f3n de Incendios\" \/><span class=\"wpcf7-list-item-label\">Planes locales de Prevenci\u00f3n de Incendios<\/span><\/label><\/span><br \/>\n<span class=\"wpcf7-list-item last\"><label><input type=\"checkbox\" name=\"Actuacion2[]\" value=\"Existencia de Plan de Actuaci\u00f3n Municipal ante el riesgo de Incendios Forestales\" \/><span class=\"wpcf7-list-item-label\">Existencia de Plan de Actuaci\u00f3n Municipal ante el riesgo de Incendios Forestales<\/span><\/label><\/span><\/span><\/span> <\/span><\/span><\/span>\n<\/p>\n<p>Figuras de protecci\u00f3n existentes (requerido)\n<\/p>\n<p><span class=\"wpcf7-form-control-wrap\" data-name=\"Figuras\"><span class=\"wpcf7-form-control wpcf7-checkbox wpcf7-validates-as-required chk-br\"><span class=\"wpcf7-list-item first\"><label><input type=\"checkbox\" name=\"Figuras[]\" value=\"RN2000: ZEC, LIC, ZEPA\" \/><span class=\"wpcf7-list-item-label\">RN2000: ZEC, LIC, ZEPA<\/span><\/label><\/span><span class=\"wpcf7-list-item\"><label><input type=\"checkbox\" name=\"Figuras[]\" value=\"Paraje natural municipal\" \/><span class=\"wpcf7-list-item-label\">Paraje natural municipal<\/span><\/label><\/span><span class=\"wpcf7-list-item\"><label><input type=\"checkbox\" name=\"Figuras[]\" value=\"Parque Natural\/ Paisaje Natural\" \/><span class=\"wpcf7-list-item-label\">Parque Natural\/ Paisaje Natural<\/span><\/label><\/span><span class=\"wpcf7-list-item\"><label><input type=\"checkbox\" name=\"Figuras[]\" value=\"Terreno Forestal Estrat\u00e9gico\" \/><span class=\"wpcf7-list-item-label\">Terreno Forestal Estrat\u00e9gico<\/span><\/label><\/span><span class=\"wpcf7-list-item\"><label><input type=\"checkbox\" name=\"Figuras[]\" value=\"Microrreserva de Flora y\/o de Fauna\" \/><span class=\"wpcf7-list-item-label\">Microrreserva de Flora y\/o de Fauna<\/span><\/label><\/span><span class=\"wpcf7-list-item last\"><label><input type=\"checkbox\" name=\"Figuras[]\" value=\"Otras figuras\" \/><span class=\"wpcf7-list-item-label\">Otras figuras<\/span><\/label><\/span><\/span><\/span>\n<\/p>\n<div data-id=\"grupo-OtrasFiguras\" data-orig_data_id=\"grupo-OtrasFiguras\"  data-class=\"wpcf7cf_group\">\n\t<p style=\"margin-left:40px;\">Especificar otras figuras (V\u00edas pecuarias, Bienes Culturales, etc..): <span class=\"wpcf7-form-control-wrap\" data-name=\"OtrasFiguras\"><input size=\"40\" maxlength=\"400\" class=\"wpcf7-form-control wpcf7-text wpcf7-validates-as-required\" aria-required=\"true\" aria-invalid=\"false\" value=\"\" type=\"text\" name=\"OtrasFiguras\" \/><\/span>\n\t<\/p>\n<\/div>\n<p>Observaciones\n<\/p>\n<p><span class=\"wpcf7-form-control-wrap\" data-name=\"Observaciones\"><textarea cols=\"40\" rows=\"10\" maxlength=\"2000\" class=\"wpcf7-form-control wpcf7-textarea\" aria-invalid=\"false\" name=\"Observaciones\"><\/textarea><\/span>\n<\/p>\n<p><strong>4. Tipo de Terreno y Propiedad<\/strong>\n<\/p>\n<p>Tipo de terreno forestal (requerido)\n<\/p>\n<p><span class=\"wpcf7-form-control-wrap\" data-name=\"Tipoterreno\"><span class=\"wpcf7-form-control wpcf7-checkbox wpcf7-validates-as-required chk-br\"><span class=\"wpcf7-list-item first\"><label><input type=\"checkbox\" name=\"Tipoterreno[]\" value=\"Dominio P\u00fablico Hidra\u00falico (DHP)\" \/><span class=\"wpcf7-list-item-label\">Dominio P\u00fablico Hidra\u00falico (DHP)<\/span><\/label><\/span><span class=\"wpcf7-list-item\"><label><input type=\"checkbox\" name=\"Tipoterreno[]\" value=\"Monte de Utilidad P\u00fablica (MUP)\" \/><span class=\"wpcf7-list-item-label\">Monte de Utilidad P\u00fablica (MUP)<\/span><\/label><\/span><span class=\"wpcf7-list-item\"><label><input type=\"checkbox\" name=\"Tipoterreno[]\" value=\"Viales y Carreteras\" \/><span class=\"wpcf7-list-item-label\">Viales y Carreteras<\/span><\/label><\/span><span class=\"wpcf7-list-item last\"><label><input type=\"checkbox\" name=\"Tipoterreno[]\" value=\"Otros\" \/><span class=\"wpcf7-list-item-label\">Otros<\/span><\/label><\/span><\/span><\/span>\n<\/p>\n<div data-id=\"grupo-Otrosterrenos\" data-orig_data_id=\"grupo-Otrosterrenos\"  data-class=\"wpcf7cf_group\">\n\t<p style=\"margin-left:40px;\">Especificar otros terrenos: <span class=\"wpcf7-form-control-wrap\" data-name=\"Otrosterrenos\"><input size=\"40\" maxlength=\"400\" class=\"wpcf7-form-control wpcf7-text wpcf7-validates-as-required\" aria-required=\"true\" aria-invalid=\"false\" value=\"\" type=\"text\" name=\"Otrosterrenos\" \/><\/span>\n\t<\/p>\n<\/div>\n<p>Propiedad (requerido)\n<\/p>\n<p><span class=\"wpcf7-form-control-wrap\" data-name=\"Propiedad\"><span class=\"wpcf7-form-control wpcf7-checkbox wpcf7-validates-as-required chk-br\"><span class=\"wpcf7-list-item first\"><label><input type=\"checkbox\" name=\"Propiedad[]\" value=\"Confederaci\u00f3n Hidrogr\u00e1fica del J\u00facar\" \/><span class=\"wpcf7-list-item-label\">Confederaci\u00f3n Hidrogr\u00e1fica del J\u00facar<\/span><\/label><\/span><span class=\"wpcf7-list-item\"><label><input type=\"checkbox\" name=\"Propiedad[]\" value=\"Generalitat Valenciana\" \/><span class=\"wpcf7-list-item-label\">Generalitat Valenciana<\/span><\/label><\/span><span class=\"wpcf7-list-item\"><label><input type=\"checkbox\" name=\"Propiedad[]\" value=\"Privado\" \/><span class=\"wpcf7-list-item-label\">Privado<\/span><\/label><\/span><span class=\"wpcf7-list-item\"><label><input type=\"checkbox\" name=\"Propiedad[]\" value=\"Ayuntamiento\" \/><span class=\"wpcf7-list-item-label\">Ayuntamiento<\/span><\/label><\/span><span class=\"wpcf7-list-item\"><label><input type=\"checkbox\" name=\"Propiedad[]\" value=\"Ministerio\" \/><span class=\"wpcf7-list-item-label\">Ministerio<\/span><\/label><\/span><span class=\"wpcf7-list-item\"><label><input type=\"checkbox\" name=\"Propiedad[]\" value=\"Diputaci\u00f3n\" \/><span class=\"wpcf7-list-item-label\">Diputaci\u00f3n<\/span><\/label><\/span><span class=\"wpcf7-list-item last\"><label><input type=\"checkbox\" name=\"Propiedad[]\" value=\"Otros\" \/><span class=\"wpcf7-list-item-label\">Otros<\/span><\/label><\/span><\/span><\/span>\n<\/p>\n<div data-id=\"grupo-Otrospropiedad\" data-orig_data_id=\"grupo-Otrospropiedad\"  data-class=\"wpcf7cf_group\">\n\t<p style=\"margin-left:40px;\">Especificar propiedad: <span class=\"wpcf7-form-control-wrap\" data-name=\"Otrospropiedad\"><input size=\"40\" maxlength=\"400\" class=\"wpcf7-form-control wpcf7-text wpcf7-validates-as-required\" aria-required=\"true\" aria-invalid=\"false\" value=\"\" type=\"text\" name=\"Otrospropiedad\" \/><\/span>\n\t<\/p>\n<\/div>\n<p><strong>5. Documentaci\u00f3n a Adjuntar (3)<\/strong>\n<\/p>\n<p>ESCRITO FIRMADO POR LA ALCALD\u00cdA (requerido), dirigido a CPBV, solicitando que los trabajos de silvicultura preventiva sean realizados por parte de sus Brigadas. (M\u00e1x. 2Mb)<br \/>\n<a href=\"https:\/\/www.bombersdv.es\/wp-content\/uploads\/2022\/07\/ESCRITO-FIRMADO-POR-LA-ALCALDIA.pdf\" target=\"_blank\" style=\"color:#0093FF\">Modelo Escrito firmado por la alcald\u00eda<\/a><br \/>\n<span class=\"wpcf7-form-control-wrap\" data-name=\"fichero_alcaldia\"><input size=\"40\" class=\"wpcf7-form-control wpcf7-file wpcf7-validates-as-required\" accept=\".pdf,.kml,.gml,.kmz,.zip,.rar,.7z,.png,.jpg,.jpeg,.json,.geojson,.gpkp\" aria-required=\"true\" aria-invalid=\"false\" type=\"file\" name=\"fichero_alcaldia\" \/><\/span>\n<\/p>\n<p>UBICACI\u00d3N DE HIDRANTES: Si la solicitud es de la tipolog\u00eda 'Fajas Perimetrales en Zonas Interfaz Urbano-Forestal' adjuntar archivo de georreferenciaci\u00f3n de los hidrantes existentes en la zona solicitada (shp, kml, GeoJSON...) o archivo de coordinadas UTM ETRS89 de la ubicaci\u00f3n de estos. (M\u00e1x. 1Mb)<br \/>\n<span class=\"wpcf7-form-control-wrap\" data-name=\"fichero_hidrantes\"><input size=\"40\" class=\"wpcf7-form-control wpcf7-file\" accept=\".pdf,.kml,.gml,.kmz,.zip,.rar,.7z,.png,.jpg,.jpeg,.json,.geojson,.shp,.gpkp\" aria-invalid=\"false\" type=\"file\" name=\"fichero_hidrantes\" \/><\/span>\n<\/p>\n<p>MEMORIA DESCRIPTIVA de la actuaci\u00f3n y justificaci\u00f3n de la necesidad de la actuaci\u00f3n solicitada. En el caso de cauces y barrancos se incluir\u00e1 necesariamente la metodolog\u00eda de mantenimiento posterior. (M\u00e1x. 1Mb)<br \/>\n<span class=\"wpcf7-form-control-wrap\" data-name=\"fichero_modelo\"><input size=\"40\" class=\"wpcf7-form-control wpcf7-file\" accept=\".pdf,.kml,.gml,.kmz,.zip,.rar,.7z,.png,.jpg,.jpeg,.json,.geojson,.gpkp\" aria-invalid=\"false\" type=\"file\" name=\"fichero_modelo\" \/><\/span>\n<\/p>\n<p>FOTOGRAF\u00cdAS DE LA ZONA SOBRE LA QUE SE SOLICITA ACTUACI\u00d3N: Fotograf\u00edas del punto de Inicio y del punto de Fin, Estado actual de la vegetaci\u00f3n, etc. (M\u00e1x. 4Mb)<br \/>\n<span class=\"wpcf7-form-control-wrap\" data-name=\"fichero_fotografias\"><input size=\"40\" class=\"wpcf7-form-control wpcf7-file\" accept=\".pdf,.kml,.gml,.kmz,.zip,.rar,.7z,.png,.jpg,.jpeg,.json,.geojson,.gpkp\" aria-invalid=\"false\" type=\"file\" name=\"fichero_fotografias\" \/><\/span>\n<\/p>\n<p>AUTORIZACIONES NECESARIAS (4)<br \/>\nSi Vd. solicita Gesti\u00f3n de la vegetaci\u00f3n en cauces, es necesario adjuntar (ver 6.2):<br \/>\n1. AUTORIZACI\u00d3N DE LA CONFEDERACI\u00d3N HIDROGR\u00c1FICA DEL J\u00daCAR (CHJ) o DECLARACI\u00d3N RESPONSABLE AL ORGANISMO DE CUENCA (M\u00e1x. 2Mb)<br \/>\n<span class=\"wpcf7-form-control-wrap\" data-name=\"fichero_autorizaciones\"><input size=\"40\" class=\"wpcf7-form-control wpcf7-file\" accept=\".pdf,.kml,.gml,.kmz,.zip,.rar,.7z,.png,.jpg,.jpeg,.json,.geojson,.gpkp\" aria-invalid=\"false\" type=\"file\" name=\"fichero_autorizaciones\" \/><\/span>\n<\/p>\n\n<!--\n<p>En caso de estar en tr\u00e1mite, adjuntar copia de la solicitud a la CHJ. Dispone de un modelo para realizar dicha solicitud al Organismo de Cuenca: (M\u00e1x. 1Mb)\n<a href=\"https:\/\/www.bombersdv.es\/wp-content\/uploads\/2023\/02\/NUEVO_MODELO-CARTA-SOLICITUD-A-CHJ.doc\" target=\"_blank\" style=\"color:#0093FF\">Ver modelo<\/a>\n<span class=\"wpcf7-form-control-wrap\" data-name=\"fichero_CHJ\"><input size=\"40\" class=\"wpcf7-form-control wpcf7-file\" accept=\".pdf,.kml,.gml,.kmz,.zip,.rar,.7z,.png,.jpg,.jpeg,.json,.geojson,.gpkp\" aria-invalid=\"false\" type=\"file\" name=\"fichero_CHJ\" \/><\/span>\n<\/p>\n-->\n<p>2. CARTA DE COMPROMISO DE RETIRADA DE RESTOS Y DE MANTENIMIENTO POSTERIOR DIRIGIDA A CPBV: (M\u00e1x. 1Mb)<br \/>\n<a href=\"https:\/\/www.bombersdv.es\/wp-content\/uploads\/2024\/02\/MODELO-COMPROMISO-RETIRADA-RESTOS-Y-MANTENIMIENTO_rev2024.odt\" target=\"_blank\" style=\"color:#0093FF\">Ver modelo<\/a><br \/>\n<span class=\"wpcf7-form-control-wrap\" data-name=\"fichero_compromiso\"><input size=\"40\" class=\"wpcf7-form-control wpcf7-file\" accept=\".pdf,.kml,.gml,.kmz,.zip,.rar,.7z,.png,.jpg,.jpeg,.json,.geojson,.gpkp\" aria-invalid=\"false\" type=\"file\" name=\"fichero_compromiso\" \/><\/span>\n<\/p>\n<p>Si Vd. solicita una actuaci\u00f3n de Silvicultura Preventiva que afecta a carreteras\/viales de la Diputaci\u00f3n de Valencia y\/o la GV, adjuntar autorizaci\u00f3n (ver 6.3): (M\u00e1x. 1Mb)<br \/>\n<span class=\"wpcf7-form-control-wrap\" data-name=\"fichero_silvicultura\"><input size=\"40\" class=\"wpcf7-form-control wpcf7-file\" accept=\".pdf,.kml,.gml,.kmz,.zip,.rar,.7z,.png,.jpg,.jpeg,.json,.geojson,.gpkp\" aria-invalid=\"false\" type=\"file\" name=\"fichero_silvicultura\" \/><\/span>\n<\/p>\n<p>Si Vd. solicita una actuaci\u00f3n en la que se vean afectadas parcelas privadas, adjuntar escrito del Ayto. (ver 6.4.): (M\u00e1x. 1Mb)<br \/>\n<a href=\"https:\/\/www.bombersdv.es\/wp-content\/uploads\/2022\/07\/MODELO-PRIVADOS-CAS.pdf\" target=\"_blank\" style=\"color:#0093FF\">Ver modelo orientativo<\/a><br \/>\n<span class=\"wpcf7-form-control-wrap\" data-name=\"fichero_parcelas\"><input size=\"40\" class=\"wpcf7-form-control wpcf7-file\" accept=\".pdf,.kml,.gml,.kmz,.zip,.rar,.7z,.png,.jpg,.jpeg,.json,.geojson,.gpkp\" aria-invalid=\"false\" type=\"file\" name=\"fichero_parcelas\" \/><\/span>\n<\/p>\n<p><strong>6. Notas Aclaratorias<\/strong>\n<\/p>\n<p><br \/>\n<strong>(1)INFORMACI\u00d3N SOBRE PROTECCI\u00d3N DE DATOS (RGPD UE 2016\/679 de 27 de abril de 2016)<\/strong>\n<\/p>\n<table style=\"border-collapse: collapse; width: 100%;\" border=\"1\">\n\t<tbody>\n\t\t<tr>\n\t\t\t<td style=\"width: 14.5233%;\">\n\t\t\t\t<p><strong>Responsable<\/strong>\n\t\t\t\t<\/p>\n\t\t\t<\/td>\n\t\t\t<td style=\"width: 85.4767%;\">\n\t\t\t\t<p>Consorcio Provincial de Bomberos de Val\u00e8ncia\n\t\t\t\t<\/p>\n\t\t\t<\/td>\n\t\t<\/tr>\n\t\t<tr>\n\t\t\t<td style=\"width: 14.5233%;\">\n\t\t\t\t<p><strong>Finalidad<\/strong>\n\t\t\t\t<\/p>\n\t\t\t<\/td>\n\t\t\t<td style=\"width: 85.4767%;\">\n\t\t\t\t<p>Gestionar la solicitud y prestar el servicio solicitado\n\t\t\t\t<\/p>\n\t\t\t<\/td>\n\t\t<\/tr>\n\t\t<tr>\n\t\t\t<td style=\"width: 14.5233%;\">\n\t\t\t\t<p><strong>Legitimaci\u00f3n<\/strong>\n\t\t\t\t<\/p>\n\t\t\t<\/td>\n\t\t\t<td style=\"width: 85.4767%;\">\n\t\t\t\t<p>Obligaci\u00f3n legal y cumplimiento de una misi\u00f3n realizada en inter\u00e9s p\u00fablico\n\t\t\t\t<\/p>\n\t\t\t<\/td>\n\t\t<\/tr>\n\t\t<tr>\n\t\t\t<td style=\"width: 14.5233%;\">\n\t\t\t\t<p><strong>Destinatarios<\/strong>\n\t\t\t\t<\/p>\n\t\t\t<\/td>\n\t\t\t<td style=\"width: 85.4767%;\">\n\t\t\t\t<p>Los datos facilitados no se ceder\u00e1n, ni transferiran sin su consentimiento o con una previsi\u00f3n legal\n\t\t\t\t<\/p>\n\t\t\t<\/td>\n\t\t<\/tr>\n\t\t<tr>\n\t\t\t<td style=\"width: 14.5233%;\">\n\t\t\t\t<p><strong>Derechos<\/strong>\n\t\t\t\t<\/p>\n\t\t\t<\/td>\n\t\t\t<td style=\"width: 85.4767%;\">\n\t\t\t\t<p>De acceso, rectificaci\u00f3n, supresi\u00f3n, oposici\u00f3n y limitaci\u00f3n al tratamiento de sus datos seg\u00fan la legislaci\u00f3n vigente\n\t\t\t\t<\/p>\n\t\t\t<\/td>\n\t\t<\/tr>\n\t\t<tr>\n\t\t\t<td style=\"width: 14.5233%;\">\n\t\t\t\t<p><strong>Informaci\u00f3n Adicional<\/strong>\n\t\t\t\t<\/p>\n\t\t\t<\/td>\n\t\t\t<td style=\"width: 85.4767%;\">\n\t\t\t\t<p>Los datos de car\u00e1cter personal ser\u00e1n tratados por el Consorcio para el SPEIS de Valencia de acuerdo con la actividad de tratamiento de \"gesti\u00f3n de solicitudes y actividades de prevenci\u00f3n\". M\u00e1s informaci\u00f3n sobre el tratamiento y sus derechos en este <a href=\"https:\/\/www.bombersdv.es\/es\/informacion-tratamiento-datos-prevencion\/\" target=\"_blank\"  style=\"color:#0093FF\">enlace<\/a>\n\t\t\t\t<\/p>\n\t\t\t<\/td>\n\t\t<\/tr>\n\t<\/tbody>\n<\/table>\n<p><b>(2) En cuanto a las caracter\u00edsticas de la actuaci\u00f3n:<\/b><br \/>\n<b>Para actuaciones en cauces p\u00fablicos:<\/b> Ce\u00f1ir la solicitud a tramos de Dominio P\u00fablico Hidr\u00e1ulico (DPH) que sean competencia municipal (transcurren por zonas urbanas), o bien, aquellos tramos que se encuentren a menos de 50 metros de viviendas, infraestructuras, interfaz urbano forestal o zonas forestales.<br \/>\nNo se aceptar\u00e1n solicitudes de m\u00e1s de 30.000 m2, bien sea en un \u00fanico tramo o con la suma de varios en varias solicitudes.<br \/>\n<b>Para actuaciones de silvicultura preventiva:<\/b> Ce\u00f1ir la solicitud preferentemente a actuaciones que se encuentren recogidas en los Planes de Prevenci\u00f3n de Incendios existentes (Planes de demarcaci\u00f3n, Planes de la Red de Espacios Naturales, Planes Locales, etc.) y\/o actuaciones sobre zonas forestales y\/o zonas de interfaz urbano-forestal de propiedad preferentemente p\u00fablica.<br \/>\n<b>(3) En cuanto a documentaci\u00f3n a adjuntar:<\/b><br \/>\nDocumentaci\u00f3n m\u00ednima inicial sin perjuicio de que la posterior revisi\u00f3n de la misma haga necesario la aportaci\u00f3n de documentos complementarios o aclaraciones sobre lo ya presentado.<br \/>\n<b>(4) En cuanto a las autorizaciones necesarias:<\/b><br \/>\n\u2022 4.1. Si la actuaci\u00f3n de Silvicultura Preventiva en Terreno Forestal se ha de desarrollar fuera de Dominio P\u00fablico Hidr\u00e1ulico (DPH), y se encuentra dentro de las tipolog\u00edas incluidas en este formulario, no ser\u00e1 necesario que el Ayuntamiento solicite autorizaci\u00f3n a la Conseller\u00eda Competente en materia de Medio Ambiente para la realizaci\u00f3n de estos trabajos por parte de CPBV.<br \/>\n\u2022 4.2. Si la actuaci\u00f3n se ha de desarrollar en Dominio P\u00fablico Hidr\u00e1ulico (DPH) se ha de aportar:<br \/>\na) Declaraci\u00f3n responsable seg\u00fan procedimiento incorporado en la web de la CHJ:<a href=\"https:\/\/www.chj.es\/es-es\/ciudadano\/tramitesysolicitudes\/Paginas\/declaracionesresponsables.aspx\" target=\"_blank\" style=\"color:#0093FF\"> https:\/\/www.chj.es\/es-es\/ciudadano\/tramitesysolicitudes\/Paginas\/declaracionesresponsables.aspx<\/a> apartado INCENDIOS FORESTALES: actuaciones de prevenci\u00f3n y restauraci\u00f3n, o autorizaci\u00f3n del organismo de cuenca.<br \/>\nb) Compromiso de la retirada de restos de desbroce del cauce y el compromiso de mantenimiento posterior. No se aceptar\u00e1n solicitudes sin la carta de compromiso de retirada de restos y del mantenimiento.<br \/>\nc) Informe sobre la metodolog\u00eda de mantenimiento que se desarrollar\u00e1 en uno de los apartados de la memoria descriptiva de los trabajos solicitados. Se recomienda seguir las directrices del documento t\u00e9cnico \u201cBases para el manejo y control de Arundo donax L.(Ca\u00f1a com\u00fan)\u201d, editado por la Generalitat Valenciana.<br \/>\n\u2022 4.3. En caso de que la actuaci\u00f3n discurra por una carretera o vial de la Diputaci\u00f3n o la Gneralitat Valenciana se remitir\u00e1n las autorizaciones pertinentes para que puedan realizarse los trabajos por parte de las Brigadas de CPBV.\n<\/p>\n<p><input class=\"wpcf7-form-control wpcf7-submit has-spinner\" type=\"submit\" value=\"Enviar\" \/>\n<\/p>\n<!--\n\u2022 4.2. Si la actuaci\u00f3n se ha de desarrollar en Dominio P\u00fablico Hidr\u00e1ulico (DPH), se necesita la autorizaci\u00f3n de la CHJ. En la solicitud a dicho organismo se ha de adjuntar el compromiso de la retirada de restos de desbroce del cauce y el compromiso de mantenimiento posterior (Ver Modelo Anexo). No se aceptar\u00e1n solicitudes sin la carta de compromiso de retirada de restos y del mantenimiento. Adem\u00e1s, la metodolog\u00eda de mantenimiento se desarrollar\u00e1 en la memoria descriptiva de los trabajos solicitados (se recomienda seguir las directrices del documento t\u00e9cnico \u201cBases para el manejo y control de Arundo donax L.(Ca\u00f1a com\u00fan)\u201d, editado por la Generalitat Valenciana)\n--><div class=\"fusion-alert alert custom alert-custom fusion-alert-center wpcf7-response-output fusion-alert-capitalize awb-alert-native-link-color alert-dismissable awb-alert-close-boxed\" style=\"--awb-border-top-left-radius:0px;--awb-border-top-right-radius:0px;--awb-border-bottom-left-radius:0px;--awb-border-bottom-right-radius:0px;\" role=\"alert\"><div class=\"fusion-alert-content-wrapper\"><span class=\"fusion-alert-content\"><\/span><\/div><button type=\"button\" class=\"close toggle-alert\" data-dismiss=\"alert\" aria-label=\"Close\">&times;<\/button><\/div>\n<\/form>\n<\/div>\n<div class=\"fusion-clearfix\"><\/div><\/div><\/div><\/div><\/div><\/p>\n","protected":false},"excerpt":{"rendered":"","protected":false},"author":1131,"featured_media":0,"parent":40768,"menu_order":0,"comment_status":"closed","ping_status":"closed","template":"100-width.php","meta":{"footnotes":""},"class_list":["post-59303","page","type-page","status-publish","hentry"],"_links":{"self":[{"href":"https:\/\/www.bombersdv.es\/es\/wp-json\/wp\/v2\/pages\/59303"}],"collection":[{"href":"https:\/\/www.bombersdv.es\/es\/wp-json\/wp\/v2\/pages"}],"about":[{"href":"https:\/\/www.bombersdv.es\/es\/wp-json\/wp\/v2\/types\/page"}],"author":[{"embeddable":true,"href":"https:\/\/www.bombersdv.es\/es\/wp-json\/wp\/v2\/users\/1131"}],"replies":[{"embeddable":true,"href":"https:\/\/www.bombersdv.es\/es\/wp-json\/wp\/v2\/comments?post=59303"}],"version-history":[{"count":13,"href":"https:\/\/www.bombersdv.es\/es\/wp-json\/wp\/v2\/pages\/59303\/revisions"}],"predecessor-version":[{"id":62048,"href":"https:\/\/www.bombersdv.es\/es\/wp-json\/wp\/v2\/pages\/59303\/revisions\/62048"}],"up":[{"embeddable":true,"href":"https:\/\/www.bombersdv.es\/es\/wp-json\/wp\/v2\/pages\/40768"}],"wp:attachment":[{"href":"https:\/\/www.bombersdv.es\/es\/wp-json\/wp\/v2\/media?parent=59303"}],"curies":[{"name":"wp","href":"https:\/\/api.w.org\/{rel}","templated":true}]}}