{"id":60865,"date":"2022-10-24T13:10:50","date_gmt":"2022-10-24T11:10:50","guid":{"rendered":"https:\/\/www.bombersdv.es\/?page_id=60865"},"modified":"2025-04-11T12:32:18","modified_gmt":"2025-04-11T10:32:18","slug":"urec","status":"publish","type":"page","link":"https:\/\/www.bombersdv.es\/es\/areas-operativas\/urec\/","title":{"rendered":"UREC"},"content":{"rendered":"<p><div class=\"fusion-fullwidth fullwidth-box fusion-builder-row-1 nonhundred-percent-fullwidth non-hundred-percent-height-scrolling\" style=\"--awb-border-radius-top-left:0px;--awb-border-radius-top-right:0px;--awb-border-radius-bottom-right:0px;--awb-border-radius-bottom-left:0px;--awb-flex-wrap:wrap;\" ><div class=\"fusion-builder-row fusion-row\"><div class=\"fusion-layout-column fusion_builder_column fusion-builder-column-0 fusion_builder_column_1_1 1_1 fusion-one-full fusion-column-first fusion-column-last\" style=\"--awb-bg-size:cover;\"><div class=\"fusion-column-wrapper fusion-flex-column-wrapper-legacy\"><div class=\"fusion-text fusion-text-1\"><p style=\"text-align: justify;\">La Unidad de Rescate en Emergencias y Cat\u00e1strofes (<strong>UREC<\/strong>) tiene como objetivo garantizar una respuesta adecuada, eficaz y organizada en todas las emergencias que, por sus caracter\u00edsticas, sea necesaria la intervenci\u00f3n de personal especialista en actuaciones ante derrumbamientos de edificios, movimientos de tierra u otros similares, con rescate o sin rescate de personas, con el fin de que dichas intervenciones se produzcan en condiciones de seguridad y eficacia. <div class=\"fusion-alignleft\"><a class=\"fusion-button button-flat button-medium button-default fusion-button-default button-1 fusion-button-default-span \" target=\"_self\" href=\"https:\/\/www.bombersdv.es\/es\/areas-operativas\/urec\/urec\/\"><span class=\"fusion-button-text\">Leer mas <\/span><\/a><\/div><\/p>\n<\/div><div class=\"fusion-clearfix\"><\/div><\/div><\/div><\/div><\/div><div class=\"fusion-fullwidth fullwidth-box fusion-builder-row-2 hundred-percent-fullwidth non-hundred-percent-height-scrolling fusion-equal-height-columns\" style=\"--awb-background-position:left top;--awb-border-sizes-top:0px;--awb-border-sizes-bottom:0px;--awb-border-sizes-left:0px;--awb-border-sizes-right:0px;--awb-border-radius-top-left:0px;--awb-border-radius-top-right:0px;--awb-border-radius-bottom-right:0px;--awb-border-radius-bottom-left:0px;--awb-padding-top:0px;--awb-padding-right:30px;--awb-padding-bottom:0px;--awb-padding-left:30px;--awb-flex-wrap:wrap;\" ><div class=\"fusion-builder-row fusion-row\"><div class=\"fusion-layout-column fusion_builder_column fusion-builder-column-1 fusion_builder_column_1_2 1_2 fusion-one-half fusion-column-first\" style=\"--awb-bg-size:cover;--awb-box-shadow: 0px 0px ;;--awb-border-color:#f90000;--awb-border-top:0;--awb-border-right:0;--awb-border-bottom:0;--awb-border-left:0;--awb-border-style:solid;width:50%;width:calc(50% - ( ( 4% ) * 0.5 ) );margin-right: 4%;\"><div class=\"fusion-column-wrapper fusion-column-has-shadow fusion-flex-column-wrapper-legacy\"><div class=\"fusion-text fusion-text-2\"><h3 style=\"text-align: center;\"><span style=\"color: #ff0000;\">Documentos de inter\u00e9s<\/span><\/h3>\n<\/div><ul style=\"--awb-line-height:23.8px;--awb-icon-width:23.8px;--awb-icon-height:23.8px;--awb-icon-margin:9.8px;--awb-content-margin:33.6px;--awb-circlecolor:#d32f13;--awb-circle-yes-font-size:12.32px;\" class=\"fusion-checklist fusion-checklist-1 fusion-checklist-default type-icons\"><li class=\"fusion-li-item\" style=\"\"><span class=\"icon-wrapper circle-yes\"><i class=\"fusion-li-icon fa-align-justify fas\" aria-hidden=\"true\"><\/i><\/span><div class=\"fusion-li-item-content\">\n<p><a href=\"https:\/\/www.bombersdv.es\/wp-content\/uploads\/2025\/04\/instruccion-urec-2025.pdf\" target=\"_blank\" rel=\"noopener\">Instrucci\u00f3n T\u00e9cnica de Funcionamiento Interno (Marzo 2025)<\/a> <em>Deroga las anteriores con las singularidades de su Disposici\u00f3n Final Segunda<\/em><\/p>\n<p><a href=\"https:\/\/www.bombersdv.es\/wp-content\/uploads\/2022\/09\/instruccion-tecnica-de-funcionamiento-urec.pdf\" target=\"_blank\" rel=\"noopener\">Normas de funcionamiento(2021) Derogada<\/a><\/p>\n<\/div><\/li><li class=\"fusion-li-item\" style=\"\"><span class=\"icon-wrapper circle-yes\"><i class=\"fusion-li-icon awb-icon-check\" aria-hidden=\"true\"><\/i><\/span><div class=\"fusion-li-item-content\">\n<p><a href=\"https:\/\/www.bombersdv.es\/wp-content\/uploads\/2022\/10\/MEMORIA_ANUAL_2021_JUSTIFICADO_CASTELLANO-urec-BAJA-FINAL.pdf\" target=\"_blank\" rel=\"noopener\">Memoria 2021<\/a><\/p>\n<\/div><\/li><li class=\"fusion-li-item\" style=\"\"><span class=\"icon-wrapper circle-yes\"><i class=\"fusion-li-icon awb-icon-check\" aria-hidden=\"true\"><\/i><\/span><div class=\"fusion-li-item-content\">\n<p><a href=\"https:\/\/www.bombersdv.es\/wp-content\/uploads\/2022\/10\/AF_Memoria_ConsorcioBomberosValencia_2020_urec-A4_Cast.pdf\" target=\"_blank\" rel=\"noopener\">Memoria 2020<\/a><\/p>\n<\/div><\/li><li class=\"fusion-li-item\" style=\"\"><span class=\"icon-wrapper circle-yes\"><i class=\"fusion-li-icon awb-icon-check\" aria-hidden=\"true\"><\/i><\/span><div class=\"fusion-li-item-content\">\n<p><a href=\"https:\/\/www.bombersdv.es\/wp-content\/uploads\/2022\/10\/MEMORIA-2019urec-castellano.pdf\" target=\"_blank\" rel=\"noopener\">Memoria 2019<\/a><\/p>\n<\/div><\/li><li class=\"fusion-li-item\" style=\"\"><span class=\"icon-wrapper circle-yes\"><i class=\"fusion-li-icon awb-icon-check\" aria-hidden=\"true\"><\/i><\/span><div class=\"fusion-li-item-content\">\n<p><a href=\"https:\/\/www.bombersdv.es\/es\/consorcio\/memorias-de-actividad\/memoria-2018-indice-2\/urec-18\/\" target=\"_blank\" rel=\"noopener\">Memoria 2018<\/a><\/p>\n<\/div><\/li><li class=\"fusion-li-item\" style=\"\"><span class=\"icon-wrapper circle-yes\"><i class=\"fusion-li-icon awb-icon-check\" aria-hidden=\"true\"><\/i><\/span><div class=\"fusion-li-item-content\">\n<p><a href=\"https:\/\/www.bombersdv.es\/es\/oposiciones\/procesos-en-marcha\/borses-de-treball\/2020-bt003-bolsa-adscripcion-a-la-unidad-de-rescate-en-emergencias-y-catastrofes-urec\/\" target=\"_blank\" rel=\"noopener\">2020\/BT003 Bolsa adscripci\u00f3n a la Unidad de Rescate en Emergencias y Cat\u00e1strofes (UREC).<\/a><\/p>\n<\/div><\/li><li class=\"fusion-li-item\" style=\"\"><span class=\"icon-wrapper circle-yes\"><i class=\"fusion-li-icon awb-icon-check\" aria-hidden=\"true\"><\/i><\/span><div class=\"fusion-li-item-content\">\n<p><a href=\"https:\/\/www.bombersdv.es\/wp-content\/uploads\/2018\/06\/protocolo-ONG-IAE252.pdf\" target=\"_blank\" rel=\"noopener\">Protocolo de colaboraci\u00f3n con la ONG Intervenci\u00f3n, Ayuda y Emergencias<\/a><\/p>\n<\/div><\/li><\/ul><ul style=\"--awb-iconcolor:#ff0000;--awb-line-height:23.8px;--awb-icon-width:23.8px;--awb-icon-height:23.8px;--awb-icon-margin:9.8px;--awb-content-margin:33.6px;--awb-circlecolor:#d32f13;--awb-circle-yes-font-size:12.32px;\" class=\"fusion-checklist fusion-checklist-2 fusion-checklist-default type-icons\"><li class=\"fusion-li-item\" style=\"\"><span class=\"icon-wrapper circle-yes\"><i class=\"fusion-li-icon awb-icon-check\" aria-hidden=\"true\"><\/i><\/span><div class=\"fusion-li-item-content\">\n<p><a href=\"https:\/\/www.bombersdv.es\/wp-content\/uploads\/2025\/01\/20241231_Manual_UREC-Completo.pdf\" target=\"_blank\" rel=\"noopener\">GUIA DE CAMPO UREC<\/a><\/p>\n<\/div><\/li><li class=\"fusion-li-item\" style=\"\"><span class=\"icon-wrapper circle-yes\"><i class=\"fusion-li-icon awb-icon-check\" aria-hidden=\"true\"><\/i><\/span><div class=\"fusion-li-item-content\">\n<p>Gu\u00edas de metodo:<\/p>\n<ul>\n<li><a href=\"https:\/\/www.bombersdv.es\/wp-content\/uploads\/2019\/04\/Guia-de-Metodo-Salvamento-y-Desescombro-Apeos-Verticales-Metalicos-2018.pdf\" target=\"_blank\" rel=\"noopener\">Apeos Verticales con puntales met\u00e1licos<\/a> (2018)<\/li>\n<li><a href=\"https:\/\/www.bombersdv.es\/wp-content\/uploads\/2019\/04\/Guia-de-Metodo-Salvamento-y-Desescombro-Bisagra-2018.pdf\" target=\"_blank\" rel=\"noopener\">Maniobra de la bisagra<\/a> (2018)<\/li>\n<li><a href=\"https:\/\/www.bombersdv.es\/wp-content\/uploads\/2019\/04\/Guia-de-Metodo-Salvamento-y-Desescombro-Identificacion-Lesiones-2018.pdf\" target=\"_blank\" rel=\"noopener\">Identificaci\u00f3n de lesiones en edificaciones<\/a> (2018)<\/li>\n<li><a href=\"https:\/\/www.bombersdv.es\/wp-content\/uploads\/2019\/04\/Guia-de-Metodo-Salvamento-y-Desescombro-Perforacion-Herramientas-Electricas-2018.pdf\" target=\"_blank\" rel=\"noopener\">T\u00e9cnicas de perforaci\u00f3n con herramientas el\u00e9ctricas<\/a> (2018)<\/li>\n<li><a href=\"https:\/\/www.bombersdv.es\/wp-content\/uploads\/2019\/04\/Guia-de-Metodo-Salvamento-y-Desescombro-Puntos-2018.pdf\" target=\"_blank\" rel=\"noopener\">Maniobra de los 4 puntos<\/a>. (2018)<\/li>\n<li><a href=\"https:\/\/www.bombersdv.es\/wp-content\/uploads\/2019\/04\/Guia-de-Metodo-Salvamento-y-Desescombro-Radial-2018.pdf\" target=\"_blank\" rel=\"noopener\">T\u00e9cnicas de corte con radial<\/a> (2018)<\/li>\n<li><a href=\"https:\/\/www.bombersdv.es\/wp-content\/uploads\/2019\/04\/Guia-de-Metodo-Salvamento-y-Desescombro-Tobogan-2018.pdf\" target=\"_blank\" rel=\"noopener\">Maniobra del tobog\u00e1n<\/a> (2018)<\/li>\n<li><a href=\"https:\/\/www.bombersdv.es\/wp-content\/uploads\/2019\/04\/Guia-de-Metodo-Salvamento-y-Desescombro-Traslado-Victimas-Superficies-Inestables-2018.pdf\" target=\"_blank\" rel=\"noopener\">Maniobra de traslado de v\u00edctimas por superficies inestables<\/a> (2018)<\/li>\n<\/ul>\n<\/div><\/li><\/ul><div class=\"fusion-clearfix\"><\/div><\/div><\/div><div class=\"fusion-layout-column fusion_builder_column fusion-builder-column-2 fusion_builder_column_1_2 1_2 fusion-one-half fusion-column-last\" style=\"--awb-bg-size:cover;width:50%;width:calc(50% - ( ( 4% ) * 0.5 ) );\"><div class=\"fusion-column-wrapper fusion-flex-column-wrapper-legacy\"><div class=\"fusion-text fusion-text-3\"><h3 style=\"text-align: center;\"><span style=\"color: #ff0000;\">Noticias relacionadas<\/span><\/h3>\n<\/div><div class=\"fusion-recent-posts fusion-recent-posts-1 avada-container layout-default layout-columns-3\"><section class=\"fusion-columns columns fusion-columns-3 columns-3\"><article class=\"post fusion-column column col col-lg-4 col-md-4 col-sm-4\"><div class=\"recent-posts-content\"><span class=\"vcard\" style=\"display: none;\"><span class=\"fn\"><a href=\"https:\/\/www.bombersdv.es\/es\/author\/jcalvillo\/\" title=\"Entradas de jcalvillo\" rel=\"author\">jcalvillo<\/a><\/span><\/span><span class=\"updated\" style=\"display:none;\">2026-03-30T09:21:48+02:00<\/span><h4 class=\"entry-title\"><a href=\"https:\/\/www.bombersdv.es\/es\/anunciada-la-licitacion-para-el-suministro-de-un-sistema-de-puntales-neumaticos\/\">Anunciada la licitaci\u00f3n para el suministro de un sistema de puntales neum\u00e1ticos<\/a><\/h4><p class=\"meta\"><span class=\"vcard\" style=\"display: none;\"><span class=\"fn\"><a href=\"https:\/\/www.bombersdv.es\/es\/author\/jcalvillo\/\" title=\"Entradas de jcalvillo\" rel=\"author\">jcalvillo<\/a><\/span><\/span><span class=\"updated\" style=\"display:none;\">2026-03-30T09:21:48+02:00<\/span><span>30\/03\/2026<\/span><span class=\"fusion-inline-sep\">|<\/span><span class=\"fusion-comments\"><span>Comentarios desactivados<span class=\"screen-reader-text\"> en Anunciada la licitaci\u00f3n para el suministro de un sistema de puntales neum\u00e1ticos<\/span><\/span><\/span><\/p><p>Lo siento, no tienes permiso para ver esta entrada.<\/p><\/div><\/article><article class=\"post fusion-column column col col-lg-4 col-md-4 col-sm-4\"><div class=\"recent-posts-content\"><span class=\"vcard\" style=\"display: none;\"><span class=\"fn\"><a href=\"https:\/\/www.bombersdv.es\/es\/author\/comunicacion\/\" title=\"Entradas de Gabinete de Comunicaci\u00f3n\" rel=\"author\">Gabinete de Comunicaci\u00f3n<\/a><\/span><\/span><span class=\"updated\" style=\"display:none;\">2025-05-28T22:24:38+02:00<\/span><h4 class=\"entry-title\"><a href=\"https:\/\/www.bombersdv.es\/es\/talleres-y-simulacro-anual-de-la-urec\/\">Talleres y simulacro anual de la UREC<\/a><\/h4><p class=\"meta\"><span class=\"vcard\" style=\"display: none;\"><span class=\"fn\"><a href=\"https:\/\/www.bombersdv.es\/es\/author\/comunicacion\/\" title=\"Entradas de Gabinete de Comunicaci\u00f3n\" rel=\"author\">Gabinete de Comunicaci\u00f3n<\/a><\/span><\/span><span class=\"updated\" style=\"display:none;\">2025-05-28T22:24:38+02:00<\/span><span>28\/05\/2025<\/span><span class=\"fusion-inline-sep\">|<\/span><span class=\"fusion-comments\"><span>Comentarios desactivados<span class=\"screen-reader-text\"> en Talleres y simulacro anual de la UREC<\/span><\/span><\/span><\/p><p>El Consorcio Provincial de Bomberos de Val\u00e8ncia ha llevado a cabo este mi\u00e9rcoles un simulacro de rescate por derrumbamiento de estructuras en las instalaciones de la antigua cementera de Bu\u00f1ol. Concretamente, las maniobras han sido [...]<\/p><\/div><\/article><article class=\"post fusion-column column col col-lg-4 col-md-4 col-sm-4\"><div class=\"fusion-flexslider fusion-flexslider-loading flexslider flexslider-hover-type-none\"><ul class=\"slides\"><li><a href=\"https:\/\/www.bombersdv.es\/es\/guia-de-campo-urec\/\" aria-label=\"Gu\u00eda de campo UREC\" class=\"hover-type-none\"><img decoding=\"async\" width=\"700\" height=\"978\" src=\"https:\/\/www.bombersdv.es\/wp-content\/uploads\/2025\/01\/portada-urec-700x978.jpeg\" class=\"attachment-recent-posts size-recent-posts\" alt=\"\" srcset=\"https:\/\/www.bombersdv.es\/wp-content\/uploads\/2025\/01\/portada-urec-66x92.jpeg 66w, https:\/\/www.bombersdv.es\/wp-content\/uploads\/2025\/01\/portada-urec-177x247.jpeg 177w, https:\/\/www.bombersdv.es\/wp-content\/uploads\/2025\/01\/portada-urec-200x279.jpeg 200w, https:\/\/www.bombersdv.es\/wp-content\/uploads\/2025\/01\/portada-urec-215x300.jpeg 215w, https:\/\/www.bombersdv.es\/wp-content\/uploads\/2025\/01\/portada-urec-300x419.jpeg 300w, https:\/\/www.bombersdv.es\/wp-content\/uploads\/2025\/01\/portada-urec-320x447.jpeg 320w, https:\/\/www.bombersdv.es\/wp-content\/uploads\/2025\/01\/portada-urec-400x559.jpeg 400w, https:\/\/www.bombersdv.es\/wp-content\/uploads\/2025\/01\/portada-urec-460x643.jpeg 460w, https:\/\/www.bombersdv.es\/wp-content\/uploads\/2025\/01\/portada-urec-540x755.jpeg 540w, https:\/\/www.bombersdv.es\/wp-content\/uploads\/2025\/01\/portada-urec-600x838.jpeg 600w, https:\/\/www.bombersdv.es\/wp-content\/uploads\/2025\/01\/portada-urec-669x935.jpeg 669w, https:\/\/www.bombersdv.es\/wp-content\/uploads\/2025\/01\/portada-urec-700x978.jpeg 700w, https:\/\/www.bombersdv.es\/wp-content\/uploads\/2025\/01\/portada-urec-733x1024.jpeg 733w, https:\/\/www.bombersdv.es\/wp-content\/uploads\/2025\/01\/portada-urec-768x1073.jpeg 768w, https:\/\/www.bombersdv.es\/wp-content\/uploads\/2025\/01\/portada-urec-800x1118.jpeg 800w, https:\/\/www.bombersdv.es\/wp-content\/uploads\/2025\/01\/portada-urec-940x1313.jpeg 940w, https:\/\/www.bombersdv.es\/wp-content\/uploads\/2025\/01\/portada-urec.jpeg 1080w\" sizes=\"(max-width: 700px) 100vw, 700px\" \/><\/a><\/li><\/ul><\/div><div class=\"recent-posts-content\"><span class=\"vcard\" style=\"display: none;\"><span class=\"fn\"><a href=\"https:\/\/www.bombersdv.es\/es\/author\/comunicacion\/\" title=\"Entradas de Gabinete de Comunicaci\u00f3n\" rel=\"author\">Gabinete de Comunicaci\u00f3n<\/a><\/span><\/span><span class=\"updated\" style=\"display:none;\">2025-01-30T11:18:03+01:00<\/span><h4 class=\"entry-title\"><a href=\"https:\/\/www.bombersdv.es\/es\/guia-de-campo-urec\/\">Gu\u00eda de campo UREC<\/a><\/h4><p class=\"meta\"><span class=\"vcard\" style=\"display: none;\"><span class=\"fn\"><a href=\"https:\/\/www.bombersdv.es\/es\/author\/comunicacion\/\" title=\"Entradas de Gabinete de Comunicaci\u00f3n\" rel=\"author\">Gabinete de Comunicaci\u00f3n<\/a><\/span><\/span><span class=\"updated\" style=\"display:none;\">2025-01-30T11:18:03+01:00<\/span><span>30\/01\/2025<\/span><span class=\"fusion-inline-sep\">|<\/span><span class=\"fusion-comments\"><span>Comentarios desactivados<span class=\"screen-reader-text\"> en Gu\u00eda de campo UREC<\/span><\/span><\/span><\/p><p>La Unidad de Rescate en Emergencias y Cat\u00e1strofes del Consorcio, UREC, ha publicado a principios de 2025 su \u201cGu\u00eda de campo UREC\u201d. Se trata de un manual, fruto de dos a\u00f1os de intenso trabajo, que [...]<\/p><\/div><\/article><article class=\"post fusion-column column col col-lg-4 col-md-4 col-sm-4\"><div class=\"fusion-flexslider fusion-flexslider-loading flexslider flexslider-hover-type-none\"><ul class=\"slides\"><li><a href=\"https:\/\/www.bombersdv.es\/es\/continuan-los-trabajos-por-la-dana-casi-dos-mesos-despues\/\" aria-label=\"Contin\u00faan los trabajos por la DANA casi dos meses despu\u00e9s\" class=\"hover-type-none\"><img decoding=\"async\" width=\"700\" height=\"525\" src=\"https:\/\/www.bombersdv.es\/wp-content\/uploads\/2024\/12\/urec-23-diciembre-700x525.jpeg\" class=\"attachment-recent-posts size-recent-posts\" alt=\"\" srcset=\"https:\/\/www.bombersdv.es\/wp-content\/uploads\/2024\/12\/urec-23-diciembre-66x50.jpeg 66w, https:\/\/www.bombersdv.es\/wp-content\/uploads\/2024\/12\/urec-23-diciembre-177x133.jpeg 177w, https:\/\/www.bombersdv.es\/wp-content\/uploads\/2024\/12\/urec-23-diciembre-200x150.jpeg 200w, https:\/\/www.bombersdv.es\/wp-content\/uploads\/2024\/12\/urec-23-diciembre-300x225.jpeg 300w, https:\/\/www.bombersdv.es\/wp-content\/uploads\/2024\/12\/urec-23-diciembre-320x240.jpeg 320w, https:\/\/www.bombersdv.es\/wp-content\/uploads\/2024\/12\/urec-23-diciembre-400x300.jpeg 400w, https:\/\/www.bombersdv.es\/wp-content\/uploads\/2024\/12\/urec-23-diciembre-460x345.jpeg 460w, https:\/\/www.bombersdv.es\/wp-content\/uploads\/2024\/12\/urec-23-diciembre-540x405.jpeg 540w, https:\/\/www.bombersdv.es\/wp-content\/uploads\/2024\/12\/urec-23-diciembre-600x450.jpeg 600w, https:\/\/www.bombersdv.es\/wp-content\/uploads\/2024\/12\/urec-23-diciembre-669x502.jpeg 669w, https:\/\/www.bombersdv.es\/wp-content\/uploads\/2024\/12\/urec-23-diciembre-700x525.jpeg 700w, https:\/\/www.bombersdv.es\/wp-content\/uploads\/2024\/12\/urec-23-diciembre-768x576.jpeg 768w, https:\/\/www.bombersdv.es\/wp-content\/uploads\/2024\/12\/urec-23-diciembre-800x600.jpeg 800w, https:\/\/www.bombersdv.es\/wp-content\/uploads\/2024\/12\/urec-23-diciembre-940x705.jpeg 940w, https:\/\/www.bombersdv.es\/wp-content\/uploads\/2024\/12\/urec-23-diciembre-1024x768.jpeg 1024w, https:\/\/www.bombersdv.es\/wp-content\/uploads\/2024\/12\/urec-23-diciembre-1200x900.jpeg 1200w, https:\/\/www.bombersdv.es\/wp-content\/uploads\/2024\/12\/urec-23-diciembre-1536x1152.jpeg 1536w, https:\/\/www.bombersdv.es\/wp-content\/uploads\/2024\/12\/urec-23-diciembre.jpeg 1600w\" sizes=\"(max-width: 700px) 100vw, 700px\" \/><\/a><\/li><\/ul><\/div><div class=\"recent-posts-content\"><span class=\"vcard\" style=\"display: none;\"><span class=\"fn\"><a href=\"https:\/\/www.bombersdv.es\/es\/author\/comunicacion\/\" title=\"Entradas de Gabinete de Comunicaci\u00f3n\" rel=\"author\">Gabinete de Comunicaci\u00f3n<\/a><\/span><\/span><span class=\"updated\" style=\"display:none;\">2024-12-23T18:11:13+01:00<\/span><h4 class=\"entry-title\"><a href=\"https:\/\/www.bombersdv.es\/es\/continuan-los-trabajos-por-la-dana-casi-dos-mesos-despues\/\">Contin\u00faan los trabajos por la DANA casi dos meses despu\u00e9s<\/a><\/h4><p class=\"meta\"><span class=\"vcard\" style=\"display: none;\"><span class=\"fn\"><a href=\"https:\/\/www.bombersdv.es\/es\/author\/comunicacion\/\" title=\"Entradas de Gabinete de Comunicaci\u00f3n\" rel=\"author\">Gabinete de Comunicaci\u00f3n<\/a><\/span><\/span><span class=\"updated\" style=\"display:none;\">2024-12-23T18:11:13+01:00<\/span><span>23\/12\/2024<\/span><span class=\"fusion-inline-sep\">|<\/span><span class=\"fusion-comments\"><span>Comentarios desactivados<span class=\"screen-reader-text\"> en Contin\u00faan los trabajos por la DANA casi dos meses despu\u00e9s<\/span><\/span><\/span><\/p><p>Los efectivos del Consorcio de Bomberos de Valencia siguen trabajando en los efectos de la DANA en todas las localidades afectadas, especialmente en materia de retirada de lodos, trabajos en s\u00f3tanos y garajes, limpieza de [...]<\/p><\/div><\/article><article class=\"post fusion-column column col col-lg-4 col-md-4 col-sm-4\"><div class=\"fusion-flexslider fusion-flexslider-loading flexslider flexslider-hover-type-none\"><ul class=\"slides\"><li><a href=\"https:\/\/www.bombersdv.es\/es\/la-urec-apuntala-emblematicos-edificios-de-utiel-y-chiva\/\" aria-label=\"La UREC apuntala emblem\u00e1ticos edificios de Utiel y Chiva\" class=\"hover-type-none\"><img decoding=\"async\" width=\"700\" height=\"1258\" src=\"https:\/\/www.bombersdv.es\/wp-content\/uploads\/2024\/11\/utiel-3-700x1258.jpeg\" class=\"attachment-recent-posts size-recent-posts\" alt=\"\" srcset=\"https:\/\/www.bombersdv.es\/wp-content\/uploads\/2024\/11\/utiel-3-66x119.jpeg 66w, https:\/\/www.bombersdv.es\/wp-content\/uploads\/2024\/11\/utiel-3-167x300.jpeg 167w, https:\/\/www.bombersdv.es\/wp-content\/uploads\/2024\/11\/utiel-3-177x318.jpeg 177w, https:\/\/www.bombersdv.es\/wp-content\/uploads\/2024\/11\/utiel-3-200x359.jpeg 200w, https:\/\/www.bombersdv.es\/wp-content\/uploads\/2024\/11\/utiel-3-300x539.jpeg 300w, https:\/\/www.bombersdv.es\/wp-content\/uploads\/2024\/11\/utiel-3-320x575.jpeg 320w, https:\/\/www.bombersdv.es\/wp-content\/uploads\/2024\/11\/utiel-3-400x719.jpeg 400w, https:\/\/www.bombersdv.es\/wp-content\/uploads\/2024\/11\/utiel-3-460x826.jpeg 460w, https:\/\/www.bombersdv.es\/wp-content\/uploads\/2024\/11\/utiel-3-540x970.jpeg 540w, https:\/\/www.bombersdv.es\/wp-content\/uploads\/2024\/11\/utiel-3-570x1024.jpeg 570w, https:\/\/www.bombersdv.es\/wp-content\/uploads\/2024\/11\/utiel-3-600x1078.jpeg 600w, https:\/\/www.bombersdv.es\/wp-content\/uploads\/2024\/11\/utiel-3-669x1202.jpeg 669w, https:\/\/www.bombersdv.es\/wp-content\/uploads\/2024\/11\/utiel-3-700x1258.jpeg 700w, https:\/\/www.bombersdv.es\/wp-content\/uploads\/2024\/11\/utiel-3-768x1380.jpeg 768w, https:\/\/www.bombersdv.es\/wp-content\/uploads\/2024\/11\/utiel-3-800x1437.jpeg 800w, https:\/\/www.bombersdv.es\/wp-content\/uploads\/2024\/11\/utiel-3-855x1536.jpeg 855w, https:\/\/www.bombersdv.es\/wp-content\/uploads\/2024\/11\/utiel-3-940x1689.jpeg 940w, https:\/\/www.bombersdv.es\/wp-content\/uploads\/2024\/11\/utiel-3.jpeg 1140w\" sizes=\"(max-width: 700px) 100vw, 700px\" \/><\/a><\/li><\/ul><\/div><div class=\"recent-posts-content\"><span class=\"vcard\" style=\"display: none;\"><span class=\"fn\"><a href=\"https:\/\/www.bombersdv.es\/es\/author\/comunicacion\/\" title=\"Entradas de Gabinete de Comunicaci\u00f3n\" rel=\"author\">Gabinete de Comunicaci\u00f3n<\/a><\/span><\/span><span class=\"updated\" style=\"display:none;\">2024-11-19T18:04:28+01:00<\/span><h4 class=\"entry-title\"><a href=\"https:\/\/www.bombersdv.es\/es\/la-urec-apuntala-emblematicos-edificios-de-utiel-y-chiva\/\">La UREC apuntala emblem\u00e1ticos edificios de Utiel y Chiva<\/a><\/h4><p class=\"meta\"><span class=\"vcard\" style=\"display: none;\"><span class=\"fn\"><a href=\"https:\/\/www.bombersdv.es\/es\/author\/comunicacion\/\" title=\"Entradas de Gabinete de Comunicaci\u00f3n\" rel=\"author\">Gabinete de Comunicaci\u00f3n<\/a><\/span><\/span><span class=\"updated\" style=\"display:none;\">2024-11-19T18:04:28+01:00<\/span><span>19\/11\/2024<\/span><span class=\"fusion-inline-sep\">|<\/span><span class=\"fusion-comments\"><span>Comentarios desactivados<span class=\"screen-reader-text\"> en La UREC apuntala emblem\u00e1ticos edificios de Utiel y Chiva<\/span><\/span><\/span><\/p><p>En el marco de sus actuaciones de estabilizaci\u00f3n de edificios afectados por la DANA, el Consorcio de Bomberos de Valencia ha trabajado esta semana en dos emblem\u00e1ticos lugares: las bodegas subterr\u00e1neas del Ayuntamiento de Utiel [...]<\/p><\/div><\/article><article class=\"post fusion-column column col col-lg-4 col-md-4 col-sm-4\"><div class=\"fusion-flexslider fusion-flexslider-loading flexslider flexslider-hover-type-none\"><ul class=\"slides\"><li><a href=\"https:\/\/www.bombersdv.es\/es\/apuntalamientos-de-urgencia-por-la-dana\/\" aria-label=\"Apuntalamientos de urgencia por la DANA\" class=\"hover-type-none\"><img decoding=\"async\" width=\"700\" height=\"933\" src=\"https:\/\/www.bombersdv.es\/wp-content\/uploads\/2024\/11\/urec-apuntalar-1-700x933.jpeg\" class=\"attachment-recent-posts size-recent-posts\" alt=\"\" srcset=\"https:\/\/www.bombersdv.es\/wp-content\/uploads\/2024\/11\/urec-apuntalar-1-66x88.jpeg 66w, https:\/\/www.bombersdv.es\/wp-content\/uploads\/2024\/11\/urec-apuntalar-1-177x236.jpeg 177w, https:\/\/www.bombersdv.es\/wp-content\/uploads\/2024\/11\/urec-apuntalar-1-200x267.jpeg 200w, https:\/\/www.bombersdv.es\/wp-content\/uploads\/2024\/11\/urec-apuntalar-1-225x300.jpeg 225w, https:\/\/www.bombersdv.es\/wp-content\/uploads\/2024\/11\/urec-apuntalar-1-300x400.jpeg 300w, https:\/\/www.bombersdv.es\/wp-content\/uploads\/2024\/11\/urec-apuntalar-1-320x427.jpeg 320w, https:\/\/www.bombersdv.es\/wp-content\/uploads\/2024\/11\/urec-apuntalar-1-400x533.jpeg 400w, https:\/\/www.bombersdv.es\/wp-content\/uploads\/2024\/11\/urec-apuntalar-1-460x613.jpeg 460w, https:\/\/www.bombersdv.es\/wp-content\/uploads\/2024\/11\/urec-apuntalar-1-540x720.jpeg 540w, https:\/\/www.bombersdv.es\/wp-content\/uploads\/2024\/11\/urec-apuntalar-1-600x800.jpeg 600w, https:\/\/www.bombersdv.es\/wp-content\/uploads\/2024\/11\/urec-apuntalar-1-669x892.jpeg 669w, https:\/\/www.bombersdv.es\/wp-content\/uploads\/2024\/11\/urec-apuntalar-1-700x933.jpeg 700w, https:\/\/www.bombersdv.es\/wp-content\/uploads\/2024\/11\/urec-apuntalar-1-768x1024.jpeg 768w, https:\/\/www.bombersdv.es\/wp-content\/uploads\/2024\/11\/urec-apuntalar-1-800x1067.jpeg 800w, https:\/\/www.bombersdv.es\/wp-content\/uploads\/2024\/11\/urec-apuntalar-1-940x1253.jpeg 940w, https:\/\/www.bombersdv.es\/wp-content\/uploads\/2024\/11\/urec-apuntalar-1-1152x1536.jpeg 1152w, https:\/\/www.bombersdv.es\/wp-content\/uploads\/2024\/11\/urec-apuntalar-1-1200x1600.jpeg 1200w, https:\/\/www.bombersdv.es\/wp-content\/uploads\/2024\/11\/urec-apuntalar-1.jpeg 1536w\" sizes=\"(max-width: 700px) 100vw, 700px\" \/><\/a><\/li><\/ul><\/div><div class=\"recent-posts-content\"><span class=\"vcard\" style=\"display: none;\"><span class=\"fn\"><a href=\"https:\/\/www.bombersdv.es\/es\/author\/comunicacion\/\" title=\"Entradas de Gabinete de Comunicaci\u00f3n\" rel=\"author\">Gabinete de Comunicaci\u00f3n<\/a><\/span><\/span><span class=\"updated\" style=\"display:none;\">2024-11-12T19:53:23+01:00<\/span><h4 class=\"entry-title\"><a href=\"https:\/\/www.bombersdv.es\/es\/apuntalamientos-de-urgencia-por-la-dana\/\">Apuntalamientos de urgencia por la DANA<\/a><\/h4><p class=\"meta\"><span class=\"vcard\" style=\"display: none;\"><span class=\"fn\"><a href=\"https:\/\/www.bombersdv.es\/es\/author\/comunicacion\/\" title=\"Entradas de Gabinete de Comunicaci\u00f3n\" rel=\"author\">Gabinete de Comunicaci\u00f3n<\/a><\/span><\/span><span class=\"updated\" style=\"display:none;\">2024-11-12T19:53:23+01:00<\/span><span>12\/11\/2024<\/span><span class=\"fusion-inline-sep\">|<\/span><span class=\"fusion-comments\"><span>Comentarios desactivados<span class=\"screen-reader-text\"> en Apuntalamientos de urgencia por la DANA<\/span><\/span><\/span><\/p><p>El Consorcio de Bomberos de Valencia ha empezado una nueva fase de sus actuaciones, con el inicio de los trabajos de estabilizaci\u00f3n de estructuras de edificios afectados por la DANA, unas tareas que realiza la [...]<\/p><\/div><\/article><\/section><\/div><div class=\"fusion-clearfix\"><\/div><\/div><\/div><div class=\"fusion-layout-column fusion_builder_column fusion-builder-column-3 fusion_builder_column_1_1 1_1 fusion-one-full fusion-column-first fusion-column-last\" style=\"--awb-bg-size:cover;\"><div class=\"fusion-column-wrapper fusion-flex-column-wrapper-legacy\"><div class=\"fusion-image-carousel fusion-image-carousel-fixed fusion-image-carousel-1 lightbox-enabled fusion-carousel-border\"><div class=\"awb-carousel awb-swiper awb-swiper-carousel\" data-autoplay=\"no\" data-columns=\"5\" data-itemmargin=\"13\" data-itemwidth=\"180\" data-touchscroll=\"no\" data-imagesize=\"fixed\"><div class=\"swiper-wrapper awb-image-carousel-wrapper fusion-flex-align-items-center\"><div class=\"swiper-slide\"><div class=\"fusion-carousel-item-wrapper\"><div class=\"fusion-image-wrapper hover-type-none\"><a data-rel=\"iLightbox[image_carousel_1]\" data-title=\"urec_galeria1\" aria-label=\"urec_galeria1\" href=\"https:\/\/www.bombersdv.es\/wp-content\/uploads\/2022\/10\/urec_galeria1.jpg\" target=\"_self\"><img decoding=\"async\" width=\"320\" height=\"202\" src=\"https:\/\/www.bombersdv.es\/wp-content\/uploads\/2022\/10\/urec_galeria1-320x202.jpg\" class=\"attachment-blog-medium size-blog-medium\" alt=\"\" \/><\/a><\/div><\/div><\/div><div class=\"swiper-slide\"><div class=\"fusion-carousel-item-wrapper\"><div class=\"fusion-image-wrapper hover-type-none\"><a data-rel=\"iLightbox[image_carousel_1]\" data-title=\"IMG20220628211328_01\" aria-label=\"IMG20220628211328_01\" href=\"https:\/\/www.bombersdv.es\/wp-content\/uploads\/2022\/10\/IMG20220628211328_01.jpg\" target=\"_self\"><img decoding=\"async\" width=\"320\" height=\"202\" src=\"https:\/\/www.bombersdv.es\/wp-content\/uploads\/2022\/10\/IMG20220628211328_01-320x202.jpg\" class=\"attachment-blog-medium size-blog-medium\" alt=\"\" \/><\/a><\/div><\/div><\/div><div class=\"swiper-slide\"><div class=\"fusion-carousel-item-wrapper\"><div class=\"fusion-image-wrapper hover-type-none\"><a data-rel=\"iLightbox[image_carousel_1]\" data-title=\"IMG20220628210335\" aria-label=\"IMG20220628210335\" href=\"https:\/\/www.bombersdv.es\/wp-content\/uploads\/2022\/10\/IMG20220628210335.jpg\" target=\"_self\"><img decoding=\"async\" width=\"320\" height=\"202\" src=\"https:\/\/www.bombersdv.es\/wp-content\/uploads\/2022\/10\/IMG20220628210335-320x202.jpg\" class=\"attachment-blog-medium size-blog-medium\" alt=\"\" \/><\/a><\/div><\/div><\/div><div class=\"swiper-slide\"><div class=\"fusion-carousel-item-wrapper\"><div class=\"fusion-image-wrapper hover-type-none\"><a data-rel=\"iLightbox[image_carousel_1]\" data-title=\"IMG20220624193546_01\" aria-label=\"IMG20220624193546_01\" href=\"https:\/\/www.bombersdv.es\/wp-content\/uploads\/2022\/10\/IMG20220624193546_01.jpg\" target=\"_self\"><img decoding=\"async\" width=\"320\" height=\"202\" src=\"https:\/\/www.bombersdv.es\/wp-content\/uploads\/2022\/10\/IMG20220624193546_01-320x202.jpg\" class=\"attachment-blog-medium size-blog-medium\" alt=\"\" \/><\/a><\/div><\/div><\/div><div class=\"swiper-slide\"><div class=\"fusion-carousel-item-wrapper\"><div class=\"fusion-image-wrapper hover-type-none\"><a data-rel=\"iLightbox[image_carousel_1]\" data-title=\"IMG20220624193038_01\" aria-label=\"IMG20220624193038_01\" href=\"https:\/\/www.bombersdv.es\/wp-content\/uploads\/2022\/10\/IMG20220624193038_01.jpg\" target=\"_self\"><img decoding=\"async\" width=\"320\" height=\"202\" src=\"https:\/\/www.bombersdv.es\/wp-content\/uploads\/2022\/10\/IMG20220624193038_01-320x202.jpg\" class=\"attachment-blog-medium size-blog-medium\" alt=\"\" \/><\/a><\/div><\/div><\/div><div class=\"swiper-slide\"><div class=\"fusion-carousel-item-wrapper\"><div class=\"fusion-image-wrapper hover-type-none\"><a data-rel=\"iLightbox[image_carousel_1]\" data-title=\"IMG20220513215614\" aria-label=\"IMG20220513215614\" href=\"https:\/\/www.bombersdv.es\/wp-content\/uploads\/2022\/10\/IMG20220513215614.jpg\" target=\"_self\"><img decoding=\"async\" width=\"320\" height=\"202\" src=\"https:\/\/www.bombersdv.es\/wp-content\/uploads\/2022\/10\/IMG20220513215614-320x202.jpg\" class=\"attachment-blog-medium size-blog-medium\" alt=\"\" \/><\/a><\/div><\/div><\/div><div class=\"swiper-slide\"><div class=\"fusion-carousel-item-wrapper\"><div class=\"fusion-image-wrapper hover-type-none\"><a data-rel=\"iLightbox[image_carousel_1]\" data-title=\"IMG20220513215403\" aria-label=\"IMG20220513215403\" href=\"https:\/\/www.bombersdv.es\/wp-content\/uploads\/2022\/10\/IMG20220513215403.jpg\" target=\"_self\"><img decoding=\"async\" width=\"320\" height=\"202\" src=\"https:\/\/www.bombersdv.es\/wp-content\/uploads\/2022\/10\/IMG20220513215403-320x202.jpg\" class=\"attachment-blog-medium size-blog-medium\" alt=\"\" \/><\/a><\/div><\/div><\/div><div class=\"swiper-slide\"><div class=\"fusion-carousel-item-wrapper\"><div class=\"fusion-image-wrapper hover-type-none\"><a data-rel=\"iLightbox[image_carousel_1]\" data-title=\"IMG20220513212124\" aria-label=\"IMG20220513212124\" href=\"https:\/\/www.bombersdv.es\/wp-content\/uploads\/2022\/10\/IMG20220513212124.jpg\" target=\"_self\"><img decoding=\"async\" width=\"320\" height=\"202\" src=\"https:\/\/www.bombersdv.es\/wp-content\/uploads\/2022\/10\/IMG20220513212124-320x202.jpg\" class=\"attachment-blog-medium size-blog-medium\" alt=\"\" \/><\/a><\/div><\/div><\/div><div class=\"swiper-slide\"><div class=\"fusion-carousel-item-wrapper\"><div class=\"fusion-image-wrapper hover-type-none\"><a data-rel=\"iLightbox[image_carousel_1]\" data-title=\"IMG20220429145736_01\" aria-label=\"IMG20220429145736_01\" href=\"https:\/\/www.bombersdv.es\/wp-content\/uploads\/2022\/10\/IMG20220429145736_01.jpg\" target=\"_self\"><img decoding=\"async\" width=\"320\" height=\"202\" src=\"https:\/\/www.bombersdv.es\/wp-content\/uploads\/2022\/10\/IMG20220429145736_01-320x202.jpg\" class=\"attachment-blog-medium size-blog-medium\" alt=\"\" \/><\/a><\/div><\/div><\/div><div class=\"swiper-slide\"><div class=\"fusion-carousel-item-wrapper\"><div class=\"fusion-image-wrapper hover-type-none\"><a data-rel=\"iLightbox[image_carousel_1]\" data-title=\"IMG20220429145008\" aria-label=\"IMG20220429145008\" href=\"https:\/\/www.bombersdv.es\/wp-content\/uploads\/2022\/10\/IMG20220429145008.jpg\" target=\"_self\"><img decoding=\"async\" width=\"320\" height=\"202\" src=\"https:\/\/www.bombersdv.es\/wp-content\/uploads\/2022\/10\/IMG20220429145008-320x202.jpg\" class=\"attachment-blog-medium size-blog-medium\" alt=\"\" \/><\/a><\/div><\/div><\/div><div class=\"swiper-slide\"><div class=\"fusion-carousel-item-wrapper\"><div class=\"fusion-image-wrapper hover-type-none\"><a data-rel=\"iLightbox[image_carousel_1]\" data-title=\"IMG-20211007-WA0025\" aria-label=\"IMG-20211007-WA0025\" href=\"https:\/\/www.bombersdv.es\/wp-content\/uploads\/2022\/10\/IMG-20211007-WA0025.jpg\" target=\"_self\"><img decoding=\"async\" width=\"320\" height=\"202\" src=\"https:\/\/www.bombersdv.es\/wp-content\/uploads\/2022\/10\/IMG-20211007-WA0025-320x202.jpg\" class=\"attachment-blog-medium size-blog-medium\" alt=\"\" \/><\/a><\/div><\/div><\/div><div class=\"swiper-slide\"><div class=\"fusion-carousel-item-wrapper\"><div class=\"fusion-image-wrapper hover-type-none\"><a data-rel=\"iLightbox[image_carousel_1]\" data-title=\"IMG-20211007-WA0013\" aria-label=\"IMG-20211007-WA0013\" href=\"https:\/\/www.bombersdv.es\/wp-content\/uploads\/2022\/10\/IMG-20211007-WA0013.jpg\" target=\"_self\"><img decoding=\"async\" width=\"320\" height=\"202\" src=\"https:\/\/www.bombersdv.es\/wp-content\/uploads\/2022\/10\/IMG-20211007-WA0013-320x202.jpg\" class=\"attachment-blog-medium size-blog-medium\" alt=\"\" \/><\/a><\/div><\/div><\/div><div class=\"swiper-slide\"><div class=\"fusion-carousel-item-wrapper\"><div class=\"fusion-image-wrapper hover-type-none\"><a data-rel=\"iLightbox[image_carousel_1]\" data-title=\"IMG-20211007-WA0011\" aria-label=\"IMG-20211007-WA0011\" href=\"https:\/\/www.bombersdv.es\/wp-content\/uploads\/2022\/10\/IMG-20211007-WA0011.jpg\" target=\"_self\"><img decoding=\"async\" width=\"320\" height=\"202\" src=\"https:\/\/www.bombersdv.es\/wp-content\/uploads\/2022\/10\/IMG-20211007-WA0011-320x202.jpg\" class=\"attachment-blog-medium size-blog-medium\" alt=\"\" \/><\/a><\/div><\/div><\/div><div class=\"swiper-slide\"><div class=\"fusion-carousel-item-wrapper\"><div class=\"fusion-image-wrapper hover-type-none\"><a data-rel=\"iLightbox[image_carousel_1]\" data-title=\"IMG-20211007-WA0007\" aria-label=\"IMG-20211007-WA0007\" href=\"https:\/\/www.bombersdv.es\/wp-content\/uploads\/2022\/10\/IMG-20211007-WA0007.jpg\" target=\"_self\"><img decoding=\"async\" width=\"320\" height=\"202\" src=\"https:\/\/www.bombersdv.es\/wp-content\/uploads\/2022\/10\/IMG-20211007-WA0007-320x202.jpg\" class=\"attachment-blog-medium size-blog-medium\" alt=\"\" \/><\/a><\/div><\/div><\/div><div class=\"swiper-slide\"><div class=\"fusion-carousel-item-wrapper\"><div class=\"fusion-image-wrapper hover-type-none\"><a data-rel=\"iLightbox[image_carousel_1]\" data-title=\"IMG_20210826_092843\" aria-label=\"IMG_20210826_092843\" href=\"https:\/\/www.bombersdv.es\/wp-content\/uploads\/2022\/10\/IMG_20210826_092843.jpg\" target=\"_self\"><img decoding=\"async\" width=\"320\" height=\"202\" src=\"https:\/\/www.bombersdv.es\/wp-content\/uploads\/2022\/10\/IMG_20210826_092843-320x202.jpg\" class=\"attachment-blog-medium size-blog-medium\" alt=\"\" \/><\/a><\/div><\/div><\/div><div class=\"swiper-slide\"><div class=\"fusion-carousel-item-wrapper\"><div class=\"fusion-image-wrapper hover-type-none\"><a data-rel=\"iLightbox[image_carousel_1]\" data-title=\"IMG_20210826_092409\" aria-label=\"IMG_20210826_092409\" href=\"https:\/\/www.bombersdv.es\/wp-content\/uploads\/2022\/10\/IMG_20210826_092409.jpg\" target=\"_self\"><img decoding=\"async\" width=\"320\" height=\"202\" src=\"https:\/\/www.bombersdv.es\/wp-content\/uploads\/2022\/10\/IMG_20210826_092409-320x202.jpg\" class=\"attachment-blog-medium size-blog-medium\" alt=\"\" \/><\/a><\/div><\/div><\/div><div class=\"swiper-slide\"><div class=\"fusion-carousel-item-wrapper\"><div class=\"fusion-image-wrapper hover-type-none\"><a data-rel=\"iLightbox[image_carousel_1]\" data-title=\"IMG_20210826_034833\" aria-label=\"IMG_20210826_034833\" href=\"https:\/\/www.bombersdv.es\/wp-content\/uploads\/2022\/10\/IMG_20210826_034833.jpg\" target=\"_self\"><img decoding=\"async\" width=\"320\" height=\"202\" src=\"https:\/\/www.bombersdv.es\/wp-content\/uploads\/2022\/10\/IMG_20210826_034833-320x202.jpg\" class=\"attachment-blog-medium size-blog-medium\" alt=\"\" \/><\/a><\/div><\/div><\/div><div class=\"swiper-slide\"><div class=\"fusion-carousel-item-wrapper\"><div class=\"fusion-image-wrapper hover-type-none\"><a data-rel=\"iLightbox[image_carousel_1]\" data-title=\"IMG_20201223_170901\" aria-label=\"IMG_20201223_170901\" href=\"https:\/\/www.bombersdv.es\/wp-content\/uploads\/2022\/10\/IMG_20201223_170901.jpg\" target=\"_self\"><img decoding=\"async\" width=\"320\" height=\"202\" src=\"https:\/\/www.bombersdv.es\/wp-content\/uploads\/2022\/10\/IMG_20201223_170901-320x202.jpg\" class=\"attachment-blog-medium size-blog-medium\" alt=\"\" \/><\/a><\/div><\/div><\/div><div class=\"swiper-slide\"><div class=\"fusion-carousel-item-wrapper\"><div class=\"fusion-image-wrapper hover-type-none\"><a data-rel=\"iLightbox[image_carousel_1]\" data-title=\"IMG_20201223_163717\" aria-label=\"IMG_20201223_163717\" href=\"https:\/\/www.bombersdv.es\/wp-content\/uploads\/2022\/10\/IMG_20201223_163717.jpg\" target=\"_self\"><img decoding=\"async\" width=\"320\" height=\"202\" src=\"https:\/\/www.bombersdv.es\/wp-content\/uploads\/2022\/10\/IMG_20201223_163717-320x202.jpg\" class=\"attachment-blog-medium size-blog-medium\" alt=\"\" \/><\/a><\/div><\/div><\/div><\/div><div class=\"awb-swiper-button awb-swiper-button-prev\"><i class=\"awb-icon-angle-left\" aria-hidden=\"true\"><\/i><\/div><div class=\"awb-swiper-button awb-swiper-button-next\"><i class=\"awb-icon-angle-right\" aria-hidden=\"true\"><\/i><\/div><\/div><\/div><div class=\"fusion-clearfix\"><\/div><\/div><\/div><\/div><\/div><\/p>\n","protected":false},"excerpt":{"rendered":"","protected":false},"author":1131,"featured_media":0,"parent":12188,"menu_order":0,"comment_status":"closed","ping_status":"closed","template":"","meta":{"footnotes":""},"class_list":["post-60865","page","type-page","status-publish","hentry"],"_links":{"self":[{"href":"https:\/\/www.bombersdv.es\/es\/wp-json\/wp\/v2\/pages\/60865"}],"collection":[{"href":"https:\/\/www.bombersdv.es\/es\/wp-json\/wp\/v2\/pages"}],"about":[{"href":"https:\/\/www.bombersdv.es\/es\/wp-json\/wp\/v2\/types\/page"}],"author":[{"embeddable":true,"href":"https:\/\/www.bombersdv.es\/es\/wp-json\/wp\/v2\/users\/1131"}],"replies":[{"embeddable":true,"href":"https:\/\/www.bombersdv.es\/es\/wp-json\/wp\/v2\/comments?post=60865"}],"version-history":[{"count":39,"href":"https:\/\/www.bombersdv.es\/es\/wp-json\/wp\/v2\/pages\/60865\/revisions"}],"predecessor-version":[{"id":76299,"href":"https:\/\/www.bombersdv.es\/es\/wp-json\/wp\/v2\/pages\/60865\/revisions\/76299"}],"up":[{"embeddable":true,"href":"https:\/\/www.bombersdv.es\/es\/wp-json\/wp\/v2\/pages\/12188"}],"wp:attachment":[{"href":"https:\/\/www.bombersdv.es\/es\/wp-json\/wp\/v2\/media?parent=60865"}],"curies":[{"name":"wp","href":"https:\/\/api.w.org\/{rel}","templated":true}]}}