{"id":66999,"date":"2023-11-08T13:06:22","date_gmt":"2023-11-08T12:06:22","guid":{"rendered":"https:\/\/www.bombersdv.es\/?page_id=66999"},"modified":"2023-11-13T09:27:07","modified_gmt":"2023-11-13T08:27:07","slug":"normativa-general-del-consorcio","status":"publish","type":"page","link":"https:\/\/www.bombersdv.es\/es\/portal-de-transparencia\/funciones-y-normativas-2023\/normativa-general-del-consorcio\/","title":{"rendered":"Normativa General del Consorcio"},"content":{"rendered":"\n<table id=\"tablepress-81\" class=\"tablepress tablepress-id-81\">\n<thead>\n<tr class=\"row-1\">\n\t<th class=\"column-1\">Fecha<\/th><th class=\"column-2\">Denominaci\u00f3n<\/th><th class=\"column-3\">Enlace 1<\/th><th class=\"column-4\">Enlace 2<\/th><th class=\"column-5\">Observaciones<\/th>\n<\/tr>\n<\/thead>\n<tbody class=\"row-striping row-hover\">\n<tr class=\"row-2\">\n\t<td class=\"column-1\">2021_04_10<\/td><td class=\"column-2\">Estatuts del Consorci  \/\/ Estatutos del Consorcio<\/td><td class=\"column-3\"><a href=\"https:\/\/www.bombersdv.es\/wp-content\/uploads\/2025\/01\/BOPV_Anuncio_2024_18045_VA-Copia-autentica.pdf\" rel=\"noopener\" target=\"_blank\">BOP Valenciano<\/a><br \/>\n<a href=\"https:\/\/www.bombersdv.es\/wp-content\/uploads\/2023\/03\/2021_14255-estatutos.pdf\">B.O.P.<\/a><br \/>\n<a href=\"https:\/\/www.bombersdv.es\/wp-content\/uploads\/2025\/01\/BOPV_Anuncio_2024_18045_ES-Copia-autentica.pdf\" rel=\"noopener\" target=\"_blank\">BOP Castellano<\/a><\/td><td class=\"column-4\"><a href=\"https:\/\/www.bombersdv.es\/es\/portal-de-transparencia\/funciones-y-normativas\/estatutos-del-consorcio\/\" rel=\"noopener\" target=\"_blank\">Texto<\/a><\/td><td class=\"column-5\">Actualitzaci\u00f3 31\/12\/2024 \/\/ Actualizacion 31\/12\/2024<\/td>\n<\/tr>\n<tr class=\"row-3\">\n\t<td class=\"column-1\">2024_02_19<\/td><td class=\"column-2\">Reglament Org\u00e0nic d\u2019Organitzaci\u00f3 i Funcionament del Consorci \/\/ Reglamento Org\u00e1nico de Organizaci\u00f3n y Funcionamiento del Consorcio<\/td><td class=\"column-3\"><a href=\"https:\/\/www.bombersdv.es\/es\/consorcio\/normativas\/reglamento-organico-del-consorcio\/\" rel=\"noopener\" target=\"_blank\">Web (texto CAS)<\/a><br \/>\n<a href=\"https:\/\/www.bombersdv.es\/wp-content\/uploads\/2024\/02\/2024_01929_ES.pdf\" rel=\"noopener\" target=\"_blank\">BOP Castellano<\/a><\/td><td class=\"column-4\"><a href=\"https:\/\/www.bombersdv.es\/consorcio\/normatives\/reglamento-organico-del-consorcio\/\" rel=\"noopener\" target=\"_blank\">Web (text VAL)<\/a><br \/>\n<a href=\"https:\/\/www.bombersdv.es\/wp-content\/uploads\/2024\/02\/2024_01929_VA.pdf\" rel=\"noopener\" target=\"_blank\">BOP Valenciano<\/a><\/td><td class=\"column-5\">Actualizada a 19\/02\/2024<\/td>\n<\/tr>\n<tr class=\"row-4\">\n\t<td class=\"column-1\">2012_08_23<\/td><td class=\"column-2\">Ordenan\u00e7a Fiscal reguladora de la Taxa per prestaci\u00f3 de servicis per part del Consorci \/\/ Ordenanza Fiscal reguladora de la Tasa por prestaci\u00f3n de servicios por parte del Consorcio<\/td><td class=\"column-3\"><a href=\"http:\/\/www.bombersdv.es\/wp-content\/uploads\/sites\/6\/2016\/07\/ordenanza_tasas.pdf\" rel=\"noopener\" target=\"_blank\">B.O.P.<\/a><\/td><td class=\"column-4\"><\/td><td class=\"column-5\"><\/td>\n<\/tr>\n<tr class=\"row-5\">\n\t<td class=\"column-1\">2016_08\/29<\/td><td class=\"column-2\">Ordenan\u00e7a Fiscal reguladora de la Taxa per concurr\u00e8ncia a les proves selectives per a l\u2019ingr\u00e9s de personal en el Consorci \/\/ Ordenanza fiscal reguladora de la Tasa por concurrencia a las pruebas selectivas para el ingreso de personal en el Consorcio.<\/td><td class=\"column-3\"><a href=\"https:\/\/www.bombersdv.es\/wp-content\/uploads\/2022\/04\/BOP-2016-08-99-Ordenanza-Tasa-Seleccion-Personal.pdf\" rel=\"noopener\" target=\"_blank\">B.O.P.<\/a><\/td><td class=\"column-4\"><\/td><td class=\"column-5\"><\/td>\n<\/tr>\n<tr class=\"row-6\">\n\t<td class=\"column-1\">2022_09_26<\/td><td class=\"column-2\">Ordenan\u00e7a Fiscal reguladora de la Taxa per expedici\u00f3 de documents administratius \/\/ Ordenanza fiscal reguladora de la Tasa por expedici\u00f3n de documentos administrativos<\/td><td class=\"column-3\"><a href=\"https:\/\/www.bombersdv.es\/wp-content\/uploads\/2022\/09\/ordenanza-certificados.pdf\" rel=\"noopener\" target=\"_blank\">B.O.P.<\/a><\/td><td class=\"column-4\"><\/td><td class=\"column-5\"><\/td>\n<\/tr>\n<tr class=\"row-7\">\n\t<td class=\"column-1\">1996_19_06<\/td><td class=\"column-2\">Reglament Bombers Voluntari del Consorci \/\/ Reglamento Bomberos Voluntarios del Consorcio<\/td><td class=\"column-3\"><a href=\"http:\/\/www.bombersdv.es\/wp-content\/uploads\/sites\/6\/2016\/07\/1-4_Reglamento_GruposVoluntarios.pdf\" rel=\"noopener\" target=\"_blank\">B.O.P.<\/a><\/td><td class=\"column-4\"><\/td><td class=\"column-5\"><\/td>\n<\/tr>\n<tr class=\"row-8\">\n\t<td class=\"column-1\">2022_03_03<\/td><td class=\"column-2\">Acord sobre condicions comunes de treball del personal empleat p\u00fablic al Servei del Consorci Provincial de Bombers de Val\u00e8ncia \/ Acuerdo sobre condiciones comunes de trabajo del personal empleado p\u00fablico al Servicio del Consorcio Provincial de Bomberos de Valencia<\/td><td class=\"column-3\"><a href=\"https:\/\/www.bombersdv.es\/wp-content\/uploads\/2022\/03\/acuerdo-de-condiciones-de-trabajo.pdf\" rel=\"noopener\" target=\"_blank\">B.O.P.<\/a><\/td><td class=\"column-4\"><\/td><td class=\"column-5\">No vigente (Abril 2026) Nuevo acuerdo disponible en esta misma relaci\u00f3n. <\/td>\n<\/tr>\n<tr class=\"row-9\">\n\t<td class=\"column-1\">2024_03_01<\/td><td class=\"column-2\">Reglament de criteris objectius per a l'assignaci\u00f3 del complement de productivitat al personal empleat p\u00fablic del Consorci \/\/ Reglamento de criterios objetivos para la asignaci\u00f3n del complemento de productividad al personal empleado p\u00fablico del Consorcio<\/td><td class=\"column-3\"><a href=\"https:\/\/www.bombersdv.es\/wp-content\/uploads\/2024\/03\/Publicacio-BOP-aprovacio-definitiva-modificacio-reglament-productivitat-Copia-autentica.pdf\" rel=\"noopener\" target=\"_blank\">BOP Valenciano<\/a><\/td><td class=\"column-4\"><a href=\"https:\/\/www.bombersdv.es\/wp-content\/uploads\/2024\/03\/Publicacion-BOP-aprobacion-definitiva-modificacion-reglamento-productividad-Copia-autentica-2-copia.pdf\" rel=\"noopener\" target=\"_blank\">BOP Castellano<\/a><\/td><td class=\"column-5\">Versi\u00f3n anterior: <a href=\"https:\/\/www.bombersdv.es\/wp-content\/uploads\/2022\/04\/bopreglamernto-productividad.pdf\" rel=\"noopener\" target=\"_blank\">B.O.P.<\/a><br \/>\nSe da una nueva redacci\u00f3n al Cap\u00edtulo III, Pertenencia a grupos especiales, Art\u00edculos 7 y 8.<br \/>\n<\/td>\n<\/tr>\n<tr class=\"row-10\">\n\t<td class=\"column-1\">2021_09_21<\/td><td class=\"column-2\">Reglament de les Relacions Electr\u00f2niques dels empleats i empleades p\u00fabliques amb el Consorci \/ Reglamento de las Relaciones Electr\u00f3nicas de los empleados y empleadas p\u00fablicas con el Consorcio<\/td><td class=\"column-3\"><a href=\"https:\/\/www.bombersdv.es\/wp-content\/uploads\/2021\/10\/bop-relaciones-electronicas.pdf\" rel=\"noopener\" target=\"_blank\">BOP<\/a><\/td><td class=\"column-4\"><a href=\"https:\/\/www.bombersdv.es\/es\/consorcio\/normativas\/reglamento-de-las-relaciones-electronicas-de-los-empleados-y-empleadas-publicas-con-el-consorcio-provincial-de-bomberos-de-valencia\/\">Web (Texto)<\/a><\/td><td class=\"column-5\"><\/td>\n<\/tr>\n<tr class=\"row-11\">\n\t<td class=\"column-1\">2024_03_01<\/td><td class=\"column-2\">Reglament del Sistema de Carrera Professional Horitzontal i Avaluaci\u00f3 de l'Acompliment del personal del Consorci \/ Reglamento del Sistema de Carrera Profesional Horizontal y Evaluaci\u00f3n del Desempe\u00f1o del personal del Consorcio<\/td><td class=\"column-3\"><a href=\"https:\/\/www.bombersdv.es\/wp-content\/uploads\/2024\/03\/Publicacio-BOP-aprovacio-definitiva-modificacio-reglament-carrera-Copia-autentica-copia.pdf\" rel=\"noopener\" target=\"_blank\">BOP Valenciano<\/a><\/td><td class=\"column-4\"><a href=\"https:\/\/www.bombersdv.es\/wp-content\/uploads\/2024\/03\/Publicacion-BOP-aprobacion-definitiva-modificacion-reglamento-carrera-Copia-autentica-3.pdf\" rel=\"noopener\" target=\"_blank\">BOP Castellano<\/a><\/td><td class=\"column-5\">Versi\u00f3n anterior:<br \/>\r\n<a href=\"https:\/\/www.bombersdv.es\/wp-content\/uploads\/2021\/01\/reglamento-publicado.pdf\">B.O.P.<\/a><br \/>\r\nLa modificaci\u00f3n afecta al art\u00edculo 12 sobre la metodolog\u00eda de valoraci\u00f3n incorporando los cursos de formaci\u00f3n y perfeccionamiento que hayan sido cursados o impartidos por la persona interesada, y que hayan sido convocados por el Consorcio siempre que re\u00fanan una serie de caracter\u00edsticas y requisitos que se detallan en la reforma<\/td>\n<\/tr>\n<tr class=\"row-12\">\n\t<td class=\"column-1\">2020_04_16<\/td><td class=\"column-2\">Reglament de Mesa General de Negociaci\u00f3 de Mat\u00e8ries Comunes del Consorci \/ Reglamento de Mesa General de Negociaci\u00f3n de Materias Comunes del Consorcio<\/td><td class=\"column-3\"><a href=\"https:\/\/www.bombersdv.es\/wp-content\/uploads\/2021\/01\/reglamento-publicado-mesa-de-negociacion.pdf\">B.O.P.<\/a><\/td><td class=\"column-4\"><\/td><td class=\"column-5\"><\/td>\n<\/tr>\n<tr class=\"row-13\">\n\t<td class=\"column-1\">2015_01_22<\/td><td class=\"column-2\">Reglamento de Funcionamiento Interno del Comit\u00e9 de Seguridad y Salud Laboral del Consorcio<\/td><td class=\"column-3\"><a href=\"https:\/\/www.bombersdv.es\/download\/reglamento-cssl\/\">B.O.P.<\/a><\/td><td class=\"column-4\"><\/td><td class=\"column-5\"><\/td>\n<\/tr>\n<tr class=\"row-14\">\n\t<td class=\"column-1\">2015_01_22<\/td><td class=\"column-2\">Reglament de funcionament intern del Comit\u00e9 de Seguretat i Salut de Imelsa \/ Reglamento de funcionamiento interno del Comit\u00e9 de Seguridad y Salud de Imelsa<\/td><td class=\"column-3\"><a href=\"https:\/\/www.bombersdv.es\/wp-content\/uploads\/2022\/10\/Reglamento-CSSL-subrogados-2.pdf\" rel=\"noopener\" target=\"_blank\">Pdf firmado<\/a><\/td><td class=\"column-4\"><\/td><td class=\"column-5\"><\/td>\n<\/tr>\n<tr class=\"row-15\">\n\t<td class=\"column-1\">2011_03_12<\/td><td class=\"column-2\"> Pla de Reordenaci\u00f3 de la Segona Activitat en el Consorci \/ Plan de Reordenaci\u00f3n de la Segunda Actividad en el Consorcio<\/td><td class=\"column-3\"><a href=\"https:\/\/www.bombersdv.es\/wp-content\/uploads\/2020\/01\/plan-de-reordenacion-de-la-segunda-actividad.pdf\" rel=\"noopener\" target=\"_blank\">B.O.P.<\/a><\/td><td class=\"column-4\"><\/td><td class=\"column-5\">Entre otras medidas modifica art 11 y a\u00f1ade art. 16 al Reglamento de la 2\u00aa actividad<\/td>\n<\/tr>\n<tr class=\"row-16\">\n\t<td class=\"column-1\">2005_11_02<\/td><td class=\"column-2\">Reglament regulador de la mobilitat professional per ra\u00f3 d'edat o salut en el cos de bombers del Consorci \/ Reglamento regulador de la movilidad profesional por raz\u00f3n de edad o salud en el cuerpo de bomberos del Consorcio<\/td><td class=\"column-3\"><a href=\"https:\/\/www.bombersdv.es\/wp-content\/uploads\/2020\/01\/reglamento-segunda-actividad.pdf\" rel=\"noopener\" target=\"_blank\">B.O.P.<\/a><\/td><td class=\"column-4\"><\/td><td class=\"column-5\">Art. 11 modificado<br \/>\nArt. 16 a\u00f1adido <br \/>\nAmbos por Plan de Reordenaci\u00f3n de la Segunda Actividad<\/td>\n<\/tr>\n<tr class=\"row-17\">\n\t<td class=\"column-1\">2022_09_19<\/td><td class=\"column-2\">Relaci\u00f3 de llocs de treball 2023 \/ Relaci\u00f3n Puestos de Trabajo 2023<\/td><td class=\"column-3\"><a href=\"https:\/\/www.bombersdv.es\/es\/portal-de-transparencia\/organizacion-administrativa-y-personal-v2\/relacion-de-puestos-de-trabajo-2022\/\">WEB (Cas)<\/a><\/td><td class=\"column-4\"><a href=\"https:\/\/www.bombersdv.es\/portal-de-transparencia\/organitzacio-administrativa-i-personal-2\/relacio-de-llocs-de-treball-2022\/\">WEB (Val)<\/a><\/td><td class=\"column-5\">En el enlace pueden consultarse versiones anteriores<\/td>\n<\/tr>\n<tr class=\"row-18\">\n\t<td class=\"column-1\">2016_07_03<\/td><td class=\"column-2\"> Reglament de Gesti\u00f3 de la Relaci\u00f3 de Llocs de Treball \/\/ Reglamento de Gesti\u00f3n de la Relaci\u00f3n de Puestos de Trabajo<\/td><td class=\"column-3\"><a href=\"https:\/\/www.bombersdv.es\/wp-content\/uploads\/2023\/02\/Reglamento-gestion-RPT.pdf\" rel=\"noopener\" target=\"_blank\">B.O.P.<\/a><\/td><td class=\"column-4\"><\/td><td class=\"column-5\"><\/td>\n<\/tr>\n<tr class=\"row-19\">\n\t<td class=\"column-1\">2022_09_19<\/td><td class=\"column-2\">Plantilla 2022  \/ Plantilla 2022<\/td><td class=\"column-3\"><a href=\"https:\/\/www.bombersdv.es\/es\/plantilla-del-consorcio\/\" rel=\"noopener\" target=\"_blank\">WEB (Cas)<\/a><br \/>\n<a href=\"https:\/\/www.bombersdv.es\/plantilla-del-consorcio\/\" rel=\"noopener\" target=\"_blank\">WEB (Val)<\/a><\/td><td class=\"column-4\"><\/td><td class=\"column-5\"><\/td>\n<\/tr>\n<tr class=\"row-20\">\n\t<td class=\"column-1\">2022_10_21<\/td><td class=\"column-2\">Ofertes d\u2019ocupaci\u00f3 p\u00fablica \/ Ofertas de empleo p\u00fablico<\/td><td class=\"column-3\"><a href=\"https:\/\/www.bombersdv.es\/es\/ofertas-de-empleo-publico\/\" rel=\"noopener\" target=\"_blank\">Web<\/a><\/td><td class=\"column-4\"><\/td><td class=\"column-5\"><\/td>\n<\/tr>\n<tr class=\"row-21\">\n\t<td class=\"column-1\">2022_12_14<\/td><td class=\"column-2\">Calendari laboral 2024 \/ Calendario laboral 2024<\/td><td class=\"column-3\"><a href=\"https:\/\/www.bombersdv.es\/es\/portal-de-lempleat\/gestio-rrhh\/calendario-laboral\/\" rel=\"noopener\" target=\"_blank\">WEB (Cas)<\/a><a href=\"https:\/\/www.bombersdv.es\/portal-de-lempleat\/gestio-rrhh\/calendari-laboral\/\" rel=\"noopener\" target=\"_blank\"><br \/>\nWEB (Val)<\/a><\/td><td class=\"column-4\"><\/td><td class=\"column-5\">En l'enlla\u00e7 es poden consultar els d'anys anteriors<\/td>\n<\/tr>\n<tr class=\"row-22\">\n\t<td class=\"column-1\">2022_11_14<\/td><td class=\"column-2\">Bases d'execuci\u00f3 del pressupost 2023 \/\/ Bases de ejecuci\u00f3n del presupuesto 2023<\/td><td class=\"column-3\"><a href=\"https:\/\/www.bombersdv.es\/wp-content\/uploads\/2023\/01\/6-Bases-de-ejecucion-del-presupuesto-Copia-autentica.pdf\" rel=\"noopener\" target=\"_blank\">PDF (Cas)<\/a><\/td><td class=\"column-4\"><a href=\"https:\/\/www.bombersdv.es\/wp-content\/uploads\/2023\/01\/6-Bases-d_execucio-del-pressupost-Copia-autentica.pdf\" rel=\"noopener\" target=\"_blank\">PDF (Val)<\/a><\/td><td class=\"column-5\"><\/td>\n<\/tr>\n<tr class=\"row-23\">\n\t<td class=\"column-1\">2023_11_28<\/td><td class=\"column-2\">Bases d'execuci\u00f3 del pressupost 2024 \/\/ Bases de ejecuci\u00f3n del presupuesto 2024<\/td><td class=\"column-3\"><a href=\"https:\/\/www.bombersdv.es\/wp-content\/uploads\/2023\/12\/6-Bases-de-ejecucion-Copia-autentica.pdf\" rel=\"noopener\" target=\"_blank\">PDF CAS<\/a><\/td><td class=\"column-4\"><a href=\"https:\/\/www.bombersdv.es\/wp-content\/uploads\/2023\/12\/Bases-dexecucio-Copia-autentica.pdf\">PDF VAL<\/a><\/td><td class=\"column-5\"><\/td>\n<\/tr>\n<tr class=\"row-24\">\n\t<td class=\"column-1\">2021_03_31<\/td><td class=\"column-2\">Pla de disposici\u00f3 de fons de Tresorer\u00eda \/\/ Plan de disposici\u00f3n de fondos de tesorer\u00eda<\/td><td class=\"column-3\"><a href=\"https:\/\/www.bombersdv.es\/wp-content\/uploads\/2021\/04\/bop-fondos-tesoreria.pdf\" rel=\"noopener\" target=\"_blank\">B.O.P.<\/a><\/td><td class=\"column-4\"><\/td><td class=\"column-5\"><\/td>\n<\/tr>\n<tr class=\"row-25\">\n\t<td class=\"column-1\">2020_06_02<\/td><td class=\"column-2\">Pol\u00edtica de Seguretat de la Informaci\u00f3 del Consorci \/\/  Pol\u00edtica de Seguridad de la Informaci\u00f3n del Consorcio<\/td><td class=\"column-3\"><a href=\"https:\/\/www.bombersdv.es\/wp-content\/uploads\/2020\/06\/Publicacion-BOP-104-2020-06-02-Politica-seg-Informacion.pdf\" rel=\"noopener\" target=\"_blank\">B.O.P.<\/a><\/td><td class=\"column-4\"><\/td><td class=\"column-5\"><\/td>\n<\/tr>\n<tr class=\"row-26\">\n\t<td class=\"column-1\">2023_04_21<\/td><td class=\"column-2\">I Plan de Igualdad 2022-2025<\/td><td class=\"column-3\"><a href=\"https:\/\/www.bombersdv.es\/wp-content\/uploads\/2023\/04\/I-PLAN-DE-IGUALDAD-BOMBERAS-OFICIAL-para-publicar.pdf\" rel=\"noopener\" target=\"_blank\">PDF<\/a><\/td><td class=\"column-4\"><\/td><td class=\"column-5\"><\/td>\n<\/tr>\n<tr class=\"row-27\">\n\t<td class=\"column-1\">2022_03_02<\/td><td class=\"column-2\">Protocol de Prevenci\u00f3 i Actuaci\u00f3 Aut\u00f2noma davant la Viol\u00e8ncia Laboral del Consorci\/ Protocolo de Prevenci\u00f3n y Actuaci\u00f3n Aut\u00f3noma ante la Violencia Laboral del Consorcio <\/td><td class=\"column-3\"><a href=\"https:\/\/www.bombersdv.es\/wp-content\/uploads\/2022\/03\/protocolo_prevencion_acoso_bop.pdf\" rel=\"noopener\" target=\"_blank\">BOP<\/a><\/td><td class=\"column-4\"><a href=\"https:\/\/www.bombersdv.es\/wp-content\/uploads\/2022\/03\/Envio-TRANSPARENCIA-Y-PROTECCION-DE-DATOS-Copia-autentica-4.pdf\" rel=\"noopener\" target=\"_blank\">Decreto<\/a><\/td><td class=\"column-5\"><\/td>\n<\/tr>\n<tr class=\"row-28\">\n\t<td class=\"column-1\">2020_09_15<\/td><td class=\"column-2\">Creaci\u00f3 de l\u2019Oficina d\u2019Assist\u00e8ncia en Mat\u00e8ria de Registre del Consorci \/\/ Creaci\u00f3n de la Oficina de Asistencia en Materia de Registro del Consorcio<\/td><td class=\"column-3\"><a href=\"http:\/\/Creaci\u00f3n de la Oficina de Asistencia en Materia de Registro del Consorci\" rel=\"noopener\" target=\"_blank\">B.O.P.<\/a><\/td><td class=\"column-4\"><\/td><td class=\"column-5\"><\/td>\n<\/tr>\n<tr class=\"row-29\">\n\t<td class=\"column-1\">2021_01_18<\/td><td class=\"column-2\">Nomenament de funcionaris habilitats per a l\u2019assist\u00e8ncia en l\u2019\u00fas de mitjans electr\u00f2nics als interessats i expedici\u00f3 de c\u00f2pies aut\u00e8ntiques dels documents p\u00fablics administratius o privats \/\/ Nombramiento de funcionarios habilitados para la asistencia en el uso de medios electr\u00f3nicos a los interesados y expedici\u00f3n de copias aut\u00e9nticas de los documentos p\u00fablicos administrativos o privados<\/td><td class=\"column-3\"><a href=\"https:\/\/www.bombersdv.es\/wp-content\/uploads\/2021\/01\/publicacion-BOP-decreto-funcionarios-habilitados.pdf\" rel=\"noopener\" target=\"_blank\">B.O.P.<\/a><\/td><td class=\"column-4\"><\/td><td class=\"column-5\"><\/td>\n<\/tr>\n<tr class=\"row-30\">\n\t<td class=\"column-1\">2017_10_20<\/td><td class=\"column-2\">Modificaci\u00f3 del conveni col\u00b7lectiu de treball de l'empresa Divalterra, S.A. \/ Modificaci\u00f3n del convenio colectivo de trabajo de la empresa Divalterra, S.A.<\/td><td class=\"column-3\"><a href=\"https:\/\/www.bombersdv.es\/wp-content\/uploads\/2022\/03\/modificacion-convenio-colectivo-divalterra.pdf\">B.O.P.<\/a><\/td><td class=\"column-4\"><\/td><td class=\"column-5\">No vigente (Abril 2026) Nuevo convenio disponible en esta misma relaci\u00f3n.<\/td>\n<\/tr>\n<tr class=\"row-31\">\n\t<td class=\"column-1\">2015_08_07<\/td><td class=\"column-2\">Conveni col\u00b7lectiu de treball de l'empresa Divalterra, S.A. (abans IMELSA) \/ Convenio colectivo de trabajo de la empresa Divalterra, S.A. (antes IMELSA)<\/td><td class=\"column-3\"><a href=\"https:\/\/www.bombersdv.es\/wp-content\/uploads\/2022\/03\/convenio-colectivo-divalterra.pdf\">B.O.P.<\/a><\/td><td class=\"column-4\"><\/td><td class=\"column-5\">No vigente (Abril 2026) Nuevo convenio disponible en esta misma relaci\u00f3n.<\/td>\n<\/tr>\n<tr class=\"row-32\">\n\t<td class=\"column-1\">2002_05_24<\/td><td class=\"column-2\">Conveni col\u00b7lectiu personal laboral (empleat p\u00fablic) \/ Convenio colectivo personal laboral (empleado p\u00fablico)<\/td><td class=\"column-3\"><a href=\"https:\/\/www.bombersdv.es\/wp-content\/uploads\/2022\/12\/convenio-colectivo-personal-laboral-2002.pdf\" rel=\"noopener\" target=\"_blank\">B.O.P.<\/a><\/td><td class=\"column-4\"><\/td><td class=\"column-5\">No vigente (Abril 2026) Nuevo acuerdo disponible en esta misma relaci\u00f3n.<\/td>\n<\/tr>\n<tr class=\"row-33\">\n\t<td class=\"column-1\">2024_06_26<\/td><td class=\"column-2\">Inventari activitats de tractament de dades personals   \/ Inventario actividades de tratamiento de datos personales<\/td><td class=\"column-3\"><a href=\"https:\/\/www.bombersdv.es\/es\/portal-de-transparencia\/inventario-de-actividades-de-tratamiento\/\" rel=\"noopener\" target=\"_blank\">Web<\/a><\/td><td class=\"column-4\"><\/td><td class=\"column-5\"><\/td>\n<\/tr>\n<tr class=\"row-34\">\n\t<td class=\"column-1\">2009_03_18<\/td><td class=\"column-2\">Reglament de funcionament de la Comissi\u00f3 de Formaci\u00f3 del Consorci \/\/ Reglamento de Funcionamiento de la Comsi\u00f3n de Formci\u00f3n del Consorcio<\/td><td class=\"column-3\"><a href=\"https:\/\/www.bombersdv.es\/wp-content\/uploads\/2019\/09\/Reglamento-Comisi%C3%B3n-Formaci%C3%B3n.pdf\" rel=\"noopener\" target=\"_blank\">BOP<\/a><\/td><td class=\"column-4\"><\/td><td class=\"column-5\"><\/td>\n<\/tr>\n<tr class=\"row-35\">\n\t<td class=\"column-1\">2024_07_16<\/td><td class=\"column-2\">Pol\u00edtica de gesti\u00f3n documental de la Diputaci\u00f3n Provincial de Val\u00e8ncia<\/td><td class=\"column-3\"><a href=\"https:\/\/www.bombersdv.es\/wp-content\/uploads\/2024\/10\/POLITICA-GESTION-DOCUMENTAL.pdf\" rel=\"noopener\" target=\"_blank\">PDF<\/a><\/td><td class=\"column-4\"><\/td><td class=\"column-5\">De aplicaci\u00f3n al Consorcio<\/td>\n<\/tr>\n<tr class=\"row-36\">\n\t<td class=\"column-1\">2024_07_16<\/td><td class=\"column-2\">Pol\u00edtica de gesti\u00f3n documental de la Diputaci\u00f3n Provincial de Val\u00e8ncia; Anexo 01 Programas de gesti\u00f3n documental existentes en la Diputaci\u00f3n de Valencia<\/td><td class=\"column-3\"><a href=\"https:\/\/www.bombersdv.es\/wp-content\/uploads\/2024\/10\/01_ANEXO.pdf\" rel=\"noopener\" target=\"_blank\">PDF<\/a><\/td><td class=\"column-4\"><\/td><td class=\"column-5\">De aplicaci\u00f3n al Consorcio<\/td>\n<\/tr>\n<tr class=\"row-37\">\n\t<td class=\"column-1\">2024_07_16<\/td><td class=\"column-2\">Pol\u00edtica de gesti\u00f3n documental de la Diputaci\u00f3n Provincial de Val\u00e8ncia Anexo 02 Cuadro de clasificaci\u00f3n funcional<\/td><td class=\"column-3\"><a href=\"https:\/\/www.bombersdv.es\/wp-content\/uploads\/2024\/10\/02_ANEXO.pdf\" rel=\"noopener\" target=\"_blank\">PDF<\/a><\/td><td class=\"column-4\"><\/td><td class=\"column-5\">De aplicaci\u00f3n al Consorcio<\/td>\n<\/tr>\n<tr class=\"row-38\">\n\t<td class=\"column-1\">2024_07_16<\/td><td class=\"column-2\">Pol\u00edtica de gesti\u00f3n documental de la Diputaci\u00f3n Provincial de Val\u00e8ncia Anexo  03 Perfil de aplicaci\u00f3n de metadatos de la Diputaci\u00f3n de Valencia<\/td><td class=\"column-3\"><a href=\"https:\/\/www.bombersdv.es\/wp-content\/uploads\/2024\/10\/03_ANEXO.pdf\" rel=\"noopener\" target=\"_blank\">PDF<\/a><\/td><td class=\"column-4\"><\/td><td class=\"column-5\">De aplicaci\u00f3n al Consorcio<\/td>\n<\/tr>\n<tr class=\"row-39\">\n\t<td class=\"column-1\">2024_07_16<\/td><td class=\"column-2\">Pol\u00edtica de gesti\u00f3n documental de la Diputaci\u00f3n Provincial de Val\u00e8ncia Anexo 04 Requisitos t\u00e9cnicos m\u00ednimos recomendados de los documentos digitalizados para la tramitaci\u00f3n administrativa<\/td><td class=\"column-3\"><a href=\"https:\/\/www.bombersdv.es\/wp-content\/uploads\/2024\/10\/04_ANEXO.pdf\" rel=\"noopener\" target=\"_blank\">PDF<\/a><\/td><td class=\"column-4\"><\/td><td class=\"column-5\">De aplicaci\u00f3n al Consorcio<\/td>\n<\/tr>\n<tr class=\"row-40\">\n\t<td class=\"column-1\">2024_07_16<\/td><td class=\"column-2\">Pol\u00edtica de gesti\u00f3n documental de la Diputaci\u00f3n Provincial de Val\u00e8ncia Anexo 05 Los sistemas de firma electr\u00f3nica de documentos utilizados en la Diputaci\u00f3n de Valencia<\/td><td class=\"column-3\"><a href=\"https:\/\/www.bombersdv.es\/wp-content\/uploads\/2024\/10\/05_ANEXO.pdf\" rel=\"noopener\" target=\"_blank\">PDF<\/a><\/td><td class=\"column-4\"><\/td><td class=\"column-5\">De aplicaci\u00f3n al Consorcio<\/td>\n<\/tr>\n<tr class=\"row-41\">\n\t<td class=\"column-1\">2024_07_16<\/td><td class=\"column-2\"> Pol\u00edtica de gesti\u00f3n documental de la Diputaci\u00f3n Provincial de Val\u00e8ncia Anexo 06 Proceso de captura y preparaci\u00f3n de la documentaci\u00f3n a digitalizar <\/td><td class=\"column-3\"><a href=\"https:\/\/www.bombersdv.es\/wp-content\/uploads\/2024\/10\/06_ANEXO.pdf\" rel=\"noopener\" target=\"_blank\">PDF<\/a><\/td><td class=\"column-4\"><\/td><td class=\"column-5\">De aplicaci\u00f3n al Consorcio<\/td>\n<\/tr>\n<tr class=\"row-42\">\n\t<td class=\"column-1\">2024_07_16<\/td><td class=\"column-2\">Pol\u00edtica de gesti\u00f3n documental de la Diputaci\u00f3n Provincial de Val\u00e8ncia; diligencia aprobaci\u00f3n<\/td><td class=\"column-3\"><a href=\"https:\/\/www.bombersdv.es\/wp-content\/uploads\/2024\/10\/cl_documento-3_DILIGENCIA.pdf\" rel=\"noopener\" target=\"_blank\">PDF<\/a><\/td><td class=\"column-4\"><\/td><td class=\"column-5\">De aplicaci\u00f3n al Consorcio<\/td>\n<\/tr>\n<tr class=\"row-43\">\n\t<td class=\"column-1\">2025_01_01<\/td><td class=\"column-2\">Bases d'execuci\u00f3 del pressupost 2025 \/\/ Bases de ejecuci\u00f3n del presupuesto 2025<\/td><td class=\"column-3\"><a href=\"https:\/\/www.bombersdv.es\/wp-content\/uploads\/2024\/12\/6-Bases-de-ejecucion-Copia-autentica.pdf\" rel=\"noopener\" target=\"_blank\">PDF CAS<\/a><\/td><td class=\"column-4\"><a href=\"https:\/\/www.bombersdv.es\/wp-content\/uploads\/2024\/12\/6-Bases-dexecucio-Copia-autentica.pdf\" rel=\"noopener\" target=\"_blank\">PDF VAL<\/a><\/td><td class=\"column-5\"><\/td>\n<\/tr>\n<tr class=\"row-44\">\n\t<td class=\"column-1\">2025_05_14<\/td><td class=\"column-2\">Actualitzaci\u00f3 de l\u2019organigrama dels Serveis Administratius del Consorci \/\/ Actualizaci\u00f3n del organigrama de los Servicios Administrativos del Consorcio<br \/>\n<\/td><td class=\"column-3\"><a href=\"https:\/\/www.bombersdv.es\/wp-content\/uploads\/2025\/06\/2025_RHG_S380_00001-Decreto-Copia-autentica-2.pdf\" rel=\"noopener\" target=\"_blank\">PDF<\/a><\/td><td class=\"column-4\"><\/td><td class=\"column-5\">Decreto 2025\/00725<\/td>\n<\/tr>\n<tr class=\"row-45\">\n\t<td class=\"column-1\">2026_04_23<\/td><td class=\"column-2\">Conveni col\u00b7lectiu de treball del personal laboral del Consorci \/\/ Convenio colectivo de trabajo del personal laboral del Consorcio<\/td><td class=\"column-3\"><a href=\"https:\/\/www.bombersdv.es\/wp-content\/uploads\/2026\/04\/2026_04382_ES.pdf\" rel=\"noopener\" target=\"_blank\">BOP Val\u00e8ncia 29\/04\/2026<\/a><\/td><td class=\"column-4\"><\/td><td class=\"column-5\">Abril 2026. Anteriores disponibles en esta misma relaci\u00f3n.<\/td>\n<\/tr>\n<tr class=\"row-46\">\n\t<td class=\"column-1\">2026_04_29<\/td><td class=\"column-2\">  Acord sobre condicions de treball del personal empleat p\u00fablic al servici del Consorci  \/\/ Acuerdo sobre condiciones de trabajo del personal empleado p\u00fablico al servicio del Consorcio<\/td><td class=\"column-3\"><a href=\"https:\/\/www.bombersdv.es\/wp-content\/uploads\/2026\/04\/2026_04366_ES.pdf\" rel=\"noopener\" target=\"_blank\">BOP Val\u00e8ncia 23\/04\/2026<\/a><\/td><td class=\"column-4\"><\/td><td class=\"column-5\">Abril 2026. Anteriores disponibles en esta misma relaci\u00f3n.<\/td>\n<\/tr>\n<\/tbody>\n<\/table>\n<!-- #tablepress-81 from cache -->\n","protected":false},"excerpt":{"rendered":"","protected":false},"author":183,"featured_media":0,"parent":66955,"menu_order":0,"comment_status":"closed","ping_status":"closed","template":"","meta":{"footnotes":""},"class_list":["post-66999","page","type-page","status-publish","hentry"],"_links":{"self":[{"href":"https:\/\/www.bombersdv.es\/es\/wp-json\/wp\/v2\/pages\/66999"}],"collection":[{"href":"https:\/\/www.bombersdv.es\/es\/wp-json\/wp\/v2\/pages"}],"about":[{"href":"https:\/\/www.bombersdv.es\/es\/wp-json\/wp\/v2\/types\/page"}],"author":[{"embeddable":true,"href":"https:\/\/www.bombersdv.es\/es\/wp-json\/wp\/v2\/users\/183"}],"replies":[{"embeddable":true,"href":"https:\/\/www.bombersdv.es\/es\/wp-json\/wp\/v2\/comments?post=66999"}],"version-history":[{"count":1,"href":"https:\/\/www.bombersdv.es\/es\/wp-json\/wp\/v2\/pages\/66999\/revisions"}],"predecessor-version":[{"id":67000,"href":"https:\/\/www.bombersdv.es\/es\/wp-json\/wp\/v2\/pages\/66999\/revisions\/67000"}],"up":[{"embeddable":true,"href":"https:\/\/www.bombersdv.es\/es\/wp-json\/wp\/v2\/pages\/66955"}],"wp:attachment":[{"href":"https:\/\/www.bombersdv.es\/es\/wp-json\/wp\/v2\/media?parent=66999"}],"curies":[{"name":"wp","href":"https:\/\/api.w.org\/{rel}","templated":true}]}}